{"id":8372,"date":"2022-08-30T16:38:07","date_gmt":"2022-08-30T15:38:07","guid":{"rendered":"https:\/\/cps.es\/projets\/"},"modified":"2025-07-16T12:54:01","modified_gmt":"2025-07-16T10:54:01","slug":"projets","status":"publish","type":"page","link":"https:\/\/cps.es\/fr\/projets\/","title":{"rendered":"Projets"},"content":{"rendered":"\t\t<div data-elementor-type=\"wp-page\" data-elementor-id=\"8372\" class=\"elementor elementor-8372 elementor-435\" data-elementor-post-type=\"page\">\n\t\t\t\t\t\t<div class=\"elementor-section elementor-top-section elementor-element elementor-element-6afa99b0 elementor-section-boxed elementor-section-height-default elementor-section-height-default\" data-id=\"6afa99b0\" data-element_type=\"section\" data-e-type=\"section\" id=\"scroll\">\n\t\t\t\t\t\t<div class=\"elementor-container elementor-column-gap-default\">\n\t\t\t\t\t<div class=\"elementor-column elementor-col-100 elementor-top-column elementor-element elementor-element-4964ec6a\" data-id=\"4964ec6a\" data-element_type=\"column\" data-e-type=\"column\">\n\t\t\t<div class=\"elementor-widget-wrap elementor-element-populated\">\n\t\t\t\t\t\t<div class=\"elementor-element elementor-element-102a53be elementor-widget__width-initial elementor-widget elementor-widget-heading\" data-id=\"102a53be\" data-element_type=\"widget\" data-e-type=\"widget\" data-widget_type=\"heading.default\">\n\t\t\t\t<div class=\"elementor-widget-container\">\n\t\t\t\t\t<h1 class=\"elementor-heading-title elementor-size-default\">Notre exp\u00e9rience<\/h1>\t\t\t\t<\/div>\n\t\t\t\t<\/div>\n\t\t\t\t<div class=\"elementor-element elementor-element-cfc551a elementor-widget elementor-widget-spacer\" data-id=\"cfc551a\" data-element_type=\"widget\" data-e-type=\"widget\" data-widget_type=\"spacer.default\">\n\t\t\t\t<div class=\"elementor-widget-container\">\n\t\t\t\t\t\t\t<div class=\"elementor-spacer\">\n\t\t\t<div class=\"elementor-spacer-inner\"><\/div>\n\t\t<\/div>\n\t\t\t\t\t\t<\/div>\n\t\t\t\t<\/div>\n\t\t\t\t\t<\/div>\n\t\t<\/div>\n\t\t\t\t\t<\/div>\n\t\t<\/div>\n\t\t\t\t<section class=\"elementor-section elementor-top-section elementor-element elementor-element-c2ab1cd elementor-section-height-min-height elementor-section-stretched elementor-section-boxed elementor-section-height-default elementor-section-items-middle\" data-id=\"c2ab1cd\" data-element_type=\"section\" data-e-type=\"section\" data-settings=\"{&quot;stretch_section&quot;:&quot;section-stretched&quot;}\">\n\t\t\t\t\t\t<div class=\"elementor-container elementor-column-gap-custom\">\n\t\t\t\t\t<div class=\"elementor-column elementor-col-100 elementor-top-column elementor-element elementor-element-4df578e\" data-id=\"4df578e\" data-element_type=\"column\" data-e-type=\"column\">\n\t\t\t<div class=\"elementor-widget-wrap elementor-element-populated\">\n\t\t\t\t\t\t<div class=\"elementor-element elementor-element-2f0da27 elementor-grid-4 elementor-grid-tablet-2 elementor-grid-mobile-1 elementor-invisible elementor-widget elementor-widget-portfolio\" data-id=\"2f0da27\" data-element_type=\"widget\" data-e-type=\"widget\" data-settings=\"{&quot;row_gap&quot;:{&quot;unit&quot;:&quot;px&quot;,&quot;size&quot;:15,&quot;sizes&quot;:[]},&quot;_animation&quot;:&quot;fadeInUp&quot;,&quot;columns&quot;:&quot;4&quot;,&quot;columns_tablet&quot;:&quot;2&quot;,&quot;columns_mobile&quot;:&quot;1&quot;,&quot;item_ratio&quot;:{&quot;unit&quot;:&quot;px&quot;,&quot;size&quot;:0.66,&quot;sizes&quot;:[]},&quot;item_gap&quot;:{&quot;unit&quot;:&quot;px&quot;,&quot;size&quot;:&quot;&quot;,&quot;sizes&quot;:[]}}\" data-widget_type=\"portfolio.default\">\n\t\t\t\t<div class=\"elementor-widget-container\">\n\t\t\t\t\t\t\t<ul class=\"elementor-portfolio__filters\">\n\t\t\t<li class=\"elementor-portfolio__filter elementor-active\" tabindex=\"0\" data-filter=\"__all\">All<\/li>\n\t\t\t\t\t\t\t<li class=\"elementor-portfolio__filter\" tabindex=\"0\" data-filter=\"117\">1. Transport<\/li>\n\t\t\t\t\t\t\t<li class=\"elementor-portfolio__filter\" tabindex=\"0\" data-filter=\"115\">2. Civil<\/li>\n\t\t\t\t\t\t\t<li class=\"elementor-portfolio__filter\" tabindex=\"0\" data-filter=\"112\">3. Architecture<\/li>\n\t\t\t\t\t\t\t<li class=\"elementor-portfolio__filter\" tabindex=\"0\" data-filter=\"119\">4. Installations et ITS<\/li>\n\t\t\t\t\t\t\t<li class=\"elementor-portfolio__filter\" tabindex=\"0\" data-filter=\"121\">5. International<\/li>\n\t\t\t\t\t\t\t<li class=\"elementor-portfolio__filter\" tabindex=\"0\" data-filter=\"191\">Mobilit\u00e9<\/li>\n\t\t\t\t\t<\/ul>\n\t\t\t\t<div class=\"elementor-portfolio elementor-grid elementor-posts-container\" role=\"list\">\n\t\t\t\t<article class=\"elementor-portfolio-item elementor-post elementor-filter-119 post-9444 portfolio type-portfolio status-publish has-post-thumbnail hentry portfolio_category-instalaciones-fr\" role=\"listitem\">\n\t\t\t<a class=\"elementor-post__thumbnail__link\" href=\"https:\/\/cps.es\/fr\/portfolio\/systemes-de-transport-intelligents-sti-dans-les-zones-interurbaines\/\">\n\t\t\t\t<div class=\"elementor-portfolio-item__img elementor-post__thumbnail\">\n\t\t\t<img fetchpriority=\"high\" decoding=\"async\" width=\"1000\" height=\"521\" src=\"https:\/\/cps.es\/wp-content\/uploads\/2023\/02\/01-its-centros-control-trafico-valencia-madrid-1024x533.webp\" class=\"attachment-large size-large wp-image-8312\" alt=\"\" srcset=\"https:\/\/cps.es\/wp-content\/uploads\/2023\/02\/01-its-centros-control-trafico-valencia-madrid-1024x533.webp 1024w, https:\/\/cps.es\/wp-content\/uploads\/2023\/02\/01-its-centros-control-trafico-valencia-madrid-300x156.webp 300w, https:\/\/cps.es\/wp-content\/uploads\/2023\/02\/01-its-centros-control-trafico-valencia-madrid-768x400.webp 768w, https:\/\/cps.es\/wp-content\/uploads\/2023\/02\/01-its-centros-control-trafico-valencia-madrid-650x338.webp 650w, https:\/\/cps.es\/wp-content\/uploads\/2023\/02\/01-its-centros-control-trafico-valencia-madrid.webp 1208w\" sizes=\"(max-width: 1000px) 100vw, 1000px\" \/>\t\t<\/div>\n\t\t\t\t<div class=\"elementor-portfolio-item__overlay\">\n\t\t\t\t<h3 class=\"elementor-portfolio-item__title\">\n\t\tSyst\u00e8mes de transport intelligents (STI) dans les zones interurbaines\t\t<\/h3>\n\t\t\t\t<\/div>\n\t\t\t\t<\/a>\n\t\t<\/article>\n\t\t\t\t<article class=\"elementor-portfolio-item elementor-post elementor-filter-191 post-18397 portfolio type-portfolio status-publish has-post-thumbnail hentry portfolio_category-mobilite\" role=\"listitem\">\n\t\t\t<a class=\"elementor-post__thumbnail__link\" href=\"https:\/\/cps.es\/fr\/portfolio\/plan-de-capacite-de-trafic-de-la-communaute-autonome-de-navarre\/\">\n\t\t\t\t<div class=\"elementor-portfolio-item__img elementor-post__thumbnail\">\n\t\t\t<img decoding=\"async\" width=\"683\" height=\"455\" src=\"https:\/\/cps.es\/wp-content\/uploads\/2026\/03\/plan-de-aforos-de-navarra.jpg\" class=\"attachment-large size-large wp-image-18387\" alt=\"\" srcset=\"https:\/\/cps.es\/wp-content\/uploads\/2026\/03\/plan-de-aforos-de-navarra.jpg 683w, https:\/\/cps.es\/wp-content\/uploads\/2026\/03\/plan-de-aforos-de-navarra-300x200.jpg 300w, https:\/\/cps.es\/wp-content\/uploads\/2026\/03\/plan-de-aforos-de-navarra-650x433.jpg 650w\" sizes=\"(max-width: 683px) 100vw, 683px\" \/>\t\t<\/div>\n\t\t\t\t<div class=\"elementor-portfolio-item__overlay\">\n\t\t\t\t<h3 class=\"elementor-portfolio-item__title\">\n\t\tPlan de capacit\u00e9 de trafic de la Communaut\u00e9 autonome de Navarre\t\t<\/h3>\n\t\t\t\t<\/div>\n\t\t\t\t<\/a>\n\t\t<\/article>\n\t\t\t\t<article class=\"elementor-portfolio-item elementor-post elementor-filter-115 post-9213 portfolio type-portfolio status-publish has-post-thumbnail hentry portfolio_category-civil-obras-lineales-fr\" role=\"listitem\">\n\t\t\t<a class=\"elementor-post__thumbnail__link\" href=\"https:\/\/cps.es\/fr\/portfolio\/elargissement-a-trois-voies-du-troncon-carraixet-valence-autoroute-v-21\/\">\n\t\t\t\t<div class=\"elementor-portfolio-item__img elementor-post__thumbnail\">\n\t\t\t<img decoding=\"async\" width=\"1000\" height=\"750\" src=\"https:\/\/cps.es\/wp-content\/uploads\/2022\/09\/V21-1024x768.webp\" class=\"attachment-large size-large wp-image-7430\" alt=\"\" srcset=\"https:\/\/cps.es\/wp-content\/uploads\/2022\/09\/V21-1024x768.webp 1024w, https:\/\/cps.es\/wp-content\/uploads\/2022\/09\/V21-300x225.webp 300w, https:\/\/cps.es\/wp-content\/uploads\/2022\/09\/V21-768x576.webp 768w, https:\/\/cps.es\/wp-content\/uploads\/2022\/09\/V21-650x488.webp 650w, https:\/\/cps.es\/wp-content\/uploads\/2022\/09\/V21.webp 1200w\" sizes=\"(max-width: 1000px) 100vw, 1000px\" \/>\t\t<\/div>\n\t\t\t\t<div class=\"elementor-portfolio-item__overlay\">\n\t\t\t\t<h3 class=\"elementor-portfolio-item__title\">\n\t\t\u00c9largissement \u00e0 trois voies du tron\u00e7on Carraixet &#8211; Valence. Autoroute V-21\t\t<\/h3>\n\t\t\t\t<\/div>\n\t\t\t\t<\/a>\n\t\t<\/article>\n\t\t\t\t<article class=\"elementor-portfolio-item elementor-post elementor-filter-115 post-9304 portfolio type-portfolio status-publish has-post-thumbnail hentry portfolio_category-civil-obras-lineales-fr\" role=\"listitem\">\n\t\t\t<a class=\"elementor-post__thumbnail__link\" href=\"https:\/\/cps.es\/fr\/portfolio\/adaptation-environnementale-de-els-estanys-de-almenara\/\">\n\t\t\t\t<div class=\"elementor-portfolio-item__img elementor-post__thumbnail\">\n\t\t\t<img loading=\"lazy\" decoding=\"async\" width=\"978\" height=\"621\" src=\"https:\/\/cps.es\/wp-content\/uploads\/2023\/01\/01-adecuacion-ambiental-marjal-almenara.webp\" class=\"attachment-large size-large wp-image-8048\" alt=\"\" srcset=\"https:\/\/cps.es\/wp-content\/uploads\/2023\/01\/01-adecuacion-ambiental-marjal-almenara.webp 978w, https:\/\/cps.es\/wp-content\/uploads\/2023\/01\/01-adecuacion-ambiental-marjal-almenara-300x190.webp 300w, https:\/\/cps.es\/wp-content\/uploads\/2023\/01\/01-adecuacion-ambiental-marjal-almenara-768x488.webp 768w, https:\/\/cps.es\/wp-content\/uploads\/2023\/01\/01-adecuacion-ambiental-marjal-almenara-650x413.webp 650w\" sizes=\"(max-width: 978px) 100vw, 978px\" \/>\t\t<\/div>\n\t\t\t\t<div class=\"elementor-portfolio-item__overlay\">\n\t\t\t\t<h3 class=\"elementor-portfolio-item__title\">\n\t\tAdaptation environnementale de &#8220;Els Estanys de Almenara&#8221;.\t\t<\/h3>\n\t\t\t\t<\/div>\n\t\t\t\t<\/a>\n\t\t<\/article>\n\t\t\t\t<article class=\"elementor-portfolio-item elementor-post elementor-filter-191 post-18497 portfolio type-portfolio status-publish has-post-thumbnail hentry portfolio_category-mobilite\" role=\"listitem\">\n\t\t\t<a class=\"elementor-post__thumbnail__link\" href=\"https:\/\/cps.es\/fr\/portfolio\/plan-devaluation-du-reseau-routier-dibiza\/\">\n\t\t\t\t<div class=\"elementor-portfolio-item__img elementor-post__thumbnail\">\n\t\t\t<img loading=\"lazy\" decoding=\"async\" width=\"864\" height=\"486\" src=\"https:\/\/cps.es\/wp-content\/uploads\/2026\/03\/02_Plan-de-Aforos-de-Ibiza.jpg\" class=\"attachment-large size-large wp-image-18489\" alt=\"\" srcset=\"https:\/\/cps.es\/wp-content\/uploads\/2026\/03\/02_Plan-de-Aforos-de-Ibiza.jpg 864w, https:\/\/cps.es\/wp-content\/uploads\/2026\/03\/02_Plan-de-Aforos-de-Ibiza-300x169.jpg 300w, https:\/\/cps.es\/wp-content\/uploads\/2026\/03\/02_Plan-de-Aforos-de-Ibiza-768x432.jpg 768w, https:\/\/cps.es\/wp-content\/uploads\/2026\/03\/02_Plan-de-Aforos-de-Ibiza-650x366.jpg 650w\" sizes=\"(max-width: 864px) 100vw, 864px\" \/>\t\t<\/div>\n\t\t\t\t<div class=\"elementor-portfolio-item__overlay\">\n\t\t\t\t<h3 class=\"elementor-portfolio-item__title\">\n\t\tPlan d&#8217;\u00e9valuation du r\u00e9seau routier d&#8217;Ibiza\t\t<\/h3>\n\t\t\t\t<\/div>\n\t\t\t\t<\/a>\n\t\t<\/article>\n\t\t\t\t<article class=\"elementor-portfolio-item elementor-post elementor-filter-117 elementor-filter-112 elementor-filter-121 post-9273 portfolio type-portfolio status-publish has-post-thumbnail hentry portfolio_category-transportes-fr portfolio_category-arquitectura-fr portfolio_category-internacional-fr\" role=\"listitem\">\n\t\t\t<a class=\"elementor-post__thumbnail__link\" href=\"https:\/\/cps.es\/fr\/portfolio\/amelioration-physique-et-operationnelle-de-la-station-plaza-de-flores-du-metropolitano\/\">\n\t\t\t\t<div class=\"elementor-portfolio-item__img elementor-post__thumbnail\">\n\t\t\t<img loading=\"lazy\" decoding=\"async\" width=\"1000\" height=\"581\" src=\"https:\/\/cps.es\/wp-content\/uploads\/2023\/01\/02-mejoramiento-fisico-operacional-estacion-plaza-flores-metropolitano-lima.webp\" class=\"attachment-large size-large wp-image-7954\" alt=\"\" srcset=\"https:\/\/cps.es\/wp-content\/uploads\/2023\/01\/02-mejoramiento-fisico-operacional-estacion-plaza-flores-metropolitano-lima.webp 1000w, https:\/\/cps.es\/wp-content\/uploads\/2023\/01\/02-mejoramiento-fisico-operacional-estacion-plaza-flores-metropolitano-lima-300x174.webp 300w, https:\/\/cps.es\/wp-content\/uploads\/2023\/01\/02-mejoramiento-fisico-operacional-estacion-plaza-flores-metropolitano-lima-768x446.webp 768w, https:\/\/cps.es\/wp-content\/uploads\/2023\/01\/02-mejoramiento-fisico-operacional-estacion-plaza-flores-metropolitano-lima-650x378.webp 650w\" sizes=\"(max-width: 1000px) 100vw, 1000px\" \/>\t\t<\/div>\n\t\t\t\t<div class=\"elementor-portfolio-item__overlay\">\n\t\t\t\t<h3 class=\"elementor-portfolio-item__title\">\n\t\tAm\u00e9lioration physique et op\u00e9rationnelle de la station Plaza de Flores du Metropolitano.\t\t<\/h3>\n\t\t\t\t<\/div>\n\t\t\t\t<\/a>\n\t\t<\/article>\n\t\t\t\t<article class=\"elementor-portfolio-item elementor-post elementor-filter-117 post-9318 portfolio type-portfolio status-publish has-post-thumbnail hentry portfolio_category-transportes-fr\" role=\"listitem\">\n\t\t\t<a class=\"elementor-post__thumbnail__link\" href=\"https:\/\/cps.es\/fr\/portfolio\/plans-daction-urbains-municipaux\/\">\n\t\t\t\t<div class=\"elementor-portfolio-item__img elementor-post__thumbnail\">\n\t\t\t<img loading=\"lazy\" decoding=\"async\" width=\"1000\" height=\"694\" src=\"https:\/\/cps.es\/wp-content\/uploads\/2023\/01\/02-plan-urbano-accion-municipal-puam-.webp\" class=\"attachment-large size-large wp-image-8076\" alt=\"\" srcset=\"https:\/\/cps.es\/wp-content\/uploads\/2023\/01\/02-plan-urbano-accion-municipal-puam-.webp 1000w, https:\/\/cps.es\/wp-content\/uploads\/2023\/01\/02-plan-urbano-accion-municipal-puam--300x208.webp 300w, https:\/\/cps.es\/wp-content\/uploads\/2023\/01\/02-plan-urbano-accion-municipal-puam--768x533.webp 768w, https:\/\/cps.es\/wp-content\/uploads\/2023\/01\/02-plan-urbano-accion-municipal-puam--650x451.webp 650w\" sizes=\"(max-width: 1000px) 100vw, 1000px\" \/>\t\t<\/div>\n\t\t\t\t<div class=\"elementor-portfolio-item__overlay\">\n\t\t\t\t<h3 class=\"elementor-portfolio-item__title\">\n\t\tPlans d&#8217;action urbains municipaux\t\t<\/h3>\n\t\t\t\t<\/div>\n\t\t\t\t<\/a>\n\t\t<\/article>\n\t\t\t\t<article class=\"elementor-portfolio-item elementor-post  post-9392 portfolio type-portfolio status-publish has-post-thumbnail hentry\" role=\"listitem\">\n\t\t\t<a class=\"elementor-post__thumbnail__link\" href=\"https:\/\/cps.es\/fr\/portfolio\/strategie-de-securite-routiere-pour-la-communaute-de-madrid-2021-2030-2\/\">\n\t\t\t\t<div class=\"elementor-portfolio-item__img elementor-post__thumbnail\">\n\t\t\t<img loading=\"lazy\" decoding=\"async\" width=\"1000\" height=\"696\" src=\"https:\/\/cps.es\/wp-content\/uploads\/2023\/01\/01-apoyo-tecnico-servicio-seguridad-vial-diputacion-valencia.webp\" class=\"attachment-large size-large wp-image-8190\" alt=\"\" srcset=\"https:\/\/cps.es\/wp-content\/uploads\/2023\/01\/01-apoyo-tecnico-servicio-seguridad-vial-diputacion-valencia.webp 1000w, https:\/\/cps.es\/wp-content\/uploads\/2023\/01\/01-apoyo-tecnico-servicio-seguridad-vial-diputacion-valencia-300x209.webp 300w, https:\/\/cps.es\/wp-content\/uploads\/2023\/01\/01-apoyo-tecnico-servicio-seguridad-vial-diputacion-valencia-768x535.webp 768w, https:\/\/cps.es\/wp-content\/uploads\/2023\/01\/01-apoyo-tecnico-servicio-seguridad-vial-diputacion-valencia-650x452.webp 650w\" sizes=\"(max-width: 1000px) 100vw, 1000px\" \/>\t\t<\/div>\n\t\t\t\t<div class=\"elementor-portfolio-item__overlay\">\n\t\t\t\t<h3 class=\"elementor-portfolio-item__title\">\n\t\tStrat\u00e9gie de s\u00e9curit\u00e9 routi\u00e8re pour la Communaut\u00e9 de Madrid 2021-2030\t\t<\/h3>\n\t\t\t\t<\/div>\n\t\t\t\t<\/a>\n\t\t<\/article>\n\t\t\t\t<article class=\"elementor-portfolio-item elementor-post elementor-filter-117 post-9171 portfolio type-portfolio status-publish has-post-thumbnail hentry portfolio_category-transportes-fr\" role=\"listitem\">\n\t\t\t<a class=\"elementor-post__thumbnail__link\" href=\"https:\/\/cps.es\/fr\/portfolio\/plans-de-mobilite-urbaine-durable-sump\/\">\n\t\t\t\t<div class=\"elementor-portfolio-item__img elementor-post__thumbnail\">\n\t\t\t<img loading=\"lazy\" decoding=\"async\" width=\"1000\" height=\"669\" src=\"https:\/\/cps.es\/wp-content\/uploads\/2022\/09\/pmus-1024x685.webp\" class=\"attachment-large size-large wp-image-7442\" alt=\"\" srcset=\"https:\/\/cps.es\/wp-content\/uploads\/2022\/09\/pmus-1024x685.webp 1024w, https:\/\/cps.es\/wp-content\/uploads\/2022\/09\/pmus-300x201.webp 300w, https:\/\/cps.es\/wp-content\/uploads\/2022\/09\/pmus-768x514.webp 768w, https:\/\/cps.es\/wp-content\/uploads\/2022\/09\/pmus-650x435.webp 650w, https:\/\/cps.es\/wp-content\/uploads\/2022\/09\/pmus.webp 1200w\" sizes=\"(max-width: 1000px) 100vw, 1000px\" \/>\t\t<\/div>\n\t\t\t\t<div class=\"elementor-portfolio-item__overlay\">\n\t\t\t\t<h3 class=\"elementor-portfolio-item__title\">\n\t\tPlans de mobilit\u00e9 urbaine durable (SUMP)\t\t<\/h3>\n\t\t\t\t<\/div>\n\t\t\t\t<\/a>\n\t\t<\/article>\n\t\t\t\t<article class=\"elementor-portfolio-item elementor-post elementor-filter-115 elementor-filter-121 post-9223 portfolio type-portfolio status-publish has-post-thumbnail hentry portfolio_category-civil-obras-lineales-fr portfolio_category-internacional-fr\" role=\"listitem\">\n\t\t\t<a class=\"elementor-post__thumbnail__link\" href=\"https:\/\/cps.es\/fr\/portfolio\/autoroute-de-liaison-avec-le-port-doran\/\">\n\t\t\t\t<div class=\"elementor-portfolio-item__img elementor-post__thumbnail\">\n\t\t\t<img loading=\"lazy\" decoding=\"async\" width=\"800\" height=\"636\" src=\"https:\/\/cps.es\/wp-content\/uploads\/2023\/01\/02-cps-argelia-oran-viaducto-autovia-conexion-puerto-oran.webp\" class=\"attachment-large size-large wp-image-7928\" alt=\"\" srcset=\"https:\/\/cps.es\/wp-content\/uploads\/2023\/01\/02-cps-argelia-oran-viaducto-autovia-conexion-puerto-oran.webp 800w, https:\/\/cps.es\/wp-content\/uploads\/2023\/01\/02-cps-argelia-oran-viaducto-autovia-conexion-puerto-oran-300x239.webp 300w, https:\/\/cps.es\/wp-content\/uploads\/2023\/01\/02-cps-argelia-oran-viaducto-autovia-conexion-puerto-oran-768x611.webp 768w, https:\/\/cps.es\/wp-content\/uploads\/2023\/01\/02-cps-argelia-oran-viaducto-autovia-conexion-puerto-oran-650x517.webp 650w\" sizes=\"(max-width: 800px) 100vw, 800px\" \/>\t\t<\/div>\n\t\t\t\t<div class=\"elementor-portfolio-item__overlay\">\n\t\t\t\t<h3 class=\"elementor-portfolio-item__title\">\n\t\tAutoroute de liaison avec le port d&#8217;Oran\t\t<\/h3>\n\t\t\t\t<\/div>\n\t\t\t\t<\/a>\n\t\t<\/article>\n\t\t\t\t<article class=\"elementor-portfolio-item elementor-post elementor-filter-115 post-9340 portfolio type-portfolio status-publish has-post-thumbnail hentry portfolio_category-civil-obras-lineales-fr\" role=\"listitem\">\n\t\t\t<a class=\"elementor-post__thumbnail__link\" href=\"https:\/\/cps.es\/fr\/portfolio\/nouveau-pipeline-jucar-vinalopo-section-e\/\">\n\t\t\t\t<div class=\"elementor-portfolio-item__img elementor-post__thumbnail\">\n\t\t\t<img loading=\"lazy\" decoding=\"async\" width=\"1000\" height=\"734\" src=\"https:\/\/cps.es\/wp-content\/uploads\/2023\/01\/01-nueva-conduccion-jucar-vinalopo-tramo-e.webp\" class=\"attachment-large size-large wp-image-8040\" alt=\"\" srcset=\"https:\/\/cps.es\/wp-content\/uploads\/2023\/01\/01-nueva-conduccion-jucar-vinalopo-tramo-e.webp 1000w, https:\/\/cps.es\/wp-content\/uploads\/2023\/01\/01-nueva-conduccion-jucar-vinalopo-tramo-e-300x220.webp 300w, https:\/\/cps.es\/wp-content\/uploads\/2023\/01\/01-nueva-conduccion-jucar-vinalopo-tramo-e-768x564.webp 768w, https:\/\/cps.es\/wp-content\/uploads\/2023\/01\/01-nueva-conduccion-jucar-vinalopo-tramo-e-650x477.webp 650w\" sizes=\"(max-width: 1000px) 100vw, 1000px\" \/>\t\t<\/div>\n\t\t\t\t<div class=\"elementor-portfolio-item__overlay\">\n\t\t\t\t<h3 class=\"elementor-portfolio-item__title\">\n\t\tNouveau pipeline J\u00facar &#8211; Vinalop\u00f3. Section E\t\t<\/h3>\n\t\t\t\t<\/div>\n\t\t\t\t<\/a>\n\t\t<\/article>\n\t\t\t\t<article class=\"elementor-portfolio-item elementor-post elementor-filter-112 post-9441 portfolio type-portfolio status-publish has-post-thumbnail hentry portfolio_category-arquitectura-fr\" role=\"listitem\">\n\t\t\t<a class=\"elementor-post__thumbnail__link\" href=\"https:\/\/cps.es\/fr\/portfolio\/residence-pour-personnes-agees-dependantes-de-vall-duixo\/\">\n\t\t\t\t<div class=\"elementor-portfolio-item__img elementor-post__thumbnail\">\n\t\t\t<img loading=\"lazy\" decoding=\"async\" width=\"906\" height=\"563\" src=\"https:\/\/cps.es\/wp-content\/uploads\/2023\/02\/02-residencia-mayores-vall-duixo-arquitectura.webp\" class=\"attachment-large size-large wp-image-8350\" alt=\"\" srcset=\"https:\/\/cps.es\/wp-content\/uploads\/2023\/02\/02-residencia-mayores-vall-duixo-arquitectura.webp 906w, https:\/\/cps.es\/wp-content\/uploads\/2023\/02\/02-residencia-mayores-vall-duixo-arquitectura-300x186.webp 300w, https:\/\/cps.es\/wp-content\/uploads\/2023\/02\/02-residencia-mayores-vall-duixo-arquitectura-768x477.webp 768w, https:\/\/cps.es\/wp-content\/uploads\/2023\/02\/02-residencia-mayores-vall-duixo-arquitectura-650x404.webp 650w\" sizes=\"(max-width: 906px) 100vw, 906px\" \/>\t\t<\/div>\n\t\t\t\t<div class=\"elementor-portfolio-item__overlay\">\n\t\t\t\t<h3 class=\"elementor-portfolio-item__title\">\n\t\tR\u00e9sidence pour personnes \u00e2g\u00e9es d\u00e9pendantes de Vall D&#8217;Uixo\t\t<\/h3>\n\t\t\t\t<\/div>\n\t\t\t\t<\/a>\n\t\t<\/article>\n\t\t\t\t<article class=\"elementor-portfolio-item elementor-post elementor-filter-112 post-9233 portfolio type-portfolio status-publish has-post-thumbnail hentry portfolio_category-arquitectura-fr\" role=\"listitem\">\n\t\t\t<a class=\"elementor-post__thumbnail__link\" href=\"https:\/\/cps.es\/fr\/portfolio\/deplacement-de-la-faculte-doptique-et-doptometrie-de-luniversite-complutense-de-madrid\/\">\n\t\t\t\t<div class=\"elementor-portfolio-item__img elementor-post__thumbnail\">\n\t\t\t<img loading=\"lazy\" decoding=\"async\" width=\"1000\" height=\"643\" src=\"https:\/\/cps.es\/wp-content\/uploads\/2023\/01\/01-acuerdo-marco-universidad-complutense-madrid-facultad-optica-optometria.webp\" class=\"attachment-large size-large wp-image-7932\" alt=\"\" srcset=\"https:\/\/cps.es\/wp-content\/uploads\/2023\/01\/01-acuerdo-marco-universidad-complutense-madrid-facultad-optica-optometria.webp 1000w, https:\/\/cps.es\/wp-content\/uploads\/2023\/01\/01-acuerdo-marco-universidad-complutense-madrid-facultad-optica-optometria-300x193.webp 300w, https:\/\/cps.es\/wp-content\/uploads\/2023\/01\/01-acuerdo-marco-universidad-complutense-madrid-facultad-optica-optometria-768x494.webp 768w, https:\/\/cps.es\/wp-content\/uploads\/2023\/01\/01-acuerdo-marco-universidad-complutense-madrid-facultad-optica-optometria-650x418.webp 650w\" sizes=\"(max-width: 1000px) 100vw, 1000px\" \/>\t\t<\/div>\n\t\t\t\t<div class=\"elementor-portfolio-item__overlay\">\n\t\t\t\t<h3 class=\"elementor-portfolio-item__title\">\n\t\tD\u00e9placement de la facult\u00e9 d&#8217;optique et d&#8217;optom\u00e9trie de l&#8217;universit\u00e9 Complutense de Madrid\t\t<\/h3>\n\t\t\t\t<\/div>\n\t\t\t\t<\/a>\n\t\t<\/article>\n\t\t\t\t<article class=\"elementor-portfolio-item elementor-post elementor-filter-191 post-18516 portfolio type-portfolio status-publish has-post-thumbnail hentry portfolio_category-mobilite\" role=\"listitem\">\n\t\t\t<a class=\"elementor-post__thumbnail__link\" href=\"https:\/\/cps.es\/fr\/portfolio\/plan-devaluation-du-reseau-routier-du-conseil-provincial-de-valence\/\">\n\t\t\t\t<div class=\"elementor-portfolio-item__img elementor-post__thumbnail\">\n\t\t\t<img loading=\"lazy\" decoding=\"async\" width=\"727\" height=\"485\" src=\"https:\/\/cps.es\/wp-content\/uploads\/2026\/03\/01_Plan-de-Aforos-DPV.jpg\" class=\"attachment-large size-large wp-image-18509\" alt=\"\" srcset=\"https:\/\/cps.es\/wp-content\/uploads\/2026\/03\/01_Plan-de-Aforos-DPV.jpg 727w, https:\/\/cps.es\/wp-content\/uploads\/2026\/03\/01_Plan-de-Aforos-DPV-300x200.jpg 300w, https:\/\/cps.es\/wp-content\/uploads\/2026\/03\/01_Plan-de-Aforos-DPV-650x434.jpg 650w\" sizes=\"(max-width: 727px) 100vw, 727px\" \/>\t\t<\/div>\n\t\t\t\t<div class=\"elementor-portfolio-item__overlay\">\n\t\t\t\t<h3 class=\"elementor-portfolio-item__title\">\n\t\tPlan d&#8217;\u00e9valuation du r\u00e9seau routier du Conseil provincial de Valence\t\t<\/h3>\n\t\t\t\t<\/div>\n\t\t\t\t<\/a>\n\t\t<\/article>\n\t\t\t\t<article class=\"elementor-portfolio-item elementor-post elementor-filter-117 elementor-filter-121 post-9358 portfolio type-portfolio status-publish has-post-thumbnail hentry portfolio_category-transportes-fr portfolio_category-internacional-fr\" role=\"listitem\">\n\t\t\t<a class=\"elementor-post__thumbnail__link\" href=\"https:\/\/cps.es\/fr\/portfolio\/audit-de-la-securite-routiere-du-reseau-routier-federal-du-mexique\/\">\n\t\t\t\t<div class=\"elementor-portfolio-item__img elementor-post__thumbnail\">\n\t\t\t<img loading=\"lazy\" decoding=\"async\" width=\"1000\" height=\"739\" src=\"https:\/\/cps.es\/wp-content\/uploads\/2023\/01\/01-seguridad-vial-mexico-2021-1024x757.webp\" class=\"attachment-large size-large wp-image-8120\" alt=\"\" srcset=\"https:\/\/cps.es\/wp-content\/uploads\/2023\/01\/01-seguridad-vial-mexico-2021-1024x757.webp 1024w, https:\/\/cps.es\/wp-content\/uploads\/2023\/01\/01-seguridad-vial-mexico-2021-300x222.webp 300w, https:\/\/cps.es\/wp-content\/uploads\/2023\/01\/01-seguridad-vial-mexico-2021-768x568.webp 768w, https:\/\/cps.es\/wp-content\/uploads\/2023\/01\/01-seguridad-vial-mexico-2021-650x480.webp 650w, https:\/\/cps.es\/wp-content\/uploads\/2023\/01\/01-seguridad-vial-mexico-2021.webp 1150w\" sizes=\"(max-width: 1000px) 100vw, 1000px\" \/>\t\t<\/div>\n\t\t\t\t<div class=\"elementor-portfolio-item__overlay\">\n\t\t\t\t<h3 class=\"elementor-portfolio-item__title\">\n\t\tAudit de la s\u00e9curit\u00e9 routi\u00e8re du r\u00e9seau routier f\u00e9d\u00e9ral du Mexique\t\t<\/h3>\n\t\t\t\t<\/div>\n\t\t\t\t<\/a>\n\t\t<\/article>\n\t\t\t\t<article class=\"elementor-portfolio-item elementor-post elementor-filter-119 post-9417 portfolio type-portfolio status-publish has-post-thumbnail hentry portfolio_category-instalaciones-fr\" role=\"listitem\">\n\t\t\t<a class=\"elementor-post__thumbnail__link\" href=\"https:\/\/cps.es\/fr\/portfolio\/amelioration-du-fonctionnement-et-de-lexploitation-du-peage-des-tunnels-dartxanda\/\">\n\t\t\t\t<div class=\"elementor-portfolio-item__img elementor-post__thumbnail\">\n\t\t\t<img loading=\"lazy\" decoding=\"async\" width=\"1000\" height=\"672\" src=\"https:\/\/cps.es\/wp-content\/uploads\/2023\/02\/01-instalaciones-peajes-tuneles-artxanda.webp\" class=\"attachment-large size-large wp-image-8296\" alt=\"\" srcset=\"https:\/\/cps.es\/wp-content\/uploads\/2023\/02\/01-instalaciones-peajes-tuneles-artxanda.webp 1000w, https:\/\/cps.es\/wp-content\/uploads\/2023\/02\/01-instalaciones-peajes-tuneles-artxanda-300x202.webp 300w, https:\/\/cps.es\/wp-content\/uploads\/2023\/02\/01-instalaciones-peajes-tuneles-artxanda-768x516.webp 768w, https:\/\/cps.es\/wp-content\/uploads\/2023\/02\/01-instalaciones-peajes-tuneles-artxanda-650x437.webp 650w\" sizes=\"(max-width: 1000px) 100vw, 1000px\" \/>\t\t<\/div>\n\t\t\t\t<div class=\"elementor-portfolio-item__overlay\">\n\t\t\t\t<h3 class=\"elementor-portfolio-item__title\">\n\t\tAm\u00e9lioration du fonctionnement et de l&#8217;exploitation du p\u00e9age des tunnels d&#8217;Artxanda\t\t<\/h3>\n\t\t\t\t<\/div>\n\t\t\t\t<\/a>\n\t\t<\/article>\n\t\t\t\t<article class=\"elementor-portfolio-item elementor-post elementor-filter-191 post-18369 portfolio type-portfolio status-publish has-post-thumbnail hentry portfolio_category-mobilite\" role=\"listitem\">\n\t\t\t<a class=\"elementor-post__thumbnail__link\" href=\"https:\/\/cps.es\/fr\/portfolio\/modernisation-du-systeme-de-mesure-et-de-detection-du-trafic-sur-le-reseau-routier-national\/\">\n\t\t\t\t<div class=\"elementor-portfolio-item__img elementor-post__thumbnail\">\n\t\t\t<img loading=\"lazy\" decoding=\"async\" width=\"1000\" height=\"543\" src=\"https:\/\/cps.es\/wp-content\/uploads\/2024\/12\/adecuacion-mantenimiento-y-modernizacion-del-sistema-de-aforos-y-sensorizacion-del-trafico-1.jpg\" class=\"attachment-large size-large wp-image-16126\" alt=\"\" srcset=\"https:\/\/cps.es\/wp-content\/uploads\/2024\/12\/adecuacion-mantenimiento-y-modernizacion-del-sistema-de-aforos-y-sensorizacion-del-trafico-1.jpg 1000w, https:\/\/cps.es\/wp-content\/uploads\/2024\/12\/adecuacion-mantenimiento-y-modernizacion-del-sistema-de-aforos-y-sensorizacion-del-trafico-1-300x163.jpg 300w, https:\/\/cps.es\/wp-content\/uploads\/2024\/12\/adecuacion-mantenimiento-y-modernizacion-del-sistema-de-aforos-y-sensorizacion-del-trafico-1-768x417.jpg 768w, https:\/\/cps.es\/wp-content\/uploads\/2024\/12\/adecuacion-mantenimiento-y-modernizacion-del-sistema-de-aforos-y-sensorizacion-del-trafico-1-650x353.jpg 650w\" sizes=\"(max-width: 1000px) 100vw, 1000px\" \/>\t\t<\/div>\n\t\t\t\t<div class=\"elementor-portfolio-item__overlay\">\n\t\t\t\t<h3 class=\"elementor-portfolio-item__title\">\n\t\tModernisation du syst\u00e8me de mesure et de d\u00e9tection du trafic sur le r\u00e9seau routier national\t\t<\/h3>\n\t\t\t\t<\/div>\n\t\t\t\t<\/a>\n\t\t<\/article>\n\t\t\t\t<article class=\"elementor-portfolio-item elementor-post elementor-filter-115 post-9195 portfolio type-portfolio status-publish has-post-thumbnail hentry portfolio_category-civil-obras-lineales-fr\" role=\"listitem\">\n\t\t\t<a class=\"elementor-post__thumbnail__link\" href=\"https:\/\/cps.es\/fr\/portfolio\/duplication-de-la-ligne-ferroviaire-valence-san-isidro-bunol\/\">\n\t\t\t\t<div class=\"elementor-portfolio-item__img elementor-post__thumbnail\">\n\t\t\t<img loading=\"lazy\" decoding=\"async\" width=\"1000\" height=\"622\" src=\"https:\/\/cps.es\/wp-content\/uploads\/2022\/12\/01_DUPLICACION_LINEA_FERROVIARIA_VALENCIA_SAN_ISIDRO_BUNOL-1024x637.webp\" class=\"attachment-large size-large wp-image-7822\" alt=\"\" srcset=\"https:\/\/cps.es\/wp-content\/uploads\/2022\/12\/01_DUPLICACION_LINEA_FERROVIARIA_VALENCIA_SAN_ISIDRO_BUNOL-1024x637.webp 1024w, https:\/\/cps.es\/wp-content\/uploads\/2022\/12\/01_DUPLICACION_LINEA_FERROVIARIA_VALENCIA_SAN_ISIDRO_BUNOL-300x187.webp 300w, https:\/\/cps.es\/wp-content\/uploads\/2022\/12\/01_DUPLICACION_LINEA_FERROVIARIA_VALENCIA_SAN_ISIDRO_BUNOL-768x478.webp 768w, https:\/\/cps.es\/wp-content\/uploads\/2022\/12\/01_DUPLICACION_LINEA_FERROVIARIA_VALENCIA_SAN_ISIDRO_BUNOL-650x405.webp 650w, https:\/\/cps.es\/wp-content\/uploads\/2022\/12\/01_DUPLICACION_LINEA_FERROVIARIA_VALENCIA_SAN_ISIDRO_BUNOL.webp 1200w\" sizes=\"(max-width: 1000px) 100vw, 1000px\" \/>\t\t<\/div>\n\t\t\t\t<div class=\"elementor-portfolio-item__overlay\">\n\t\t\t\t<h3 class=\"elementor-portfolio-item__title\">\n\t\tDuplication de la ligne ferroviaire Valence San Isidro-Bu\u00f1ol.\t\t<\/h3>\n\t\t\t\t<\/div>\n\t\t\t\t<\/a>\n\t\t<\/article>\n\t\t\t\t<article class=\"elementor-portfolio-item elementor-post elementor-filter-191 post-18406 portfolio type-portfolio status-publish has-post-thumbnail hentry portfolio_category-mobilite\" role=\"listitem\">\n\t\t\t<a class=\"elementor-post__thumbnail__link\" href=\"https:\/\/cps.es\/fr\/portfolio\/gestion-du-trafic-dans-les-tunnels-du-peripherique-de-barcelone\/\">\n\t\t\t\t<div class=\"elementor-portfolio-item__img elementor-post__thumbnail\">\n\t\t\t<img loading=\"lazy\" decoding=\"async\" width=\"947\" height=\"566\" src=\"https:\/\/cps.es\/wp-content\/uploads\/2026\/03\/gestion-del-trafico-ante-incidencias-en-los-tuneles-de-las-Rondas-de-Barcelona.jpg\" class=\"attachment-large size-large wp-image-18403\" alt=\"\" srcset=\"https:\/\/cps.es\/wp-content\/uploads\/2026\/03\/gestion-del-trafico-ante-incidencias-en-los-tuneles-de-las-Rondas-de-Barcelona.jpg 947w, https:\/\/cps.es\/wp-content\/uploads\/2026\/03\/gestion-del-trafico-ante-incidencias-en-los-tuneles-de-las-Rondas-de-Barcelona-300x179.jpg 300w, https:\/\/cps.es\/wp-content\/uploads\/2026\/03\/gestion-del-trafico-ante-incidencias-en-los-tuneles-de-las-Rondas-de-Barcelona-768x459.jpg 768w, https:\/\/cps.es\/wp-content\/uploads\/2026\/03\/gestion-del-trafico-ante-incidencias-en-los-tuneles-de-las-Rondas-de-Barcelona-650x388.jpg 650w\" sizes=\"(max-width: 947px) 100vw, 947px\" \/>\t\t<\/div>\n\t\t\t\t<div class=\"elementor-portfolio-item__overlay\">\n\t\t\t\t<h3 class=\"elementor-portfolio-item__title\">\n\t\tGestion du trafic dans les tunnels du p\u00e9riph\u00e9rique de Barcelone\t\t<\/h3>\n\t\t\t\t<\/div>\n\t\t\t\t<\/a>\n\t\t<\/article>\n\t\t\t\t<article class=\"elementor-portfolio-item elementor-post elementor-filter-115 post-9214 portfolio type-portfolio status-publish has-post-thumbnail hentry portfolio_category-civil-obras-lineales-fr\" role=\"listitem\">\n\t\t\t<a class=\"elementor-post__thumbnail__link\" href=\"https:\/\/cps.es\/fr\/portfolio\/connexion-directe-entre-la-v-30-et-la-3-en-direction-de-madrid\/\">\n\t\t\t\t<div class=\"elementor-portfolio-item__img elementor-post__thumbnail\">\n\t\t\t<img loading=\"lazy\" decoding=\"async\" width=\"1000\" height=\"792\" src=\"https:\/\/cps.es\/wp-content\/uploads\/2022\/12\/02_CONEXION_DIRECTA_V30_A3_SENTIDO_MADRID_VALENCIA_TURIA-1024x811.webp\" class=\"attachment-large size-large wp-image-7820\" alt=\"\" srcset=\"https:\/\/cps.es\/wp-content\/uploads\/2022\/12\/02_CONEXION_DIRECTA_V30_A3_SENTIDO_MADRID_VALENCIA_TURIA-1024x811.webp 1024w, https:\/\/cps.es\/wp-content\/uploads\/2022\/12\/02_CONEXION_DIRECTA_V30_A3_SENTIDO_MADRID_VALENCIA_TURIA-300x238.webp 300w, https:\/\/cps.es\/wp-content\/uploads\/2022\/12\/02_CONEXION_DIRECTA_V30_A3_SENTIDO_MADRID_VALENCIA_TURIA-768x608.webp 768w, https:\/\/cps.es\/wp-content\/uploads\/2022\/12\/02_CONEXION_DIRECTA_V30_A3_SENTIDO_MADRID_VALENCIA_TURIA-1536x1216.webp 1536w, https:\/\/cps.es\/wp-content\/uploads\/2022\/12\/02_CONEXION_DIRECTA_V30_A3_SENTIDO_MADRID_VALENCIA_TURIA-650x515.webp 650w, https:\/\/cps.es\/wp-content\/uploads\/2022\/12\/02_CONEXION_DIRECTA_V30_A3_SENTIDO_MADRID_VALENCIA_TURIA.webp 1728w\" sizes=\"(max-width: 1000px) 100vw, 1000px\" \/>\t\t<\/div>\n\t\t\t\t<div class=\"elementor-portfolio-item__overlay\">\n\t\t\t\t<h3 class=\"elementor-portfolio-item__title\">\n\t\tConnexion directe entre la V-30 et l&#8217;A-3 en direction de Madrid\t\t<\/h3>\n\t\t\t\t<\/div>\n\t\t\t\t<\/a>\n\t\t<\/article>\n\t\t\t\t<article class=\"elementor-portfolio-item elementor-post elementor-filter-112 elementor-filter-121 post-9243 portfolio type-portfolio status-publish has-post-thumbnail hentry portfolio_category-arquitectura-fr portfolio_category-internacional-fr\" role=\"listitem\">\n\t\t\t<a class=\"elementor-post__thumbnail__link\" href=\"https:\/\/cps.es\/fr\/portfolio\/amelioration-des-services-educatifs-a-lie-san-francisco-de-asis\/\">\n\t\t\t\t<div class=\"elementor-portfolio-item__img elementor-post__thumbnail\">\n\t\t\t<img loading=\"lazy\" decoding=\"async\" width=\"1000\" height=\"563\" src=\"https:\/\/cps.es\/wp-content\/uploads\/2023\/01\/01-mejoramiento-servicios-educativos-ie-san-francisco-asis-acobamba.webp\" class=\"attachment-large size-large wp-image-7946\" alt=\"\" srcset=\"https:\/\/cps.es\/wp-content\/uploads\/2023\/01\/01-mejoramiento-servicios-educativos-ie-san-francisco-asis-acobamba.webp 1000w, https:\/\/cps.es\/wp-content\/uploads\/2023\/01\/01-mejoramiento-servicios-educativos-ie-san-francisco-asis-acobamba-300x169.webp 300w, https:\/\/cps.es\/wp-content\/uploads\/2023\/01\/01-mejoramiento-servicios-educativos-ie-san-francisco-asis-acobamba-768x432.webp 768w, https:\/\/cps.es\/wp-content\/uploads\/2023\/01\/01-mejoramiento-servicios-educativos-ie-san-francisco-asis-acobamba-650x366.webp 650w\" sizes=\"(max-width: 1000px) 100vw, 1000px\" \/>\t\t<\/div>\n\t\t\t\t<div class=\"elementor-portfolio-item__overlay\">\n\t\t\t\t<h3 class=\"elementor-portfolio-item__title\">\n\t\tAm\u00e9lioration des services \u00e9ducatifs \u00e0 l&#8217;IE San Francisco de Asis\t\t<\/h3>\n\t\t\t\t<\/div>\n\t\t\t\t<\/a>\n\t\t<\/article>\n\t\t\t\t<article class=\"elementor-portfolio-item elementor-post elementor-filter-115 post-9315 portfolio type-portfolio status-publish has-post-thumbnail hentry portfolio_category-civil-obras-lineales-fr\" role=\"listitem\">\n\t\t\t<a class=\"elementor-post__thumbnail__link\" href=\"https:\/\/cps.es\/fr\/portfolio\/reparation-et-automatisation-du-canal-de-campo-del-turia\/\">\n\t\t\t\t<div class=\"elementor-portfolio-item__img elementor-post__thumbnail\">\n\t\t\t<img loading=\"lazy\" decoding=\"async\" width=\"910\" height=\"629\" src=\"https:\/\/cps.es\/wp-content\/uploads\/2023\/01\/reparacion-automatizacion-canal-campo-turia.webp\" class=\"attachment-large size-large wp-image-8088\" alt=\"\" srcset=\"https:\/\/cps.es\/wp-content\/uploads\/2023\/01\/reparacion-automatizacion-canal-campo-turia.webp 910w, https:\/\/cps.es\/wp-content\/uploads\/2023\/01\/reparacion-automatizacion-canal-campo-turia-300x207.webp 300w, https:\/\/cps.es\/wp-content\/uploads\/2023\/01\/reparacion-automatizacion-canal-campo-turia-768x531.webp 768w, https:\/\/cps.es\/wp-content\/uploads\/2023\/01\/reparacion-automatizacion-canal-campo-turia-650x449.webp 650w\" sizes=\"(max-width: 910px) 100vw, 910px\" \/>\t\t<\/div>\n\t\t\t\t<div class=\"elementor-portfolio-item__overlay\">\n\t\t\t\t<h3 class=\"elementor-portfolio-item__title\">\n\t\tR\u00e9paration et automatisation du canal de Campo del Turia\t\t<\/h3>\n\t\t\t\t<\/div>\n\t\t\t\t<\/a>\n\t\t<\/article>\n\t\t\t\t<article class=\"elementor-portfolio-item elementor-post elementor-filter-119 post-9386 portfolio type-portfolio status-publish has-post-thumbnail hentry portfolio_category-instalaciones-fr\" role=\"listitem\">\n\t\t\t<a class=\"elementor-post__thumbnail__link\" href=\"https:\/\/cps.es\/fr\/portfolio\/installations-complexe-residentiel\/\">\n\t\t\t\t<div class=\"elementor-portfolio-item__img elementor-post__thumbnail\">\n\t\t\t<img loading=\"lazy\" decoding=\"async\" width=\"711\" height=\"391\" src=\"https:\/\/cps.es\/wp-content\/uploads\/2023\/02\/01-instalaciones-complejo-residencial-sagunto.webp\" class=\"attachment-large size-large wp-image-8276\" alt=\"\" srcset=\"https:\/\/cps.es\/wp-content\/uploads\/2023\/02\/01-instalaciones-complejo-residencial-sagunto.webp 711w, https:\/\/cps.es\/wp-content\/uploads\/2023\/02\/01-instalaciones-complejo-residencial-sagunto-300x165.webp 300w, https:\/\/cps.es\/wp-content\/uploads\/2023\/02\/01-instalaciones-complejo-residencial-sagunto-650x357.webp 650w\" sizes=\"(max-width: 711px) 100vw, 711px\" \/>\t\t<\/div>\n\t\t\t\t<div class=\"elementor-portfolio-item__overlay\">\n\t\t\t\t<h3 class=\"elementor-portfolio-item__title\">\n\t\tInstallations Complexe r\u00e9sidentiel\t\t<\/h3>\n\t\t\t\t<\/div>\n\t\t\t\t<\/a>\n\t\t<\/article>\n\t\t\t\t<article class=\"elementor-portfolio-item elementor-post elementor-filter-117 elementor-filter-112 elementor-filter-121 post-9252 portfolio type-portfolio status-publish has-post-thumbnail hentry portfolio_category-transportes-fr portfolio_category-arquitectura-fr portfolio_category-internacional-fr\" role=\"listitem\">\n\t\t\t<a class=\"elementor-post__thumbnail__link\" href=\"https:\/\/cps.es\/fr\/portfolio\/etude-conceptuelle-pour-lextension-de-la-section-sud-de-cosac-i\/\">\n\t\t\t\t<div class=\"elementor-portfolio-item__img elementor-post__thumbnail\">\n\t\t\t<img loading=\"lazy\" decoding=\"async\" width=\"1000\" height=\"611\" src=\"https:\/\/cps.es\/wp-content\/uploads\/2023\/01\/01-redaccion-estudio-conceptual-ampliacion-tramo-sur-cosac-i.webp\" class=\"attachment-large size-large wp-image-7952\" alt=\"\" srcset=\"https:\/\/cps.es\/wp-content\/uploads\/2023\/01\/01-redaccion-estudio-conceptual-ampliacion-tramo-sur-cosac-i.webp 1000w, https:\/\/cps.es\/wp-content\/uploads\/2023\/01\/01-redaccion-estudio-conceptual-ampliacion-tramo-sur-cosac-i-300x183.webp 300w, https:\/\/cps.es\/wp-content\/uploads\/2023\/01\/01-redaccion-estudio-conceptual-ampliacion-tramo-sur-cosac-i-768x469.webp 768w, https:\/\/cps.es\/wp-content\/uploads\/2023\/01\/01-redaccion-estudio-conceptual-ampliacion-tramo-sur-cosac-i-650x397.webp 650w\" sizes=\"(max-width: 1000px) 100vw, 1000px\" \/>\t\t<\/div>\n\t\t\t\t<div class=\"elementor-portfolio-item__overlay\">\n\t\t\t\t<h3 class=\"elementor-portfolio-item__title\">\n\t\t\u00c9tude conceptuelle pour l&#8217;extension de la section sud de Cosac I\t\t<\/h3>\n\t\t\t\t<\/div>\n\t\t\t\t<\/a>\n\t\t<\/article>\n\t\t\t\t<article class=\"elementor-portfolio-item elementor-post elementor-filter-115 elementor-filter-121 post-9282 portfolio type-portfolio status-publish has-post-thumbnail hentry portfolio_category-civil-obras-lineales-fr portfolio_category-internacional-fr\" role=\"listitem\">\n\t\t\t<a class=\"elementor-post__thumbnail__link\" href=\"https:\/\/cps.es\/fr\/portfolio\/section-3-du-couloir-vert-carrera-septima-a-bogota\/\">\n\t\t\t\t<div class=\"elementor-portfolio-item__img elementor-post__thumbnail\">\n\t\t\t<img loading=\"lazy\" decoding=\"async\" width=\"1000\" height=\"713\" src=\"https:\/\/cps.es\/wp-content\/uploads\/2023\/01\/01-corredor-verde-carrera-septima-bogota-colombia.webp\" class=\"attachment-large size-large wp-image-7988\" alt=\"\" srcset=\"https:\/\/cps.es\/wp-content\/uploads\/2023\/01\/01-corredor-verde-carrera-septima-bogota-colombia.webp 1010w, https:\/\/cps.es\/wp-content\/uploads\/2023\/01\/01-corredor-verde-carrera-septima-bogota-colombia-300x214.webp 300w, https:\/\/cps.es\/wp-content\/uploads\/2023\/01\/01-corredor-verde-carrera-septima-bogota-colombia-768x547.webp 768w, https:\/\/cps.es\/wp-content\/uploads\/2023\/01\/01-corredor-verde-carrera-septima-bogota-colombia-650x463.webp 650w\" sizes=\"(max-width: 1000px) 100vw, 1000px\" \/>\t\t<\/div>\n\t\t\t\t<div class=\"elementor-portfolio-item__overlay\">\n\t\t\t\t<h3 class=\"elementor-portfolio-item__title\">\n\t\tSection 3 du couloir vert Carrera S\u00e9ptima \u00e0 Bogota\t\t<\/h3>\n\t\t\t\t<\/div>\n\t\t\t\t<\/a>\n\t\t<\/article>\n\t\t\t\t<article class=\"elementor-portfolio-item elementor-post elementor-filter-119 post-9255 portfolio type-portfolio status-publish has-post-thumbnail hentry portfolio_category-instalaciones-fr\" role=\"listitem\">\n\t\t\t<a class=\"elementor-post__thumbnail__link\" href=\"https:\/\/cps.es\/fr\/portfolio\/installations-dans-les-centres-educatifs\/\">\n\t\t\t\t<div class=\"elementor-portfolio-item__img elementor-post__thumbnail\">\n\t\t\t<img loading=\"lazy\" decoding=\"async\" width=\"1000\" height=\"600\" src=\"https:\/\/cps.es\/wp-content\/uploads\/2023\/01\/03-instalaciones-centros-educativos.webp\" class=\"attachment-large size-large wp-image-7976\" alt=\"\" srcset=\"https:\/\/cps.es\/wp-content\/uploads\/2023\/01\/03-instalaciones-centros-educativos.webp 1000w, https:\/\/cps.es\/wp-content\/uploads\/2023\/01\/03-instalaciones-centros-educativos-300x180.webp 300w, https:\/\/cps.es\/wp-content\/uploads\/2023\/01\/03-instalaciones-centros-educativos-768x461.webp 768w, https:\/\/cps.es\/wp-content\/uploads\/2023\/01\/03-instalaciones-centros-educativos-650x390.webp 650w\" sizes=\"(max-width: 1000px) 100vw, 1000px\" \/>\t\t<\/div>\n\t\t\t\t<div class=\"elementor-portfolio-item__overlay\">\n\t\t\t\t<h3 class=\"elementor-portfolio-item__title\">\n\t\tInstallations dans les centres \u00e9ducatifs\t\t<\/h3>\n\t\t\t\t<\/div>\n\t\t\t\t<\/a>\n\t\t<\/article>\n\t\t\t\t<article class=\"elementor-portfolio-item elementor-post elementor-filter-112 post-9239 portfolio type-portfolio status-publish has-post-thumbnail hentry portfolio_category-arquitectura-fr\" role=\"listitem\">\n\t\t\t<a class=\"elementor-post__thumbnail__link\" href=\"https:\/\/cps.es\/fr\/portfolio\/nouveau-commissariat-provincial-de-la-police-nationale-a-cuenca\/\">\n\t\t\t\t<div class=\"elementor-portfolio-item__img elementor-post__thumbnail\">\n\t\t\t<img loading=\"lazy\" decoding=\"async\" width=\"1000\" height=\"578\" src=\"https:\/\/cps.es\/wp-content\/uploads\/2023\/01\/nueva-comisaria-provincial-policia-nacional-asistencia-obras-cuenca.webp\" class=\"attachment-large size-large wp-image-7940\" alt=\"\" srcset=\"https:\/\/cps.es\/wp-content\/uploads\/2023\/01\/nueva-comisaria-provincial-policia-nacional-asistencia-obras-cuenca.webp 1000w, https:\/\/cps.es\/wp-content\/uploads\/2023\/01\/nueva-comisaria-provincial-policia-nacional-asistencia-obras-cuenca-300x173.webp 300w, https:\/\/cps.es\/wp-content\/uploads\/2023\/01\/nueva-comisaria-provincial-policia-nacional-asistencia-obras-cuenca-768x444.webp 768w, https:\/\/cps.es\/wp-content\/uploads\/2023\/01\/nueva-comisaria-provincial-policia-nacional-asistencia-obras-cuenca-650x376.webp 650w\" sizes=\"(max-width: 1000px) 100vw, 1000px\" \/>\t\t<\/div>\n\t\t\t\t<div class=\"elementor-portfolio-item__overlay\">\n\t\t\t\t<h3 class=\"elementor-portfolio-item__title\">\n\t\tNouveau commissariat provincial de la police nationale \u00e0 Cuenca\t\t<\/h3>\n\t\t\t\t<\/div>\n\t\t\t\t<\/a>\n\t\t<\/article>\n\t\t\t\t<article class=\"elementor-portfolio-item elementor-post elementor-filter-191 post-18446 portfolio type-portfolio status-publish has-post-thumbnail hentry portfolio_category-mobilite\" role=\"listitem\">\n\t\t\t<a class=\"elementor-post__thumbnail__link\" href=\"https:\/\/cps.es\/fr\/portfolio\/entretien-et-exploitation-des-equipements-de-controle-du-trafic\/\">\n\t\t\t\t<div class=\"elementor-portfolio-item__img elementor-post__thumbnail\">\n\t\t\t<img loading=\"lazy\" decoding=\"async\" width=\"1000\" height=\"744\" src=\"https:\/\/cps.es\/wp-content\/uploads\/2026\/03\/01_Mantenimiento-y-explotacion-de-equipos-de-control-de-trafico-1024x762.jpg\" class=\"attachment-large size-large wp-image-18433\" alt=\"\" srcset=\"https:\/\/cps.es\/wp-content\/uploads\/2026\/03\/01_Mantenimiento-y-explotacion-de-equipos-de-control-de-trafico-1024x762.jpg 1024w, https:\/\/cps.es\/wp-content\/uploads\/2026\/03\/01_Mantenimiento-y-explotacion-de-equipos-de-control-de-trafico-300x223.jpg 300w, https:\/\/cps.es\/wp-content\/uploads\/2026\/03\/01_Mantenimiento-y-explotacion-de-equipos-de-control-de-trafico-768x571.jpg 768w, https:\/\/cps.es\/wp-content\/uploads\/2026\/03\/01_Mantenimiento-y-explotacion-de-equipos-de-control-de-trafico-650x484.jpg 650w, https:\/\/cps.es\/wp-content\/uploads\/2026\/03\/01_Mantenimiento-y-explotacion-de-equipos-de-control-de-trafico.jpg 1301w\" sizes=\"(max-width: 1000px) 100vw, 1000px\" \/>\t\t<\/div>\n\t\t\t\t<div class=\"elementor-portfolio-item__overlay\">\n\t\t\t\t<h3 class=\"elementor-portfolio-item__title\">\n\t\tEntretien et exploitation des \u00e9quipements de contr\u00f4le du trafic\t\t<\/h3>\n\t\t\t\t<\/div>\n\t\t\t\t<\/a>\n\t\t<\/article>\n\t\t\t\t<article class=\"elementor-portfolio-item elementor-post elementor-filter-117 post-9216 portfolio type-portfolio status-publish has-post-thumbnail hentry portfolio_category-transportes-fr\" role=\"listitem\">\n\t\t\t<a class=\"elementor-post__thumbnail__link\" href=\"https:\/\/cps.es\/fr\/portfolio\/plan-de-transport-metropolitain-de-la-region-de-grenade\/\">\n\t\t\t\t<div class=\"elementor-portfolio-item__img elementor-post__thumbnail\">\n\t\t\t<img loading=\"lazy\" decoding=\"async\" width=\"1000\" height=\"749\" src=\"https:\/\/cps.es\/wp-content\/uploads\/2022\/12\/01_PLAN_TRANSPORTE_METROPOLITANO_AREA_GRANADA_ANDALUCIA_MOVILIDAD-1024x767.webp\" class=\"attachment-large size-large wp-image-7828\" alt=\"\" srcset=\"https:\/\/cps.es\/wp-content\/uploads\/2022\/12\/01_PLAN_TRANSPORTE_METROPOLITANO_AREA_GRANADA_ANDALUCIA_MOVILIDAD-1024x767.webp 1024w, https:\/\/cps.es\/wp-content\/uploads\/2022\/12\/01_PLAN_TRANSPORTE_METROPOLITANO_AREA_GRANADA_ANDALUCIA_MOVILIDAD-300x225.webp 300w, https:\/\/cps.es\/wp-content\/uploads\/2022\/12\/01_PLAN_TRANSPORTE_METROPOLITANO_AREA_GRANADA_ANDALUCIA_MOVILIDAD-768x575.webp 768w, https:\/\/cps.es\/wp-content\/uploads\/2022\/12\/01_PLAN_TRANSPORTE_METROPOLITANO_AREA_GRANADA_ANDALUCIA_MOVILIDAD-650x487.webp 650w, https:\/\/cps.es\/wp-content\/uploads\/2022\/12\/01_PLAN_TRANSPORTE_METROPOLITANO_AREA_GRANADA_ANDALUCIA_MOVILIDAD.webp 1100w\" sizes=\"(max-width: 1000px) 100vw, 1000px\" \/>\t\t<\/div>\n\t\t\t\t<div class=\"elementor-portfolio-item__overlay\">\n\t\t\t\t<h3 class=\"elementor-portfolio-item__title\">\n\t\tPlan de transport m\u00e9tropolitain de la r\u00e9gion de Grenade\t\t<\/h3>\n\t\t\t\t<\/div>\n\t\t\t\t<\/a>\n\t\t<\/article>\n\t\t\t\t<article class=\"elementor-portfolio-item elementor-post elementor-filter-117 elementor-filter-121 post-9183 portfolio type-portfolio status-publish has-post-thumbnail hentry portfolio_category-transportes-fr portfolio_category-internacional-fr\" role=\"listitem\">\n\t\t\t<a class=\"elementor-post__thumbnail__link\" href=\"https:\/\/cps.es\/fr\/portfolio\/inspection-de-la-securite-routiere-de-lautoroute-cusco-puno\/\">\n\t\t\t\t<div class=\"elementor-portfolio-item__img elementor-post__thumbnail\">\n\t\t\t<img loading=\"lazy\" decoding=\"async\" width=\"1000\" height=\"394\" src=\"https:\/\/cps.es\/wp-content\/uploads\/2022\/09\/1-1024x403.webp\" class=\"attachment-large size-large wp-image-7446\" alt=\"\" srcset=\"https:\/\/cps.es\/wp-content\/uploads\/2022\/09\/1-1024x403.webp 1024w, https:\/\/cps.es\/wp-content\/uploads\/2022\/09\/1-300x118.webp 300w, https:\/\/cps.es\/wp-content\/uploads\/2022\/09\/1-768x302.webp 768w, https:\/\/cps.es\/wp-content\/uploads\/2022\/09\/1-1536x604.webp 1536w, https:\/\/cps.es\/wp-content\/uploads\/2022\/09\/1-650x256.webp 650w, https:\/\/cps.es\/wp-content\/uploads\/2022\/09\/1.webp 1600w\" sizes=\"(max-width: 1000px) 100vw, 1000px\" \/>\t\t<\/div>\n\t\t\t\t<div class=\"elementor-portfolio-item__overlay\">\n\t\t\t\t<h3 class=\"elementor-portfolio-item__title\">\n\t\tInspection de la s\u00e9curit\u00e9 routi\u00e8re de l&#8217;autoroute Cusco &#8211; PUNO\t\t<\/h3>\n\t\t\t\t<\/div>\n\t\t\t\t<\/a>\n\t\t<\/article>\n\t\t\t\t<article class=\"elementor-portfolio-item elementor-post elementor-filter-119 elementor-filter-121 post-9188 portfolio type-portfolio status-publish has-post-thumbnail hentry portfolio_category-instalaciones-fr portfolio_category-internacional-fr\" role=\"listitem\">\n\t\t\t<a class=\"elementor-post__thumbnail__link\" href=\"https:\/\/cps.es\/fr\/portfolio\/le-modele-national-de-telepeage-interoperable-du-perou\/\">\n\t\t\t\t<div class=\"elementor-portfolio-item__img elementor-post__thumbnail\">\n\t\t\t<img loading=\"lazy\" decoding=\"async\" width=\"1000\" height=\"497\" src=\"https:\/\/cps.es\/wp-content\/uploads\/2022\/09\/peaje-medio-1024x509.webp\" class=\"attachment-large size-large wp-image-7376\" alt=\"\" srcset=\"https:\/\/cps.es\/wp-content\/uploads\/2022\/09\/peaje-medio-1024x509.webp 1024w, https:\/\/cps.es\/wp-content\/uploads\/2022\/09\/peaje-medio-300x149.webp 300w, https:\/\/cps.es\/wp-content\/uploads\/2022\/09\/peaje-medio-768x382.webp 768w, https:\/\/cps.es\/wp-content\/uploads\/2022\/09\/peaje-medio-650x323.webp 650w, https:\/\/cps.es\/wp-content\/uploads\/2022\/09\/peaje-medio.webp 1265w\" sizes=\"(max-width: 1000px) 100vw, 1000px\" \/>\t\t<\/div>\n\t\t\t\t<div class=\"elementor-portfolio-item__overlay\">\n\t\t\t\t<h3 class=\"elementor-portfolio-item__title\">\n\t\tLe mod\u00e8le national de t\u00e9l\u00e9p\u00e9age interop\u00e9rable du P\u00e9rou\t\t<\/h3>\n\t\t\t\t<\/div>\n\t\t\t\t<\/a>\n\t\t<\/article>\n\t\t\t\t<article class=\"elementor-portfolio-item elementor-post elementor-filter-115 elementor-filter-121 post-9245 portfolio type-portfolio status-publish has-post-thumbnail hentry portfolio_category-civil-obras-lineales-fr portfolio_category-internacional-fr\" role=\"listitem\">\n\t\t\t<a class=\"elementor-post__thumbnail__link\" href=\"https:\/\/cps.es\/fr\/portfolio\/maintenance-cote-piste-et-cote-ville-de-laeroport-santa-marta-magdalena\/\">\n\t\t\t\t<div class=\"elementor-portfolio-item__img elementor-post__thumbnail\">\n\t\t\t<img loading=\"lazy\" decoding=\"async\" width=\"1000\" height=\"598\" src=\"https:\/\/cps.es\/wp-content\/uploads\/2023\/01\/01-interventoria-integral-mantenimiento-lado-aire-lado-tierra-aeropuerto-santa-marta-magdalena.webp\" class=\"attachment-large size-large wp-image-7962\" alt=\"\" srcset=\"https:\/\/cps.es\/wp-content\/uploads\/2023\/01\/01-interventoria-integral-mantenimiento-lado-aire-lado-tierra-aeropuerto-santa-marta-magdalena.webp 1000w, https:\/\/cps.es\/wp-content\/uploads\/2023\/01\/01-interventoria-integral-mantenimiento-lado-aire-lado-tierra-aeropuerto-santa-marta-magdalena-300x179.webp 300w, https:\/\/cps.es\/wp-content\/uploads\/2023\/01\/01-interventoria-integral-mantenimiento-lado-aire-lado-tierra-aeropuerto-santa-marta-magdalena-768x459.webp 768w, https:\/\/cps.es\/wp-content\/uploads\/2023\/01\/01-interventoria-integral-mantenimiento-lado-aire-lado-tierra-aeropuerto-santa-marta-magdalena-650x389.webp 650w\" sizes=\"(max-width: 1000px) 100vw, 1000px\" \/>\t\t<\/div>\n\t\t\t\t<div class=\"elementor-portfolio-item__overlay\">\n\t\t\t\t<h3 class=\"elementor-portfolio-item__title\">\n\t\tMaintenance c\u00f4t\u00e9 piste et c\u00f4t\u00e9 ville de l&#8217;a\u00e9roport Santa Marta Magdalena\t\t<\/h3>\n\t\t\t\t<\/div>\n\t\t\t\t<\/a>\n\t\t<\/article>\n\t\t\t\t<article class=\"elementor-portfolio-item elementor-post elementor-filter-117 post-9363 portfolio type-portfolio status-publish has-post-thumbnail hentry portfolio_category-transportes-fr\" role=\"listitem\">\n\t\t\t<a class=\"elementor-post__thumbnail__link\" href=\"https:\/\/cps.es\/fr\/portfolio\/plan-daction-urbain-de-la-municipalite-de-requena\/\">\n\t\t\t\t<div class=\"elementor-portfolio-item__img elementor-post__thumbnail\">\n\t\t\t<img loading=\"lazy\" decoding=\"async\" width=\"1000\" height=\"680\" src=\"https:\/\/cps.es\/wp-content\/uploads\/2023\/02\/02-plan-urbano-actuacion-municipal-requena.webp\" class=\"attachment-large size-large wp-image-8262\" alt=\"\" srcset=\"https:\/\/cps.es\/wp-content\/uploads\/2023\/02\/02-plan-urbano-actuacion-municipal-requena.webp 1000w, https:\/\/cps.es\/wp-content\/uploads\/2023\/02\/02-plan-urbano-actuacion-municipal-requena-300x204.webp 300w, https:\/\/cps.es\/wp-content\/uploads\/2023\/02\/02-plan-urbano-actuacion-municipal-requena-768x522.webp 768w, https:\/\/cps.es\/wp-content\/uploads\/2023\/02\/02-plan-urbano-actuacion-municipal-requena-650x442.webp 650w\" sizes=\"(max-width: 1000px) 100vw, 1000px\" \/>\t\t<\/div>\n\t\t\t\t<div class=\"elementor-portfolio-item__overlay\">\n\t\t\t\t<h3 class=\"elementor-portfolio-item__title\">\n\t\tPlan d&#8217;action urbain de la municipalit\u00e9 de Requena\t\t<\/h3>\n\t\t\t\t<\/div>\n\t\t\t\t<\/a>\n\t\t<\/article>\n\t\t\t\t<article class=\"elementor-portfolio-item elementor-post elementor-filter-115 post-9353 portfolio type-portfolio status-publish has-post-thumbnail hentry portfolio_category-civil-obras-lineales-fr\" role=\"listitem\">\n\t\t\t<a class=\"elementor-post__thumbnail__link\" href=\"https:\/\/cps.es\/fr\/portfolio\/demantelement-des-voies-pietonnes-de-lavenida-del-cid\/\">\n\t\t\t\t<div class=\"elementor-portfolio-item__img elementor-post__thumbnail\">\n\t\t\t<img loading=\"lazy\" decoding=\"async\" width=\"846\" height=\"633\" src=\"https:\/\/cps.es\/wp-content\/uploads\/2023\/01\/desmontaje-pasarelas-peatonales-avenida-del-cid-valencia.webp\" class=\"attachment-large size-large wp-image-8082\" alt=\"\" srcset=\"https:\/\/cps.es\/wp-content\/uploads\/2023\/01\/desmontaje-pasarelas-peatonales-avenida-del-cid-valencia.webp 846w, https:\/\/cps.es\/wp-content\/uploads\/2023\/01\/desmontaje-pasarelas-peatonales-avenida-del-cid-valencia-300x224.webp 300w, https:\/\/cps.es\/wp-content\/uploads\/2023\/01\/desmontaje-pasarelas-peatonales-avenida-del-cid-valencia-768x575.webp 768w, https:\/\/cps.es\/wp-content\/uploads\/2023\/01\/desmontaje-pasarelas-peatonales-avenida-del-cid-valencia-650x486.webp 650w\" sizes=\"(max-width: 846px) 100vw, 846px\" \/>\t\t<\/div>\n\t\t\t\t<div class=\"elementor-portfolio-item__overlay\">\n\t\t\t\t<h3 class=\"elementor-portfolio-item__title\">\n\t\tD\u00e9mant\u00e8lement des voies pi\u00e9tonnes de l&#8217;Avenida del Cid\t\t<\/h3>\n\t\t\t\t<\/div>\n\t\t\t\t<\/a>\n\t\t<\/article>\n\t\t\t\t<article class=\"elementor-portfolio-item elementor-post elementor-filter-115 post-9374 portfolio type-portfolio status-publish has-post-thumbnail hentry portfolio_category-civil-obras-lineales-fr\" role=\"listitem\">\n\t\t\t<a class=\"elementor-post__thumbnail__link\" href=\"https:\/\/cps.es\/fr\/portfolio\/signaux-de-circulation-verticaux-et-horizontaux-et-panneaux-de-signalisation-a-valence\/\">\n\t\t\t\t<div class=\"elementor-portfolio-item__img elementor-post__thumbnail\">\n\t\t\t<img loading=\"lazy\" decoding=\"async\" width=\"986\" height=\"629\" src=\"https:\/\/cps.es\/wp-content\/uploads\/2023\/01\/02-senalizacion-vertical-horizontal-trafico-valencia.webp\" class=\"attachment-large size-large wp-image-8198\" alt=\"\" srcset=\"https:\/\/cps.es\/wp-content\/uploads\/2023\/01\/02-senalizacion-vertical-horizontal-trafico-valencia.webp 986w, https:\/\/cps.es\/wp-content\/uploads\/2023\/01\/02-senalizacion-vertical-horizontal-trafico-valencia-300x191.webp 300w, https:\/\/cps.es\/wp-content\/uploads\/2023\/01\/02-senalizacion-vertical-horizontal-trafico-valencia-768x490.webp 768w, https:\/\/cps.es\/wp-content\/uploads\/2023\/01\/02-senalizacion-vertical-horizontal-trafico-valencia-650x415.webp 650w\" sizes=\"(max-width: 986px) 100vw, 986px\" \/>\t\t<\/div>\n\t\t\t\t<div class=\"elementor-portfolio-item__overlay\">\n\t\t\t\t<h3 class=\"elementor-portfolio-item__title\">\n\t\tSignaux de circulation verticaux et horizontaux et panneaux de signalisation \u00e0 Valence\t\t<\/h3>\n\t\t\t\t<\/div>\n\t\t\t\t<\/a>\n\t\t<\/article>\n\t\t\t\t<article class=\"elementor-portfolio-item elementor-post elementor-filter-112 post-9161 portfolio type-portfolio status-publish has-post-thumbnail hentry portfolio_category-arquitectura-fr\" role=\"listitem\">\n\t\t\t<a class=\"elementor-post__thumbnail__link\" href=\"https:\/\/cps.es\/fr\/portfolio\/ceip-les-foies\/\">\n\t\t\t\t<div class=\"elementor-portfolio-item__img elementor-post__thumbnail\">\n\t\t\t<img loading=\"lazy\" decoding=\"async\" width=\"1000\" height=\"558\" src=\"https:\/\/cps.es\/wp-content\/uploads\/2022\/09\/ceip-les-foies-gandia-cps-arquitectura.webp\" class=\"attachment-large size-large wp-image-8344\" alt=\"\" srcset=\"https:\/\/cps.es\/wp-content\/uploads\/2022\/09\/ceip-les-foies-gandia-cps-arquitectura.webp 1000w, https:\/\/cps.es\/wp-content\/uploads\/2022\/09\/ceip-les-foies-gandia-cps-arquitectura-300x167.webp 300w, https:\/\/cps.es\/wp-content\/uploads\/2022\/09\/ceip-les-foies-gandia-cps-arquitectura-768x429.webp 768w, https:\/\/cps.es\/wp-content\/uploads\/2022\/09\/ceip-les-foies-gandia-cps-arquitectura-650x363.webp 650w\" sizes=\"(max-width: 1000px) 100vw, 1000px\" \/>\t\t<\/div>\n\t\t\t\t<div class=\"elementor-portfolio-item__overlay\">\n\t\t\t\t<h3 class=\"elementor-portfolio-item__title\">\n\t\tCEIP Les Foies\t\t<\/h3>\n\t\t\t\t<\/div>\n\t\t\t\t<\/a>\n\t\t<\/article>\n\t\t\t\t<article class=\"elementor-portfolio-item elementor-post elementor-filter-119 post-9309 portfolio type-portfolio status-publish has-post-thumbnail hentry portfolio_category-instalaciones-fr\" role=\"listitem\">\n\t\t\t<a class=\"elementor-post__thumbnail__link\" href=\"https:\/\/cps.es\/fr\/portfolio\/installations-de-luniversite-de-valence\/\">\n\t\t\t\t<div class=\"elementor-portfolio-item__img elementor-post__thumbnail\">\n\t\t\t<img loading=\"lazy\" decoding=\"async\" width=\"770\" height=\"448\" src=\"https:\/\/cps.es\/wp-content\/uploads\/2023\/01\/instalaciones-universitat-valencia.webp\" class=\"attachment-large size-large wp-image-8050\" alt=\"\" srcset=\"https:\/\/cps.es\/wp-content\/uploads\/2023\/01\/instalaciones-universitat-valencia.webp 770w, https:\/\/cps.es\/wp-content\/uploads\/2023\/01\/instalaciones-universitat-valencia-300x175.webp 300w, https:\/\/cps.es\/wp-content\/uploads\/2023\/01\/instalaciones-universitat-valencia-768x447.webp 768w, https:\/\/cps.es\/wp-content\/uploads\/2023\/01\/instalaciones-universitat-valencia-650x378.webp 650w\" sizes=\"(max-width: 770px) 100vw, 770px\" \/>\t\t<\/div>\n\t\t\t\t<div class=\"elementor-portfolio-item__overlay\">\n\t\t\t\t<h3 class=\"elementor-portfolio-item__title\">\n\t\tInstallations de l&#8217;Universit\u00e9 de Valence\t\t<\/h3>\n\t\t\t\t<\/div>\n\t\t\t\t<\/a>\n\t\t<\/article>\n\t\t\t\t<article class=\"elementor-portfolio-item elementor-post elementor-filter-117 elementor-filter-121 post-9231 portfolio type-portfolio status-publish has-post-thumbnail hentry portfolio_category-transportes-fr portfolio_category-internacional-fr\" role=\"listitem\">\n\t\t\t<a class=\"elementor-post__thumbnail__link\" href=\"https:\/\/cps.es\/fr\/portfolio\/plan-national-de-securite-routiere-2030-du-paraguay\/\">\n\t\t\t\t<div class=\"elementor-portfolio-item__img elementor-post__thumbnail\">\n\t\t\t<img loading=\"lazy\" decoding=\"async\" width=\"1000\" height=\"624\" src=\"https:\/\/cps.es\/wp-content\/uploads\/2022\/12\/01_PLAN-SEGURIDAD-VIAL-PARAGUAY-2023-TRANSPORTES-MOVILIDAD-1024x639.webp\" class=\"attachment-large size-large wp-image-7834\" alt=\"\" srcset=\"https:\/\/cps.es\/wp-content\/uploads\/2022\/12\/01_PLAN-SEGURIDAD-VIAL-PARAGUAY-2023-TRANSPORTES-MOVILIDAD-1024x639.webp 1024w, https:\/\/cps.es\/wp-content\/uploads\/2022\/12\/01_PLAN-SEGURIDAD-VIAL-PARAGUAY-2023-TRANSPORTES-MOVILIDAD-300x187.webp 300w, https:\/\/cps.es\/wp-content\/uploads\/2022\/12\/01_PLAN-SEGURIDAD-VIAL-PARAGUAY-2023-TRANSPORTES-MOVILIDAD-768x479.webp 768w, https:\/\/cps.es\/wp-content\/uploads\/2022\/12\/01_PLAN-SEGURIDAD-VIAL-PARAGUAY-2023-TRANSPORTES-MOVILIDAD-650x405.webp 650w, https:\/\/cps.es\/wp-content\/uploads\/2022\/12\/01_PLAN-SEGURIDAD-VIAL-PARAGUAY-2023-TRANSPORTES-MOVILIDAD.webp 1100w\" sizes=\"(max-width: 1000px) 100vw, 1000px\" \/>\t\t<\/div>\n\t\t\t\t<div class=\"elementor-portfolio-item__overlay\">\n\t\t\t\t<h3 class=\"elementor-portfolio-item__title\">\n\t\tPlan national de s\u00e9curit\u00e9 routi\u00e8re 2030 du Paraguay\t\t<\/h3>\n\t\t\t\t<\/div>\n\t\t\t\t<\/a>\n\t\t<\/article>\n\t\t\t\t<article class=\"elementor-portfolio-item elementor-post elementor-filter-115 elementor-filter-121 post-9297 portfolio type-portfolio status-publish has-post-thumbnail hentry portfolio_category-civil-obras-lineales-fr portfolio_category-internacional-fr\" role=\"listitem\">\n\t\t\t<a class=\"elementor-post__thumbnail__link\" href=\"https:\/\/cps.es\/fr\/portfolio\/bab-tarabulus-zone-2-4-et-6\/\">\n\t\t\t\t<div class=\"elementor-portfolio-item__img elementor-post__thumbnail\">\n\t\t\t<img loading=\"lazy\" decoding=\"async\" width=\"799\" height=\"447\" src=\"https:\/\/cps.es\/wp-content\/uploads\/2023\/01\/03-Consultancy_Supervision_BAB_TARABULUS_WorksLibya.webp\" class=\"attachment-large size-large wp-image-8032\" alt=\"\" srcset=\"https:\/\/cps.es\/wp-content\/uploads\/2023\/01\/03-Consultancy_Supervision_BAB_TARABULUS_WorksLibya.webp 799w, https:\/\/cps.es\/wp-content\/uploads\/2023\/01\/03-Consultancy_Supervision_BAB_TARABULUS_WorksLibya-300x168.webp 300w, https:\/\/cps.es\/wp-content\/uploads\/2023\/01\/03-Consultancy_Supervision_BAB_TARABULUS_WorksLibya-768x430.webp 768w, https:\/\/cps.es\/wp-content\/uploads\/2023\/01\/03-Consultancy_Supervision_BAB_TARABULUS_WorksLibya-650x364.webp 650w\" sizes=\"(max-width: 799px) 100vw, 799px\" \/>\t\t<\/div>\n\t\t\t\t<div class=\"elementor-portfolio-item__overlay\">\n\t\t\t\t<h3 class=\"elementor-portfolio-item__title\">\n\t\tBab Tarabulus Zone 2, 4 et 6\t\t<\/h3>\n\t\t\t\t<\/div>\n\t\t\t\t<\/a>\n\t\t<\/article>\n\t\t\t\t<article class=\"elementor-portfolio-item elementor-post elementor-filter-112 post-9431 portfolio type-portfolio status-publish has-post-thumbnail hentry portfolio_category-arquitectura-fr\" role=\"listitem\">\n\t\t\t<a class=\"elementor-post__thumbnail__link\" href=\"https:\/\/cps.es\/fr\/portfolio\/residence-pour-personnes-agees-dependantes-a-cullera\/\">\n\t\t\t\t<div class=\"elementor-portfolio-item__img elementor-post__thumbnail\">\n\t\t\t<img loading=\"lazy\" decoding=\"async\" width=\"1000\" height=\"481\" src=\"https:\/\/cps.es\/wp-content\/uploads\/2023\/02\/02-residencia-mayores-cullera-arquitectura.webp\" class=\"attachment-large size-large wp-image-8346\" alt=\"\" srcset=\"https:\/\/cps.es\/wp-content\/uploads\/2023\/02\/02-residencia-mayores-cullera-arquitectura.webp 1000w, https:\/\/cps.es\/wp-content\/uploads\/2023\/02\/02-residencia-mayores-cullera-arquitectura-300x144.webp 300w, https:\/\/cps.es\/wp-content\/uploads\/2023\/02\/02-residencia-mayores-cullera-arquitectura-768x369.webp 768w, https:\/\/cps.es\/wp-content\/uploads\/2023\/02\/02-residencia-mayores-cullera-arquitectura-650x313.webp 650w\" sizes=\"(max-width: 1000px) 100vw, 1000px\" \/>\t\t<\/div>\n\t\t\t\t<div class=\"elementor-portfolio-item__overlay\">\n\t\t\t\t<h3 class=\"elementor-portfolio-item__title\">\n\t\tR\u00e9sidence pour personnes \u00e2g\u00e9es d\u00e9pendantes \u00e0 Cullera\t\t<\/h3>\n\t\t\t\t<\/div>\n\t\t\t\t<\/a>\n\t\t<\/article>\n\t\t\t\t<article class=\"elementor-portfolio-item elementor-post elementor-filter-119 elementor-filter-121 post-9404 portfolio type-portfolio status-publish has-post-thumbnail hentry portfolio_category-instalaciones-fr portfolio_category-internacional-fr\" role=\"listitem\">\n\t\t\t<a class=\"elementor-post__thumbnail__link\" href=\"https:\/\/cps.es\/fr\/portfolio\/controle-de-la-vitesse-sur-les-routes-nationales-peruviennes\/\">\n\t\t\t\t<div class=\"elementor-portfolio-item__img elementor-post__thumbnail\">\n\t\t\t<img loading=\"lazy\" decoding=\"async\" width=\"800\" height=\"474\" src=\"https:\/\/cps.es\/wp-content\/uploads\/2023\/02\/04-fiscalizacion-carreteras-nacionales-peru.webp\" class=\"attachment-large size-large wp-image-8284\" alt=\"\" srcset=\"https:\/\/cps.es\/wp-content\/uploads\/2023\/02\/04-fiscalizacion-carreteras-nacionales-peru.webp 800w, https:\/\/cps.es\/wp-content\/uploads\/2023\/02\/04-fiscalizacion-carreteras-nacionales-peru-300x178.webp 300w, https:\/\/cps.es\/wp-content\/uploads\/2023\/02\/04-fiscalizacion-carreteras-nacionales-peru-768x455.webp 768w, https:\/\/cps.es\/wp-content\/uploads\/2023\/02\/04-fiscalizacion-carreteras-nacionales-peru-650x385.webp 650w\" sizes=\"(max-width: 800px) 100vw, 800px\" \/>\t\t<\/div>\n\t\t\t\t<div class=\"elementor-portfolio-item__overlay\">\n\t\t\t\t<h3 class=\"elementor-portfolio-item__title\">\n\t\tContr\u00f4le de la vitesse sur les routes nationales p\u00e9ruviennes\t\t<\/h3>\n\t\t\t\t<\/div>\n\t\t\t\t<\/a>\n\t\t<\/article>\n\t\t\t\t<article class=\"elementor-portfolio-item elementor-post elementor-filter-117 post-9371 portfolio type-portfolio status-publish has-post-thumbnail hentry portfolio_category-transportes-fr\" role=\"listitem\">\n\t\t\t<a class=\"elementor-post__thumbnail__link\" href=\"https:\/\/cps.es\/fr\/portfolio\/strategie-de-securite-routiere-pour-la-communaute-de-madrid-2021-2030\/\">\n\t\t\t\t<div class=\"elementor-portfolio-item__img elementor-post__thumbnail\">\n\t\t\t<img loading=\"lazy\" decoding=\"async\" width=\"1000\" height=\"750\" src=\"https:\/\/cps.es\/wp-content\/uploads\/2023\/01\/seguridad-vial-madrid.webp\" class=\"attachment-large size-large wp-image-14198\" alt=\"\" srcset=\"https:\/\/cps.es\/wp-content\/uploads\/2023\/01\/seguridad-vial-madrid.webp 1000w, https:\/\/cps.es\/wp-content\/uploads\/2023\/01\/seguridad-vial-madrid-300x225.webp 300w, https:\/\/cps.es\/wp-content\/uploads\/2023\/01\/seguridad-vial-madrid-768x576.webp 768w, https:\/\/cps.es\/wp-content\/uploads\/2023\/01\/seguridad-vial-madrid-650x488.webp 650w\" sizes=\"(max-width: 1000px) 100vw, 1000px\" \/>\t\t<\/div>\n\t\t\t\t<div class=\"elementor-portfolio-item__overlay\">\n\t\t\t\t<h3 class=\"elementor-portfolio-item__title\">\n\t\tStrat\u00e9gie de s\u00e9curit\u00e9 routi\u00e8re pour la Communaut\u00e9 de Madrid 2021-2030\t\t<\/h3>\n\t\t\t\t<\/div>\n\t\t\t\t<\/a>\n\t\t<\/article>\n\t\t\t\t<article class=\"elementor-portfolio-item elementor-post elementor-filter-121 post-13772 portfolio type-portfolio status-publish has-post-thumbnail hentry portfolio_category-internacional-fr\" role=\"listitem\">\n\t\t\t<a class=\"elementor-post__thumbnail__link\" href=\"https:\/\/cps.es\/fr\/portfolio\/residencia-de-mayores-dependientes-de-vall-duixo-copie\/\">\n\t\t\t\t<div class=\"elementor-portfolio-item__img elementor-post__thumbnail\">\n\t\t\t<img loading=\"lazy\" decoding=\"async\" width=\"1000\" height=\"424\" src=\"https:\/\/cps.es\/wp-content\/uploads\/2023\/10\/SUNAT-01-1024x434.webp\" class=\"attachment-large size-large wp-image-13791\" alt=\"\" srcset=\"https:\/\/cps.es\/wp-content\/uploads\/2023\/10\/SUNAT-01-1024x434.webp 1024w, https:\/\/cps.es\/wp-content\/uploads\/2023\/10\/SUNAT-01-300x127.webp 300w, https:\/\/cps.es\/wp-content\/uploads\/2023\/10\/SUNAT-01-768x325.webp 768w, https:\/\/cps.es\/wp-content\/uploads\/2023\/10\/SUNAT-01-650x275.webp 650w, https:\/\/cps.es\/wp-content\/uploads\/2023\/10\/SUNAT-01.webp 1280w\" sizes=\"(max-width: 1000px) 100vw, 1000px\" \/>\t\t<\/div>\n\t\t\t\t<div class=\"elementor-portfolio-item__overlay\">\n\t\t\t\t<h3 class=\"elementor-portfolio-item__title\">\n\t\tNouveau b\u00e2timent de la Surintendance nationale des douanes et de l&#8217;administration fiscale &#8211; SUNAT\t\t<\/h3>\n\t\t\t\t<\/div>\n\t\t\t\t<\/a>\n\t\t<\/article>\n\t\t\t\t<article class=\"elementor-portfolio-item elementor-post elementor-filter-191 post-9178 portfolio type-portfolio status-publish has-post-thumbnail hentry portfolio_category-mobilite\" role=\"listitem\">\n\t\t\t<a class=\"elementor-post__thumbnail__link\" href=\"https:\/\/cps.es\/fr\/portfolio\/gestion-de-linformation-dans-les-centres-de-gestion-du-trafic\/\">\n\t\t\t\t<div class=\"elementor-portfolio-item__img elementor-post__thumbnail\">\n\t\t\t<img loading=\"lazy\" decoding=\"async\" width=\"1000\" height=\"590\" src=\"https:\/\/cps.es\/wp-content\/uploads\/2022\/09\/transportes-y-movilidad-3-1024x604.webp\" class=\"attachment-large size-large wp-image-7368\" alt=\"\" srcset=\"https:\/\/cps.es\/wp-content\/uploads\/2022\/09\/transportes-y-movilidad-3-1024x604.webp 1024w, https:\/\/cps.es\/wp-content\/uploads\/2022\/09\/transportes-y-movilidad-3-300x177.webp 300w, https:\/\/cps.es\/wp-content\/uploads\/2022\/09\/transportes-y-movilidad-3-768x453.webp 768w, https:\/\/cps.es\/wp-content\/uploads\/2022\/09\/transportes-y-movilidad-3-1536x906.webp 1536w, https:\/\/cps.es\/wp-content\/uploads\/2022\/09\/transportes-y-movilidad-3-650x384.webp 650w, https:\/\/cps.es\/wp-content\/uploads\/2022\/09\/transportes-y-movilidad-3.webp 1600w\" sizes=\"(max-width: 1000px) 100vw, 1000px\" \/>\t\t<\/div>\n\t\t\t\t<div class=\"elementor-portfolio-item__overlay\">\n\t\t\t\t<h3 class=\"elementor-portfolio-item__title\">\n\t\tGestion de l&#8217;information dans les centres de gestion du trafic\t\t<\/h3>\n\t\t\t\t<\/div>\n\t\t\t\t<\/a>\n\t\t<\/article>\n\t\t\t\t<article class=\"elementor-portfolio-item elementor-post elementor-filter-117 elementor-filter-121 post-9283 portfolio type-portfolio status-publish has-post-thumbnail hentry portfolio_category-transportes-fr portfolio_category-internacional-fr\" role=\"listitem\">\n\t\t\t<a class=\"elementor-post__thumbnail__link\" href=\"https:\/\/cps.es\/fr\/portfolio\/supervision-de-letude-de-faisabilite-dun-couloir-de-transport-de-masse\/\">\n\t\t\t\t<div class=\"elementor-portfolio-item__img elementor-post__thumbnail\">\n\t\t\t<img loading=\"lazy\" decoding=\"async\" width=\"1000\" height=\"529\" src=\"https:\/\/cps.es\/wp-content\/uploads\/2023\/01\/supervision-estudio-viabilidad-corredor-transporte-masivo-pasajeros-1024x542.webp\" class=\"attachment-large size-large wp-image-7972\" alt=\"\" srcset=\"https:\/\/cps.es\/wp-content\/uploads\/2023\/01\/supervision-estudio-viabilidad-corredor-transporte-masivo-pasajeros-1024x542.webp 1024w, https:\/\/cps.es\/wp-content\/uploads\/2023\/01\/supervision-estudio-viabilidad-corredor-transporte-masivo-pasajeros-300x159.webp 300w, https:\/\/cps.es\/wp-content\/uploads\/2023\/01\/supervision-estudio-viabilidad-corredor-transporte-masivo-pasajeros-768x406.webp 768w, https:\/\/cps.es\/wp-content\/uploads\/2023\/01\/supervision-estudio-viabilidad-corredor-transporte-masivo-pasajeros-650x344.webp 650w, https:\/\/cps.es\/wp-content\/uploads\/2023\/01\/supervision-estudio-viabilidad-corredor-transporte-masivo-pasajeros.webp 1200w\" sizes=\"(max-width: 1000px) 100vw, 1000px\" \/>\t\t<\/div>\n\t\t\t\t<div class=\"elementor-portfolio-item__overlay\">\n\t\t\t\t<h3 class=\"elementor-portfolio-item__title\">\n\t\tSupervision de l&#8217;\u00e9tude de faisabilit\u00e9 d&#8217;un couloir de transport de masse\t\t<\/h3>\n\t\t\t\t<\/div>\n\t\t\t\t<\/a>\n\t\t<\/article>\n\t\t\t\t<article class=\"elementor-portfolio-item elementor-post elementor-filter-115 elementor-filter-121 post-9397 portfolio type-portfolio status-publish has-post-thumbnail hentry portfolio_category-civil-obras-lineales-fr portfolio_category-internacional-fr\" role=\"listitem\">\n\t\t\t<a class=\"elementor-post__thumbnail__link\" href=\"https:\/\/cps.es\/fr\/portfolio\/installation-dun-systeme-dirrigation-service-deau\/\">\n\t\t\t\t<div class=\"elementor-portfolio-item__img elementor-post__thumbnail\">\n\t\t\t<img loading=\"lazy\" decoding=\"async\" width=\"1000\" height=\"631\" src=\"https:\/\/cps.es\/wp-content\/uploads\/2023\/01\/03-sistema-riego-vilcachos-peru.webp\" class=\"attachment-large size-large wp-image-8202\" alt=\"\" srcset=\"https:\/\/cps.es\/wp-content\/uploads\/2023\/01\/03-sistema-riego-vilcachos-peru.webp 1014w, https:\/\/cps.es\/wp-content\/uploads\/2023\/01\/03-sistema-riego-vilcachos-peru-300x189.webp 300w, https:\/\/cps.es\/wp-content\/uploads\/2023\/01\/03-sistema-riego-vilcachos-peru-768x485.webp 768w, https:\/\/cps.es\/wp-content\/uploads\/2023\/01\/03-sistema-riego-vilcachos-peru-650x410.webp 650w\" sizes=\"(max-width: 1000px) 100vw, 1000px\" \/>\t\t<\/div>\n\t\t\t\t<div class=\"elementor-portfolio-item__overlay\">\n\t\t\t\t<h3 class=\"elementor-portfolio-item__title\">\n\t\tInstallation d&#8217;un syst\u00e8me d&#8217;irrigation Service d&#8217;eau\t\t<\/h3>\n\t\t\t\t<\/div>\n\t\t\t\t<\/a>\n\t\t<\/article>\n\t\t\t\t<article class=\"elementor-portfolio-item elementor-post elementor-filter-119 post-9330 portfolio type-portfolio status-publish has-post-thumbnail hentry portfolio_category-instalaciones-fr\" role=\"listitem\">\n\t\t\t<a class=\"elementor-post__thumbnail__link\" href=\"https:\/\/cps.es\/fr\/portfolio\/installations-de-luniversitat-de-valencia-campus-burjassot\/\">\n\t\t\t\t<div class=\"elementor-portfolio-item__img elementor-post__thumbnail\">\n\t\t\t<img loading=\"lazy\" decoding=\"async\" width=\"725\" height=\"508\" src=\"https:\/\/cps.es\/wp-content\/uploads\/2023\/01\/campus-burjassot-paterna_uv.webp\" class=\"attachment-large size-large wp-image-8058\" alt=\"\" srcset=\"https:\/\/cps.es\/wp-content\/uploads\/2023\/01\/campus-burjassot-paterna_uv.webp 725w, https:\/\/cps.es\/wp-content\/uploads\/2023\/01\/campus-burjassot-paterna_uv-300x210.webp 300w, https:\/\/cps.es\/wp-content\/uploads\/2023\/01\/campus-burjassot-paterna_uv-650x455.webp 650w\" sizes=\"(max-width: 725px) 100vw, 725px\" \/>\t\t<\/div>\n\t\t\t\t<div class=\"elementor-portfolio-item__overlay\">\n\t\t\t\t<h3 class=\"elementor-portfolio-item__title\">\n\t\tInstallations de l&#8217;Universitat de Val\u00e8ncia &#8211; Campus Burjassot\t\t<\/h3>\n\t\t\t\t<\/div>\n\t\t\t\t<\/a>\n\t\t<\/article>\n\t\t\t\t<article class=\"elementor-portfolio-item elementor-post elementor-filter-117 post-9205 portfolio type-portfolio status-publish has-post-thumbnail hentry portfolio_category-transportes-fr\" role=\"listitem\">\n\t\t\t<a class=\"elementor-post__thumbnail__link\" href=\"https:\/\/cps.es\/fr\/portfolio\/plan-routier-regional-de-la-rioja-2022-2030\/\">\n\t\t\t\t<div class=\"elementor-portfolio-item__img elementor-post__thumbnail\">\n\t\t\t<img loading=\"lazy\" decoding=\"async\" width=\"1000\" height=\"743\" src=\"https:\/\/cps.es\/wp-content\/uploads\/2022\/12\/03-plan-regional-carreteras-larioja-espana-1024x761.webp\" class=\"attachment-large size-large wp-image-7850\" alt=\"\" srcset=\"https:\/\/cps.es\/wp-content\/uploads\/2022\/12\/03-plan-regional-carreteras-larioja-espana-1024x761.webp 1024w, https:\/\/cps.es\/wp-content\/uploads\/2022\/12\/03-plan-regional-carreteras-larioja-espana-300x223.webp 300w, https:\/\/cps.es\/wp-content\/uploads\/2022\/12\/03-plan-regional-carreteras-larioja-espana-768x571.webp 768w, https:\/\/cps.es\/wp-content\/uploads\/2022\/12\/03-plan-regional-carreteras-larioja-espana-650x483.webp 650w, https:\/\/cps.es\/wp-content\/uploads\/2022\/12\/03-plan-regional-carreteras-larioja-espana.webp 1057w\" sizes=\"(max-width: 1000px) 100vw, 1000px\" \/>\t\t<\/div>\n\t\t\t\t<div class=\"elementor-portfolio-item__overlay\">\n\t\t\t\t<h3 class=\"elementor-portfolio-item__title\">\n\t\tPlan routier r\u00e9gional de La Rioja 2022-2030\t\t<\/h3>\n\t\t\t\t<\/div>\n\t\t\t\t<\/a>\n\t\t<\/article>\n\t\t\t\t<article class=\"elementor-portfolio-item elementor-post elementor-filter-115 post-9377 portfolio type-portfolio status-publish has-post-thumbnail hentry portfolio_category-civil-obras-lineales-fr\" role=\"listitem\">\n\t\t\t<a class=\"elementor-post__thumbnail__link\" href=\"https:\/\/cps.es\/fr\/portfolio\/station-mercado-ligne-2-metrovalencia\/\">\n\t\t\t\t<div class=\"elementor-portfolio-item__img elementor-post__thumbnail\">\n\t\t\t<img loading=\"lazy\" decoding=\"async\" width=\"1000\" height=\"438\" src=\"https:\/\/cps.es\/wp-content\/uploads\/2023\/01\/05_Valencia_Mercado_Central_Metro-1024x449.webp\" class=\"attachment-large size-large wp-image-8208\" alt=\"\" srcset=\"https:\/\/cps.es\/wp-content\/uploads\/2023\/01\/05_Valencia_Mercado_Central_Metro-1024x449.webp 1024w, https:\/\/cps.es\/wp-content\/uploads\/2023\/01\/05_Valencia_Mercado_Central_Metro-300x132.webp 300w, https:\/\/cps.es\/wp-content\/uploads\/2023\/01\/05_Valencia_Mercado_Central_Metro-768x337.webp 768w, https:\/\/cps.es\/wp-content\/uploads\/2023\/01\/05_Valencia_Mercado_Central_Metro-650x285.webp 650w, https:\/\/cps.es\/wp-content\/uploads\/2023\/01\/05_Valencia_Mercado_Central_Metro.webp 1434w\" sizes=\"(max-width: 1000px) 100vw, 1000px\" \/>\t\t<\/div>\n\t\t\t\t<div class=\"elementor-portfolio-item__overlay\">\n\t\t\t\t<h3 class=\"elementor-portfolio-item__title\">\n\t\tStation Mercado, ligne 2 Metrovalencia\t\t<\/h3>\n\t\t\t\t<\/div>\n\t\t\t\t<\/a>\n\t\t<\/article>\n\t\t\t\t<article class=\"elementor-portfolio-item elementor-post elementor-filter-117 elementor-filter-121 post-9398 portfolio type-portfolio status-publish has-post-thumbnail hentry portfolio_category-transportes-fr portfolio_category-internacional-fr\" role=\"listitem\">\n\t\t\t<a class=\"elementor-post__thumbnail__link\" href=\"https:\/\/cps.es\/fr\/portfolio\/plan-integral-de-mobilite-urbaine-durable-pimus-du-canton-de-guayaquil\/\">\n\t\t\t\t<div class=\"elementor-portfolio-item__img elementor-post__thumbnail\">\n\t\t\t<img loading=\"lazy\" decoding=\"async\" width=\"1000\" height=\"573\" src=\"https:\/\/cps.es\/wp-content\/uploads\/2023\/02\/04-actualizacion-plan-integral-movilidad-urbana-sostenible-canton-guayaquil-pimus-1024x587.webp\" class=\"attachment-large size-large wp-image-8252\" alt=\"\" srcset=\"https:\/\/cps.es\/wp-content\/uploads\/2023\/02\/04-actualizacion-plan-integral-movilidad-urbana-sostenible-canton-guayaquil-pimus-1024x587.webp 1024w, https:\/\/cps.es\/wp-content\/uploads\/2023\/02\/04-actualizacion-plan-integral-movilidad-urbana-sostenible-canton-guayaquil-pimus-300x172.webp 300w, https:\/\/cps.es\/wp-content\/uploads\/2023\/02\/04-actualizacion-plan-integral-movilidad-urbana-sostenible-canton-guayaquil-pimus-768x440.webp 768w, https:\/\/cps.es\/wp-content\/uploads\/2023\/02\/04-actualizacion-plan-integral-movilidad-urbana-sostenible-canton-guayaquil-pimus-650x372.webp 650w, https:\/\/cps.es\/wp-content\/uploads\/2023\/02\/04-actualizacion-plan-integral-movilidad-urbana-sostenible-canton-guayaquil-pimus.webp 1477w\" sizes=\"(max-width: 1000px) 100vw, 1000px\" \/>\t\t<\/div>\n\t\t\t\t<div class=\"elementor-portfolio-item__overlay\">\n\t\t\t\t<h3 class=\"elementor-portfolio-item__title\">\n\t\tPlan int\u00e9gral de mobilit\u00e9 urbaine durable (PIMUS) du canton de Guayaquil\t\t<\/h3>\n\t\t\t\t<\/div>\n\t\t\t\t<\/a>\n\t\t<\/article>\n\t\t\t\t<article class=\"elementor-portfolio-item elementor-post elementor-filter-115 post-9335 portfolio type-portfolio status-publish has-post-thumbnail hentry portfolio_category-civil-obras-lineales-fr\" role=\"listitem\">\n\t\t\t<a class=\"elementor-post__thumbnail__link\" href=\"https:\/\/cps.es\/fr\/portfolio\/permeabilisation-de-la-piste-cyclable-de-lautoroute-cv-30\/\">\n\t\t\t\t<div class=\"elementor-portfolio-item__img elementor-post__thumbnail\">\n\t\t\t<img loading=\"lazy\" decoding=\"async\" width=\"1000\" height=\"601\" src=\"https:\/\/cps.es\/wp-content\/uploads\/2023\/01\/01-permeabilizacion-ciclopeatonal-autovia-cv-30.webp\" class=\"attachment-large size-large wp-image-8090\" alt=\"\" srcset=\"https:\/\/cps.es\/wp-content\/uploads\/2023\/01\/01-permeabilizacion-ciclopeatonal-autovia-cv-30.webp 1000w, https:\/\/cps.es\/wp-content\/uploads\/2023\/01\/01-permeabilizacion-ciclopeatonal-autovia-cv-30-300x180.webp 300w, https:\/\/cps.es\/wp-content\/uploads\/2023\/01\/01-permeabilizacion-ciclopeatonal-autovia-cv-30-768x462.webp 768w, https:\/\/cps.es\/wp-content\/uploads\/2023\/01\/01-permeabilizacion-ciclopeatonal-autovia-cv-30-650x391.webp 650w\" sizes=\"(max-width: 1000px) 100vw, 1000px\" \/>\t\t<\/div>\n\t\t\t\t<div class=\"elementor-portfolio-item__overlay\">\n\t\t\t\t<h3 class=\"elementor-portfolio-item__title\">\n\t\tPerm\u00e9abilisation de la piste cyclable de l&#8217;autoroute CV-30.\t\t<\/h3>\n\t\t\t\t<\/div>\n\t\t\t\t<\/a>\n\t\t<\/article>\n\t\t\t\t<article class=\"elementor-portfolio-item elementor-post elementor-filter-115 post-9202 portfolio type-portfolio status-publish has-post-thumbnail hentry portfolio_category-civil-obras-lineales-fr\" role=\"listitem\">\n\t\t\t<a class=\"elementor-post__thumbnail__link\" href=\"https:\/\/cps.es\/fr\/portfolio\/augmentation-du-tirant-deau-a-muelle-principe-felipe-port-de-valence\/\">\n\t\t\t\t<div class=\"elementor-portfolio-item__img elementor-post__thumbnail\">\n\t\t\t<img loading=\"lazy\" decoding=\"async\" width=\"1000\" height=\"625\" src=\"https:\/\/cps.es\/wp-content\/uploads\/2022\/11\/01muelle-principe-felipe-cps-puertos-ingenieria-civil-1024x640.webp\" class=\"attachment-large size-large wp-image-7798\" alt=\"\" srcset=\"https:\/\/cps.es\/wp-content\/uploads\/2022\/11\/01muelle-principe-felipe-cps-puertos-ingenieria-civil-1024x640.webp 1024w, https:\/\/cps.es\/wp-content\/uploads\/2022\/11\/01muelle-principe-felipe-cps-puertos-ingenieria-civil-300x188.webp 300w, https:\/\/cps.es\/wp-content\/uploads\/2022\/11\/01muelle-principe-felipe-cps-puertos-ingenieria-civil-768x480.webp 768w, https:\/\/cps.es\/wp-content\/uploads\/2022\/11\/01muelle-principe-felipe-cps-puertos-ingenieria-civil-650x406.webp 650w, https:\/\/cps.es\/wp-content\/uploads\/2022\/11\/01muelle-principe-felipe-cps-puertos-ingenieria-civil.webp 1500w\" sizes=\"(max-width: 1000px) 100vw, 1000px\" \/>\t\t<\/div>\n\t\t\t\t<div class=\"elementor-portfolio-item__overlay\">\n\t\t\t\t<h3 class=\"elementor-portfolio-item__title\">\n\t\tAugmentation du tirant d&#8217;eau \u00e0 Muelle Pr\u00edncipe Felipe, Port de Valence\t\t<\/h3>\n\t\t\t\t<\/div>\n\t\t\t\t<\/a>\n\t\t<\/article>\n\t\t\t\t<article class=\"elementor-portfolio-item elementor-post elementor-filter-119 post-9331 portfolio type-portfolio status-publish has-post-thumbnail hentry portfolio_category-instalaciones-fr\" role=\"listitem\">\n\t\t\t<a class=\"elementor-post__thumbnail__link\" href=\"https:\/\/cps.es\/fr\/portfolio\/nouvelle-bibliotheque-publique-detat-a-malaga\/\">\n\t\t\t\t<div class=\"elementor-portfolio-item__img elementor-post__thumbnail\">\n\t\t\t<img loading=\"lazy\" decoding=\"async\" width=\"1000\" height=\"716\" src=\"https:\/\/cps.es\/wp-content\/uploads\/2023\/01\/instalaciones-edificios-terciarios-nueva-biblioteca-publica-estado-malaga-1024x733.webp\" class=\"attachment-large size-large wp-image-8106\" alt=\"\" srcset=\"https:\/\/cps.es\/wp-content\/uploads\/2023\/01\/instalaciones-edificios-terciarios-nueva-biblioteca-publica-estado-malaga-1024x733.webp 1024w, https:\/\/cps.es\/wp-content\/uploads\/2023\/01\/instalaciones-edificios-terciarios-nueva-biblioteca-publica-estado-malaga-300x215.webp 300w, https:\/\/cps.es\/wp-content\/uploads\/2023\/01\/instalaciones-edificios-terciarios-nueva-biblioteca-publica-estado-malaga-768x550.webp 768w, https:\/\/cps.es\/wp-content\/uploads\/2023\/01\/instalaciones-edificios-terciarios-nueva-biblioteca-publica-estado-malaga-650x465.webp 650w, https:\/\/cps.es\/wp-content\/uploads\/2023\/01\/instalaciones-edificios-terciarios-nueva-biblioteca-publica-estado-malaga.webp 1200w\" sizes=\"(max-width: 1000px) 100vw, 1000px\" \/>\t\t<\/div>\n\t\t\t\t<div class=\"elementor-portfolio-item__overlay\">\n\t\t\t\t<h3 class=\"elementor-portfolio-item__title\">\n\t\tNouvelle biblioth\u00e8que publique d&#8217;\u00c9tat \u00e0 Malaga\t\t<\/h3>\n\t\t\t\t<\/div>\n\t\t\t\t<\/a>\n\t\t<\/article>\n\t\t\t\t<article class=\"elementor-portfolio-item elementor-post elementor-filter-119 elementor-filter-121 post-9425 portfolio type-portfolio status-publish has-post-thumbnail hentry portfolio_category-instalaciones-fr portfolio_category-internacional-fr\" role=\"listitem\">\n\t\t\t<a class=\"elementor-post__thumbnail__link\" href=\"https:\/\/cps.es\/fr\/portfolio\/integration-intersecretariats-et-exploitation-des-solutions-sti-au-mexique\/\">\n\t\t\t\t<div class=\"elementor-portfolio-item__img elementor-post__thumbnail\">\n\t\t\t<img loading=\"lazy\" decoding=\"async\" width=\"1000\" height=\"553\" src=\"https:\/\/cps.es\/wp-content\/uploads\/2023\/02\/02-integracion-operacion-intersectorial-soluciones-its-mexico.webp\" class=\"attachment-large size-large wp-image-8302\" alt=\"\" srcset=\"https:\/\/cps.es\/wp-content\/uploads\/2023\/02\/02-integracion-operacion-intersectorial-soluciones-its-mexico.webp 1000w, https:\/\/cps.es\/wp-content\/uploads\/2023\/02\/02-integracion-operacion-intersectorial-soluciones-its-mexico-300x166.webp 300w, https:\/\/cps.es\/wp-content\/uploads\/2023\/02\/02-integracion-operacion-intersectorial-soluciones-its-mexico-768x425.webp 768w, https:\/\/cps.es\/wp-content\/uploads\/2023\/02\/02-integracion-operacion-intersectorial-soluciones-its-mexico-650x359.webp 650w\" sizes=\"(max-width: 1000px) 100vw, 1000px\" \/>\t\t<\/div>\n\t\t\t\t<div class=\"elementor-portfolio-item__overlay\">\n\t\t\t\t<h3 class=\"elementor-portfolio-item__title\">\n\t\tInt\u00e9gration intersecr\u00e9tariats et exploitation des solutions STI au Mexique\t\t<\/h3>\n\t\t\t\t<\/div>\n\t\t\t\t<\/a>\n\t\t<\/article>\n\t\t\t\t<article class=\"elementor-portfolio-item elementor-post elementor-filter-115 post-9162 portfolio type-portfolio status-publish has-post-thumbnail hentry portfolio_category-civil-obras-lineales-fr\" role=\"listitem\">\n\t\t\t<a class=\"elementor-post__thumbnail__link\" href=\"https:\/\/cps.es\/fr\/portfolio\/acces-a-laeroport-de-valence-autoroute-v-30\/\">\n\t\t\t\t<div class=\"elementor-portfolio-item__img elementor-post__thumbnail\">\n\t\t\t<img loading=\"lazy\" decoding=\"async\" width=\"1000\" height=\"745\" src=\"https:\/\/cps.es\/wp-content\/uploads\/2022\/08\/Acceso-al-aeropuerto-de-Valencia.-Autovi\u0301a-V-30--1024x763.webp\" class=\"attachment-large size-large wp-image-7364\" alt=\"\" srcset=\"https:\/\/cps.es\/wp-content\/uploads\/2022\/08\/Acceso-al-aeropuerto-de-Valencia.-Autovi\u0301a-V-30--1024x763.webp 1024w, https:\/\/cps.es\/wp-content\/uploads\/2022\/08\/Acceso-al-aeropuerto-de-Valencia.-Autovi\u0301a-V-30--300x223.webp 300w, https:\/\/cps.es\/wp-content\/uploads\/2022\/08\/Acceso-al-aeropuerto-de-Valencia.-Autovi\u0301a-V-30--768x572.webp 768w, https:\/\/cps.es\/wp-content\/uploads\/2022\/08\/Acceso-al-aeropuerto-de-Valencia.-Autovi\u0301a-V-30--1536x1144.webp 1536w, https:\/\/cps.es\/wp-content\/uploads\/2022\/08\/Acceso-al-aeropuerto-de-Valencia.-Autovi\u0301a-V-30--650x484.webp 650w, https:\/\/cps.es\/wp-content\/uploads\/2022\/08\/Acceso-al-aeropuerto-de-Valencia.-Autovi\u0301a-V-30-.webp 1568w\" sizes=\"(max-width: 1000px) 100vw, 1000px\" \/>\t\t<\/div>\n\t\t\t\t<div class=\"elementor-portfolio-item__overlay\">\n\t\t\t\t<h3 class=\"elementor-portfolio-item__title\">\n\t\tAcc\u00e8s \u00e0 l&#8217;a\u00e9roport de Valence. Autoroute V-30\t\t<\/h3>\n\t\t\t\t<\/div>\n\t\t\t\t<\/a>\n\t\t<\/article>\n\t\t\t\t<article class=\"elementor-portfolio-item elementor-post elementor-filter-112 post-9277 portfolio type-portfolio status-publish has-post-thumbnail hentry portfolio_category-arquitectura-fr\" role=\"listitem\">\n\t\t\t<a class=\"elementor-post__thumbnail__link\" href=\"https:\/\/cps.es\/fr\/portfolio\/centre-public-deducation-speciale-alberto-tortajada\/\">\n\t\t\t\t<div class=\"elementor-portfolio-item__img elementor-post__thumbnail\">\n\t\t\t<img loading=\"lazy\" decoding=\"async\" width=\"1000\" height=\"563\" src=\"https:\/\/cps.es\/wp-content\/uploads\/2023\/01\/01-centro-educacion-especial-publico-alberto-tortajada.webp\" class=\"attachment-large size-large wp-image-8004\" alt=\"\" srcset=\"https:\/\/cps.es\/wp-content\/uploads\/2023\/01\/01-centro-educacion-especial-publico-alberto-tortajada.webp 1000w, https:\/\/cps.es\/wp-content\/uploads\/2023\/01\/01-centro-educacion-especial-publico-alberto-tortajada-300x169.webp 300w, https:\/\/cps.es\/wp-content\/uploads\/2023\/01\/01-centro-educacion-especial-publico-alberto-tortajada-768x432.webp 768w, https:\/\/cps.es\/wp-content\/uploads\/2023\/01\/01-centro-educacion-especial-publico-alberto-tortajada-650x366.webp 650w\" sizes=\"(max-width: 1000px) 100vw, 1000px\" \/>\t\t<\/div>\n\t\t\t\t<div class=\"elementor-portfolio-item__overlay\">\n\t\t\t\t<h3 class=\"elementor-portfolio-item__title\">\n\t\tCentre public d&#8217;\u00e9ducation sp\u00e9ciale Alberto Tortajada\t\t<\/h3>\n\t\t\t\t<\/div>\n\t\t\t\t<\/a>\n\t\t<\/article>\n\t\t\t\t<article class=\"elementor-portfolio-item elementor-post elementor-filter-119 post-9307 portfolio type-portfolio status-publish has-post-thumbnail hentry portfolio_category-instalaciones-fr\" role=\"listitem\">\n\t\t\t<a class=\"elementor-post__thumbnail__link\" href=\"https:\/\/cps.es\/fr\/portfolio\/centre-penitentiaire-de-fontcalet\/\">\n\t\t\t\t<div class=\"elementor-portfolio-item__img elementor-post__thumbnail\">\n\t\t\t<img loading=\"lazy\" decoding=\"async\" width=\"1000\" height=\"723\" src=\"https:\/\/cps.es\/wp-content\/uploads\/2023\/01\/instalaciones-edificios-terciarios-fontcalet.webp\" class=\"attachment-large size-large wp-image-8102\" alt=\"\" srcset=\"https:\/\/cps.es\/wp-content\/uploads\/2023\/01\/instalaciones-edificios-terciarios-fontcalet.webp 1000w, https:\/\/cps.es\/wp-content\/uploads\/2023\/01\/instalaciones-edificios-terciarios-fontcalet-300x217.webp 300w, https:\/\/cps.es\/wp-content\/uploads\/2023\/01\/instalaciones-edificios-terciarios-fontcalet-768x555.webp 768w, https:\/\/cps.es\/wp-content\/uploads\/2023\/01\/instalaciones-edificios-terciarios-fontcalet-650x470.webp 650w\" sizes=\"(max-width: 1000px) 100vw, 1000px\" \/>\t\t<\/div>\n\t\t\t\t<div class=\"elementor-portfolio-item__overlay\">\n\t\t\t\t<h3 class=\"elementor-portfolio-item__title\">\n\t\tCentre p\u00e9nitentiaire de Fontcalet\t\t<\/h3>\n\t\t\t\t<\/div>\n\t\t\t\t<\/a>\n\t\t<\/article>\n\t\t\t\t<article class=\"elementor-portfolio-item elementor-post elementor-filter-117 post-9334 portfolio type-portfolio status-publish has-post-thumbnail hentry portfolio_category-transportes-fr\" role=\"listitem\">\n\t\t\t<a class=\"elementor-post__thumbnail__link\" href=\"https:\/\/cps.es\/fr\/portfolio\/plan-de-developpement-logistique-du-perou\/\">\n\t\t\t\t<div class=\"elementor-portfolio-item__img elementor-post__thumbnail\">\n\t\t\t<img loading=\"lazy\" decoding=\"async\" width=\"1000\" height=\"716\" src=\"https:\/\/cps.es\/wp-content\/uploads\/2023\/01\/02-plan-logistico-peru-transportes.webp\" class=\"attachment-large size-large wp-image-8070\" alt=\"\" srcset=\"https:\/\/cps.es\/wp-content\/uploads\/2023\/01\/02-plan-logistico-peru-transportes.webp 1000w, https:\/\/cps.es\/wp-content\/uploads\/2023\/01\/02-plan-logistico-peru-transportes-300x215.webp 300w, https:\/\/cps.es\/wp-content\/uploads\/2023\/01\/02-plan-logistico-peru-transportes-768x550.webp 768w, https:\/\/cps.es\/wp-content\/uploads\/2023\/01\/02-plan-logistico-peru-transportes-650x465.webp 650w\" sizes=\"(max-width: 1000px) 100vw, 1000px\" \/>\t\t<\/div>\n\t\t\t\t<div class=\"elementor-portfolio-item__overlay\">\n\t\t\t\t<h3 class=\"elementor-portfolio-item__title\">\n\t\tPlan de d\u00e9veloppement logistique du P\u00e9rou\t\t<\/h3>\n\t\t\t\t<\/div>\n\t\t\t\t<\/a>\n\t\t<\/article>\n\t\t\t\t<article class=\"elementor-portfolio-item elementor-post elementor-filter-117 post-9409 portfolio type-portfolio status-publish has-post-thumbnail hentry portfolio_category-transportes-fr\" role=\"listitem\">\n\t\t\t<a class=\"elementor-post__thumbnail__link\" href=\"https:\/\/cps.es\/fr\/portfolio\/securite-routiere-sur-le-reseau-routier-du-gouvernement-regional-destremadure\/\">\n\t\t\t\t<div class=\"elementor-portfolio-item__img elementor-post__thumbnail\">\n\t\t\t<img loading=\"lazy\" decoding=\"async\" width=\"1000\" height=\"688\" src=\"https:\/\/cps.es\/wp-content\/uploads\/2023\/01\/01-seguridad-viaria-red-carreteras-junta-extremadura.webp\" class=\"attachment-large size-large wp-image-8124\" alt=\"\" srcset=\"https:\/\/cps.es\/wp-content\/uploads\/2023\/01\/01-seguridad-viaria-red-carreteras-junta-extremadura.webp 1000w, https:\/\/cps.es\/wp-content\/uploads\/2023\/01\/01-seguridad-viaria-red-carreteras-junta-extremadura-300x206.webp 300w, https:\/\/cps.es\/wp-content\/uploads\/2023\/01\/01-seguridad-viaria-red-carreteras-junta-extremadura-768x528.webp 768w, https:\/\/cps.es\/wp-content\/uploads\/2023\/01\/01-seguridad-viaria-red-carreteras-junta-extremadura-650x447.webp 650w\" sizes=\"(max-width: 1000px) 100vw, 1000px\" \/>\t\t<\/div>\n\t\t\t\t<div class=\"elementor-portfolio-item__overlay\">\n\t\t\t\t<h3 class=\"elementor-portfolio-item__title\">\n\t\tS\u00e9curit\u00e9 routi\u00e8re sur le r\u00e9seau routier du gouvernement r\u00e9gional d&#8217;Estr\u00e9madure\t\t<\/h3>\n\t\t\t\t<\/div>\n\t\t\t\t<\/a>\n\t\t<\/article>\n\t\t\t\t<article class=\"elementor-portfolio-item elementor-post elementor-filter-112 post-9257 portfolio type-portfolio status-publish has-post-thumbnail hentry portfolio_category-arquitectura-fr\" role=\"listitem\">\n\t\t\t<a class=\"elementor-post__thumbnail__link\" href=\"https:\/\/cps.es\/fr\/portfolio\/ceip-joanot-martorell\/\">\n\t\t\t\t<div class=\"elementor-portfolio-item__img elementor-post__thumbnail\">\n\t\t\t<img loading=\"lazy\" decoding=\"async\" width=\"1000\" height=\"596\" src=\"https:\/\/cps.es\/wp-content\/uploads\/2023\/01\/01-ceip-joanot-martorell.webp\" class=\"attachment-large size-large wp-image-7998\" alt=\"\" srcset=\"https:\/\/cps.es\/wp-content\/uploads\/2023\/01\/01-ceip-joanot-martorell.webp 1000w, https:\/\/cps.es\/wp-content\/uploads\/2023\/01\/01-ceip-joanot-martorell-300x179.webp 300w, https:\/\/cps.es\/wp-content\/uploads\/2023\/01\/01-ceip-joanot-martorell-768x458.webp 768w, https:\/\/cps.es\/wp-content\/uploads\/2023\/01\/01-ceip-joanot-martorell-650x387.webp 650w\" sizes=\"(max-width: 1000px) 100vw, 1000px\" \/>\t\t<\/div>\n\t\t\t\t<div class=\"elementor-portfolio-item__overlay\">\n\t\t\t\t<h3 class=\"elementor-portfolio-item__title\">\n\t\tCEIP Joanot Martorell\t\t<\/h3>\n\t\t\t\t<\/div>\n\t\t\t\t<\/a>\n\t\t<\/article>\n\t\t\t\t<\/div>\n\t\t\t\t\t\t<\/div>\n\t\t\t\t<\/div>\n\t\t\t\t\t<\/div>\n\t\t<\/div>\n\t\t\t\t\t<\/div>\n\t\t<\/section>\n\t\t\t\t<\/div>\n\t\t","protected":false},"excerpt":{"rendered":"<p>Notre exp\u00e9rience<\/p>\n","protected":false},"author":9,"featured_media":0,"parent":0,"menu_order":0,"comment_status":"closed","ping_status":"closed","template":"","meta":{"footnotes":""},"class_list":["post-8372","page","type-page","status-publish","hentry"],"_links":{"self":[{"href":"https:\/\/cps.es\/fr\/wp-json\/wp\/v2\/pages\/8372","targetHints":{"allow":["GET"]}}],"collection":[{"href":"https:\/\/cps.es\/fr\/wp-json\/wp\/v2\/pages"}],"about":[{"href":"https:\/\/cps.es\/fr\/wp-json\/wp\/v2\/types\/page"}],"author":[{"embeddable":true,"href":"https:\/\/cps.es\/fr\/wp-json\/wp\/v2\/users\/9"}],"replies":[{"embeddable":true,"href":"https:\/\/cps.es\/fr\/wp-json\/wp\/v2\/comments?post=8372"}],"version-history":[{"count":4,"href":"https:\/\/cps.es\/fr\/wp-json\/wp\/v2\/pages\/8372\/revisions"}],"predecessor-version":[{"id":9690,"href":"https:\/\/cps.es\/fr\/wp-json\/wp\/v2\/pages\/8372\/revisions\/9690"}],"wp:attachment":[{"href":"https:\/\/cps.es\/fr\/wp-json\/wp\/v2\/media?parent=8372"}],"curies":[{"name":"wp","href":"https:\/\/api.w.org\/{rel}","templated":true}]}}