{"id":9161,"date":"2022-09-01T19:18:22","date_gmt":"2022-09-01T19:18:22","guid":{"rendered":"https:\/\/cps.es\/portfolio\/ceip-les-foies\/"},"modified":"2023-03-08T09:43:20","modified_gmt":"2023-03-08T09:43:20","slug":"ceip-les-foies","status":"publish","type":"portfolio","link":"https:\/\/cps.es\/fr\/portfolio\/ceip-les-foies\/","title":{"rendered":"CEIP Les Foies"},"content":{"rendered":"\t\t<div data-elementor-type=\"wp-post\" data-elementor-id=\"9161\" class=\"elementor elementor-9161 elementor-854\" data-elementor-post-type=\"portfolio\">\n\t\t\t\t\t\t<section class=\"elementor-section elementor-top-section elementor-element elementor-element-555ae3b3 elementor-section-boxed elementor-section-height-default elementor-section-height-default\" data-id=\"555ae3b3\" data-element_type=\"section\" data-e-type=\"section\">\n\t\t\t\t\t\t<div class=\"elementor-container elementor-column-gap-default\">\n\t\t\t\t\t<div class=\"elementor-column elementor-col-50 elementor-top-column elementor-element elementor-element-8014629\" data-id=\"8014629\" data-element_type=\"column\" data-e-type=\"column\">\n\t\t\t<div class=\"elementor-widget-wrap elementor-element-populated\">\n\t\t\t\t\t\t<div class=\"elementor-element elementor-element-634f2be6 elementor-widget__width-initial elementor-widget-tablet__width-initial elementor-widget elementor-widget-heading\" data-id=\"634f2be6\" data-element_type=\"widget\" data-e-type=\"widget\" data-widget_type=\"heading.default\">\n\t\t\t\t<div class=\"elementor-widget-container\">\n\t\t\t\t\t<h1 class=\"elementor-heading-title elementor-size-default\">Nouveau CEIP Les Foies de Gand\u00eda<\/h1>\t\t\t\t<\/div>\n\t\t\t\t<\/div>\n\t\t\t\t<div class=\"elementor-element elementor-element-229af156 elementor-widget elementor-widget-spacer\" data-id=\"229af156\" data-element_type=\"widget\" data-e-type=\"widget\" data-widget_type=\"spacer.default\">\n\t\t\t\t<div class=\"elementor-widget-container\">\n\t\t\t\t\t\t\t<div class=\"elementor-spacer\">\n\t\t\t<div class=\"elementor-spacer-inner\"><\/div>\n\t\t<\/div>\n\t\t\t\t\t\t<\/div>\n\t\t\t\t<\/div>\n\t\t\t\t<div class=\"elementor-element elementor-element-59a45a40 elementor-widget__width-initial elementor-widget elementor-widget-text-editor\" data-id=\"59a45a40\" data-element_type=\"widget\" data-e-type=\"widget\" data-widget_type=\"text-editor.default\">\n\t\t\t\t<div class=\"elementor-widget-container\">\n\t\t\t\t\t\t\t\t\t<p style=\"text-align: justify;\">L&#8217;\u00e9cole maternelle et primaire LES FOIES sera construite sur une partie de la parcelle EQ3 du secteur Les Foies. Il s&#8217;agit d&#8217;un centre nouvellement construit avec un programme de base : 3I + 6P, trois classes maternelles, six classes primaires, un espace sportif-gymnase et une salle \u00e0 manger, avec possibilit\u00e9 d&#8217;extension. La surface b\u00e2tie totale est de 2 896,81<sup>m2<\/sup>, d\u00e9velopp\u00e9e sur un terrain de 7 242,79<sup>m2<\/sup>.<\/p>\n\t\t\t\t\t\t\t\t<\/div>\n\t\t\t\t<\/div>\n\t\t\t\t\t<\/div>\n\t\t<\/div>\n\t\t\t\t<div class=\"elementor-column elementor-col-50 elementor-top-column elementor-element elementor-element-2ee1fe9f animated-fast elementor-invisible\" data-id=\"2ee1fe9f\" data-element_type=\"column\" data-e-type=\"column\" data-settings=\"{&quot;animation&quot;:&quot;fadeInUp&quot;}\">\n\t\t\t<div class=\"elementor-widget-wrap elementor-element-populated\">\n\t\t\t\t\t\t<div class=\"elementor-element elementor-element-b71e898 elementor-widget elementor-widget-image\" data-id=\"b71e898\" data-element_type=\"widget\" data-e-type=\"widget\" data-widget_type=\"image.default\">\n\t\t\t\t<div class=\"elementor-widget-container\">\n\t\t\t\t\t\t\t\t\t\t\t\t\t\t\t<img fetchpriority=\"high\" decoding=\"async\" width=\"667\" height=\"629\" src=\"https:\/\/cps.es\/wp-content\/uploads\/2022\/09\/CEIP-Les-Foies-2.webp\" class=\"attachment-full size-full wp-image-7344\" alt=\"\" srcset=\"https:\/\/cps.es\/wp-content\/uploads\/2022\/09\/CEIP-Les-Foies-2.webp 667w, https:\/\/cps.es\/wp-content\/uploads\/2022\/09\/CEIP-Les-Foies-2-300x283.webp 300w, https:\/\/cps.es\/wp-content\/uploads\/2022\/09\/CEIP-Les-Foies-2-650x613.webp 650w\" sizes=\"(max-width: 667px) 100vw, 667px\" \/>\t\t\t\t\t\t\t\t\t\t\t\t\t\t\t<\/div>\n\t\t\t\t<\/div>\n\t\t\t\t<div class=\"elementor-element elementor-element-6087b02d elementor-widget__width-initial elementor-absolute elementor-widget elementor-widget-spacer\" data-id=\"6087b02d\" data-element_type=\"widget\" data-e-type=\"widget\" data-settings=\"{&quot;_position&quot;:&quot;absolute&quot;}\" data-widget_type=\"spacer.default\">\n\t\t\t\t<div class=\"elementor-widget-container\">\n\t\t\t\t\t\t\t<div class=\"elementor-spacer\">\n\t\t\t<div class=\"elementor-spacer-inner\"><\/div>\n\t\t<\/div>\n\t\t\t\t\t\t<\/div>\n\t\t\t\t<\/div>\n\t\t\t\t<div class=\"elementor-element elementor-element-68683deb elementor-widget__width-auto elementor-absolute elementor-widget elementor-widget-image\" data-id=\"68683deb\" data-element_type=\"widget\" data-e-type=\"widget\" data-settings=\"{&quot;_position&quot;:&quot;absolute&quot;}\" data-widget_type=\"image.default\">\n\t\t\t\t<div class=\"elementor-widget-container\">\n\t\t\t\t\t\t\t\t\t\t\t\t\t\t\t<img decoding=\"async\" width=\"300\" height=\"544\" src=\"https:\/\/cps.es\/wp-content\/uploads\/2022\/09\/Team-Innovation-BG-Element.webp\" class=\"attachment-full size-full wp-image-7300\" alt=\"\" srcset=\"https:\/\/cps.es\/wp-content\/uploads\/2022\/09\/Team-Innovation-BG-Element.webp 300w, https:\/\/cps.es\/wp-content\/uploads\/2022\/09\/Team-Innovation-BG-Element-165x300.webp 165w\" sizes=\"(max-width: 300px) 100vw, 300px\" \/>\t\t\t\t\t\t\t\t\t\t\t\t\t\t\t<\/div>\n\t\t\t\t<\/div>\n\t\t\t\t\t<\/div>\n\t\t<\/div>\n\t\t\t\t\t<\/div>\n\t\t<\/section>\n\t\t\t\t<div class=\"elementor-section elementor-top-section elementor-element elementor-element-4a3eedd5 elementor-section-boxed elementor-section-height-default elementor-section-height-default\" data-id=\"4a3eedd5\" data-element_type=\"section\" data-e-type=\"section\" data-settings=\"{&quot;background_background&quot;:&quot;classic&quot;}\">\n\t\t\t\t\t\t<div class=\"elementor-container elementor-column-gap-default\">\n\t\t\t\t\t<div class=\"elementor-column elementor-col-100 elementor-top-column elementor-element elementor-element-6a894ce1\" data-id=\"6a894ce1\" data-element_type=\"column\" data-e-type=\"column\">\n\t\t\t<div class=\"elementor-widget-wrap elementor-element-populated\">\n\t\t\t\t\t\t<section class=\"elementor-section elementor-inner-section elementor-element elementor-element-2c3e12d2 elementor-section-boxed elementor-section-height-default elementor-section-height-default\" data-id=\"2c3e12d2\" data-element_type=\"section\" data-e-type=\"section\">\n\t\t\t\t\t\t<div class=\"elementor-container elementor-column-gap-default\">\n\t\t\t\t\t<div class=\"elementor-column elementor-col-50 elementor-inner-column elementor-element elementor-element-5ee05cd7 elementor-invisible\" data-id=\"5ee05cd7\" data-element_type=\"column\" data-e-type=\"column\" data-settings=\"{&quot;background_background&quot;:&quot;classic&quot;,&quot;animation&quot;:&quot;fadeInUp&quot;,&quot;animation_delay&quot;:300}\">\n\t\t\t<div class=\"elementor-widget-wrap elementor-element-populated\">\n\t\t\t\t\t\t<div class=\"elementor-element elementor-element-bc303b1 elementor-widget elementor-widget-image\" data-id=\"bc303b1\" data-element_type=\"widget\" data-e-type=\"widget\" data-widget_type=\"image.default\">\n\t\t\t\t<div class=\"elementor-widget-container\">\n\t\t\t\t\t\t\t\t\t\t\t\t\t\t\t<img decoding=\"async\" width=\"1000\" height=\"558\" src=\"https:\/\/cps.es\/wp-content\/uploads\/2022\/09\/ceip-les-foies-gandia-cps-arquitectura.webp\" class=\"attachment-large size-large wp-image-8344\" alt=\"\" srcset=\"https:\/\/cps.es\/wp-content\/uploads\/2022\/09\/ceip-les-foies-gandia-cps-arquitectura.webp 1000w, https:\/\/cps.es\/wp-content\/uploads\/2022\/09\/ceip-les-foies-gandia-cps-arquitectura-300x167.webp 300w, https:\/\/cps.es\/wp-content\/uploads\/2022\/09\/ceip-les-foies-gandia-cps-arquitectura-768x429.webp 768w, https:\/\/cps.es\/wp-content\/uploads\/2022\/09\/ceip-les-foies-gandia-cps-arquitectura-650x363.webp 650w\" sizes=\"(max-width: 1000px) 100vw, 1000px\" \/>\t\t\t\t\t\t\t\t\t\t\t\t\t\t\t<\/div>\n\t\t\t\t<\/div>\n\t\t\t\t\t<\/div>\n\t\t<\/div>\n\t\t\t\t<div class=\"elementor-column elementor-col-50 elementor-inner-column elementor-element elementor-element-3e99a61d\" data-id=\"3e99a61d\" data-element_type=\"column\" data-e-type=\"column\">\n\t\t\t<div class=\"elementor-widget-wrap elementor-element-populated\">\n\t\t\t\t\t\t<div class=\"elementor-element elementor-element-16e619cc elementor-widget__width-initial elementor-widget-tablet__width-initial ui-e-a-animate elementor-invisible elementor-widget elementor-widget-highlighted-text\" data-id=\"16e619cc\" data-element_type=\"widget\" data-e-type=\"widget\" data-settings=\"{&quot;_animation&quot;:&quot;fadeInDown&quot;}\" data-widget_type=\"highlighted-text.default\">\n\t\t\t\t<div class=\"elementor-widget-container\">\n\t\t\t\t\t\t\t<h2 class=\"ui-e--highlighted-text\" >\n        <span class=\"ui-e-headline-text\">Centro de educaci\u00f3n infantil y primaria<\/span>         <\/h2>\n        \t\t\t\t<\/div>\n\t\t\t\t<\/div>\n\t\t\t\t<div class=\"elementor-element elementor-element-77ee1f6b elementor-widget elementor-widget-spacer\" data-id=\"77ee1f6b\" data-element_type=\"widget\" data-e-type=\"widget\" data-widget_type=\"spacer.default\">\n\t\t\t\t<div class=\"elementor-widget-container\">\n\t\t\t\t\t\t\t<div class=\"elementor-spacer\">\n\t\t\t<div class=\"elementor-spacer-inner\"><\/div>\n\t\t<\/div>\n\t\t\t\t\t\t<\/div>\n\t\t\t\t<\/div>\n\t\t\t\t<div class=\"elementor-element elementor-element-5a7f55ff elementor-widget__width-initial elementor-widget-tablet__width-initial elementor-invisible elementor-widget elementor-widget-text-editor\" data-id=\"5a7f55ff\" data-element_type=\"widget\" data-e-type=\"widget\" data-settings=\"{&quot;_animation&quot;:&quot;fadeInDown&quot;}\" data-widget_type=\"text-editor.default\">\n\t\t\t\t<div class=\"elementor-widget-container\">\n\t\t\t\t\t\t\t\t\t<p style=\"text-align: justify;\">Le b\u00e2timent est con\u00e7u comme un sch\u00e9ma \u00e0 deux corps align\u00e9 sur la route. Le corps le plus proche de la voie publique avec une hauteur d&#8217;un \u00e9tage et o\u00f9 se trouvent l&#8217;acc\u00e8s et le programme d&#8217;\u00e9ducation infantile et un deuxi\u00e8me corps \u00e0 l&#8217;arri\u00e8re avec 2 \u00e9tages contenant le programme d&#8217;\u00e9ducation infantile, entre les deux corps il y a des cours avec une orientation est-ouest permettant l&#8217;utilisation des vents thermiques habituels. La conception du b\u00e2timent et son orientation visent \u00e0 \u00eatre aussi efficaces que possible sur le plan \u00e9nerg\u00e9tique. Incorporant une ventilation naturelle et des syst\u00e8mes fixes de contr\u00f4le solaire.<\/p>\n\t\t\t\t\t\t\t\t<\/div>\n\t\t\t\t<\/div>\n\t\t\t\t\t<\/div>\n\t\t<\/div>\n\t\t\t\t\t<\/div>\n\t\t<\/section>\n\t\t\t\t\t<\/div>\n\t\t<\/div>\n\t\t\t\t\t<\/div>\n\t\t<\/div>\n\t\t\t\t<section class=\"elementor-section elementor-top-section elementor-element elementor-element-782f5d8 elementor-section-boxed elementor-section-height-default elementor-section-height-default\" data-id=\"782f5d8\" data-element_type=\"section\" data-e-type=\"section\">\n\t\t\t\t\t\t<div class=\"elementor-container elementor-column-gap-default\">\n\t\t\t\t\t<div class=\"elementor-column elementor-col-50 elementor-top-column elementor-element elementor-element-4db8acc6\" data-id=\"4db8acc6\" data-element_type=\"column\" data-e-type=\"column\">\n\t\t\t<div class=\"elementor-widget-wrap elementor-element-populated\">\n\t\t\t\t\t\t<div class=\"elementor-element elementor-element-269d6fc2 elementor-widget elementor-widget-heading\" data-id=\"269d6fc2\" data-element_type=\"widget\" data-e-type=\"widget\" data-widget_type=\"heading.default\">\n\t\t\t\t<div class=\"elementor-widget-container\">\n\t\t\t\t\t<h2 class=\"elementor-heading-title elementor-size-default\">Nouveau CEIP Les Foies de Gand\u00eda<\/h2>\t\t\t\t<\/div>\n\t\t\t\t<\/div>\n\t\t\t\t\t<\/div>\n\t\t<\/div>\n\t\t\t\t<div class=\"elementor-column elementor-col-50 elementor-top-column elementor-element elementor-element-47a5dd43\" data-id=\"47a5dd43\" data-element_type=\"column\" data-e-type=\"column\">\n\t\t\t<div class=\"elementor-widget-wrap elementor-element-populated\">\n\t\t\t\t\t\t<div class=\"elementor-element elementor-element-fedaef7 animated-slow elementor-invisible elementor-widget elementor-widget-bdt-timeline\" data-id=\"fedaef7\" data-element_type=\"widget\" data-e-type=\"widget\" data-settings=\"{&quot;_animation&quot;:&quot;fadeInUp&quot;}\" data-widget_type=\"bdt-timeline.default\">\n\t\t\t\t<div class=\"elementor-widget-container\">\n\t\t\t\t\t        <div id=\"bdt-timeline-fedaef7\" class=\"bdt-timeline bdt-timeline-skin-default bdt-timeline-left\">\n            <div class=\"bdt-grid bdt-grid-collapse\" bdt-grid>\n                \n\n                    <div class=\" bdt-timeline-item left-part\">\n\n                        <div class=\"bdt-timeline-item-main-wrapper\">\n                            <div class=\"bdt-timeline-line\">\n                                <span><\/span>\n                            <\/div>\n                            <div class=\"bdt-timeline-item-main-container\">\n                                \n                                <div class=\"bdt-timeline-icon\" >\n\n                                    <span>\n\n                                        \n                                    <\/span>\n\n                                <\/div>\n                                        <div class=\"bdt-timeline-item-main\" >\n            <span class=\"bdt-timeline-arrow\"><\/span>\n\n            \n            <div class=\"bdt-timeline-desc bdt-padding\">\n                        <h3 class=\"bdt-timeline-title\">\n                            <span>Localizaci\u00f3n<\/span>\n                    <\/h3>\n                                                <div class=\"bdt-timeline-excerpt\">\n                <p><span style=\"font-weight: 400;\">Gand\u00eda, Espa\u00f1a<\/span><\/p>            <\/div>\n                                    <\/div>\n        <\/div>\n                                <\/div>\n                        <\/div>\n                    <\/div>\n\n                    \n                \n\n                    <div class=\" bdt-timeline-item right-part\">\n\n                        <div class=\"bdt-timeline-item-main-wrapper\">\n                            <div class=\"bdt-timeline-line\">\n                                <span><\/span>\n                            <\/div>\n                            <div class=\"bdt-timeline-item-main-container\">\n                                \n                                <div class=\"bdt-timeline-icon\" >\n\n                                    <span>\n\n                                        \n                                    <\/span>\n\n                                <\/div>\n                                        <div class=\"bdt-timeline-item-main\" >\n            <span class=\"bdt-timeline-arrow\"><\/span>\n\n            \n            <div class=\"bdt-timeline-desc bdt-padding\">\n                        <h3 class=\"bdt-timeline-title\">\n                            <span>Cliente<\/span>\n                    <\/h3>\n                                                <div class=\"bdt-timeline-excerpt\">\n                <p><span style=\"font-weight: 400;\">Ayuntamiento de Gand\u00eda - Conseller\u00eda de Educaci\u00f3n<\/span><\/p>            <\/div>\n                                    <\/div>\n        <\/div>\n                                <\/div>\n                        <\/div>\n                    <\/div>\n\n                    \n                \n\n                    <div class=\" bdt-timeline-item left-part\">\n\n                        <div class=\"bdt-timeline-item-main-wrapper\">\n                            <div class=\"bdt-timeline-line\">\n                                <span><\/span>\n                            <\/div>\n                            <div class=\"bdt-timeline-item-main-container\">\n                                \n                                <div class=\"bdt-timeline-icon\" >\n\n                                    <span>\n\n                                        \n                                    <\/span>\n\n                                <\/div>\n                                        <div class=\"bdt-timeline-item-main\" >\n            <span class=\"bdt-timeline-arrow\"><\/span>\n\n            \n            <div class=\"bdt-timeline-desc bdt-padding\">\n                        <h3 class=\"bdt-timeline-title\">\n                            <span>Fecha (inicio-fin)<\/span>\n                    <\/h3>\n                                                <div class=\"bdt-timeline-excerpt\">\n                <p><span style=\"font-weight: 400;\">\u00a0Julio 2019 \u2013 Septiembre 2022<\/span><\/p>            <\/div>\n                                    <\/div>\n        <\/div>\n                                <\/div>\n                        <\/div>\n                    <\/div>\n\n                    \n                \n                \n            <\/div>\n        <\/div>\n\t\t\t\t<\/div>\n\t\t\t\t<\/div>\n\t\t\t\t\t<\/div>\n\t\t<\/div>\n\t\t\t\t\t<\/div>\n\t\t<\/section>\n\t\t\t\t<section class=\"elementor-section elementor-top-section elementor-element elementor-element-1f7507c elementor-section-height-min-height elementor-section-stretched elementor-section-boxed elementor-section-height-default elementor-section-items-middle\" data-id=\"1f7507c\" data-element_type=\"section\" data-e-type=\"section\" data-settings=\"{&quot;stretch_section&quot;:&quot;section-stretched&quot;}\">\n\t\t\t\t\t\t<div class=\"elementor-container elementor-column-gap-custom\">\n\t\t\t\t\t<div class=\"elementor-column elementor-col-100 elementor-top-column elementor-element elementor-element-7784c0f\" data-id=\"7784c0f\" data-element_type=\"column\" data-e-type=\"column\">\n\t\t\t<div class=\"elementor-widget-wrap elementor-element-populated\">\n\t\t\t\t\t\t<div class=\"elementor-element elementor-element-3877aaa elementor-widget__width-initial elementor-widget-tablet__width-initial ui-e-a-animate elementor-invisible elementor-widget elementor-widget-highlighted-text\" data-id=\"3877aaa\" data-element_type=\"widget\" data-e-type=\"widget\" data-settings=\"{&quot;_animation&quot;:&quot;fadeInDown&quot;}\" data-widget_type=\"highlighted-text.default\">\n\t\t\t\t<div class=\"elementor-widget-container\">\n\t\t\t\t\t\t\t<h2 class=\"ui-e--highlighted-text\" >\n        <span class=\"ui-e-headline-text\">Proyectos relacionados<\/span>         <\/h2>\n        \t\t\t\t<\/div>\n\t\t\t\t<\/div>\n\t\t\t\t\t<\/div>\n\t\t<\/div>\n\t\t\t\t\t<\/div>\n\t\t<\/section>\n\t\t\t\t<\/div>\n\t\t","protected":false},"excerpt":{"rendered":"<p>Nouveau CEIP Les Foies de Gand\u00eda L&#8217;\u00e9cole maternelle et primaire LES FOIES sera construite sur une partie de la parcelle EQ3 du [&hellip;]<\/p>\n","protected":false},"author":9,"featured_media":8344,"menu_order":0,"comment_status":"open","ping_status":"closed","template":"","meta":{"footnotes":""},"portfolio_category":[112],"class_list":["post-9161","portfolio","type-portfolio","status-publish","has-post-thumbnail","hentry","portfolio_category-arquitectura-fr"],"_links":{"self":[{"href":"https:\/\/cps.es\/fr\/wp-json\/wp\/v2\/portfolio\/9161","targetHints":{"allow":["GET"]}}],"collection":[{"href":"https:\/\/cps.es\/fr\/wp-json\/wp\/v2\/portfolio"}],"about":[{"href":"https:\/\/cps.es\/fr\/wp-json\/wp\/v2\/types\/portfolio"}],"author":[{"embeddable":true,"href":"https:\/\/cps.es\/fr\/wp-json\/wp\/v2\/users\/9"}],"replies":[{"embeddable":true,"href":"https:\/\/cps.es\/fr\/wp-json\/wp\/v2\/comments?post=9161"}],"version-history":[{"count":1,"href":"https:\/\/cps.es\/fr\/wp-json\/wp\/v2\/portfolio\/9161\/revisions"}],"predecessor-version":[{"id":9165,"href":"https:\/\/cps.es\/fr\/wp-json\/wp\/v2\/portfolio\/9161\/revisions\/9165"}],"wp:featuredmedia":[{"embeddable":true,"href":"https:\/\/cps.es\/fr\/wp-json\/wp\/v2\/media\/8344"}],"wp:attachment":[{"href":"https:\/\/cps.es\/fr\/wp-json\/wp\/v2\/media?parent=9161"}],"wp:term":[{"taxonomy":"portfolio_category","embeddable":true,"href":"https:\/\/cps.es\/fr\/wp-json\/wp\/v2\/portfolio_category?post=9161"}],"curies":[{"name":"wp","href":"https:\/\/api.w.org\/{rel}","templated":true}]}}