{"id":9192,"date":"2022-11-30T14:25:16","date_gmt":"2022-11-30T14:25:16","guid":{"rendered":"https:\/\/cps.es\/portfolio\/nouveau-poste-de-la-police-nationale-a-yecla-murcie\/"},"modified":"2023-03-08T09:43:20","modified_gmt":"2023-03-08T09:43:20","slug":"nouveau-poste-de-la-police-nationale-a-yecla-murcie","status":"publish","type":"portfolio","link":"https:\/\/cps.es\/fr\/portfolio\/nouveau-poste-de-la-police-nationale-a-yecla-murcie\/","title":{"rendered":"Nouveau poste de la police nationale \u00e0 Yecla, Murcie"},"content":{"rendered":"\t\t<div data-elementor-type=\"wp-post\" data-elementor-id=\"9192\" class=\"elementor elementor-9192 elementor-2502\" data-elementor-post-type=\"portfolio\">\n\t\t\t\t\t\t<section class=\"elementor-section elementor-top-section elementor-element elementor-element-555ae3b3 elementor-section-boxed elementor-section-height-default elementor-section-height-default\" data-id=\"555ae3b3\" data-element_type=\"section\" data-e-type=\"section\">\n\t\t\t\t\t\t<div class=\"elementor-container elementor-column-gap-default\">\n\t\t\t\t\t<div class=\"elementor-column elementor-col-50 elementor-top-column elementor-element elementor-element-8014629\" data-id=\"8014629\" data-element_type=\"column\" data-e-type=\"column\">\n\t\t\t<div class=\"elementor-widget-wrap elementor-element-populated\">\n\t\t\t\t\t\t<div class=\"elementor-element elementor-element-634f2be6 elementor-widget__width-initial elementor-widget-tablet__width-initial elementor-widget elementor-widget-heading\" data-id=\"634f2be6\" data-element_type=\"widget\" data-e-type=\"widget\" data-widget_type=\"heading.default\">\n\t\t\t\t<div class=\"elementor-widget-container\">\n\t\t\t\t\t<h1 class=\"elementor-heading-title elementor-size-default\">Nouveau poste de la police nationale \u00e0 Yecla, Murcie<\/h1>\t\t\t\t<\/div>\n\t\t\t\t<\/div>\n\t\t\t\t<div class=\"elementor-element elementor-element-229af156 elementor-widget elementor-widget-spacer\" data-id=\"229af156\" data-element_type=\"widget\" data-e-type=\"widget\" data-widget_type=\"spacer.default\">\n\t\t\t\t<div class=\"elementor-widget-container\">\n\t\t\t\t\t\t\t<div class=\"elementor-spacer\">\n\t\t\t<div class=\"elementor-spacer-inner\"><\/div>\n\t\t<\/div>\n\t\t\t\t\t\t<\/div>\n\t\t\t\t<\/div>\n\t\t\t\t<div class=\"elementor-element elementor-element-59a45a40 elementor-widget__width-initial elementor-widget elementor-widget-text-editor\" data-id=\"59a45a40\" data-element_type=\"widget\" data-e-type=\"widget\" data-widget_type=\"text-editor.default\">\n\t\t\t\t<div class=\"elementor-widget-container\">\n\t\t\t\t\t\t\t\t\t<p style=\"text-align: justify;\">CPS r\u00e9alise la gestion de l&#8217;ex\u00e9cution, la coordination de la sant\u00e9 et de la s\u00e9curit\u00e9, le suivi environnemental et l&#8217;assistance technique \u00e0 la direction des travaux du nouveau commissariat de la Police Nationale \u00e0 Yecla (Murcia).<\/p>\n<p style=\"text-align: justify;\">Le b\u00e2timent pr\u00e9vu sera construit sur un site rectangulaire de 53,5 m de long et 26,00 m de large o\u00f9 se trouvait l&#8217;ancien abattoir de la ville. Le nouveau commissariat aura une surface b\u00e2tie totale de 2486,58<sup>m2 <\/sup>dont 2261,60<sup>m2 <\/sup>seront utilisables.<\/p>\n\t\t\t\t\t\t\t\t<\/div>\n\t\t\t\t<\/div>\n\t\t\t\t\t<\/div>\n\t\t<\/div>\n\t\t\t\t<div class=\"elementor-column elementor-col-50 elementor-top-column elementor-element elementor-element-2ee1fe9f animated-fast elementor-invisible\" data-id=\"2ee1fe9f\" data-element_type=\"column\" data-e-type=\"column\" data-settings=\"{&quot;animation&quot;:&quot;fadeInUp&quot;}\">\n\t\t\t<div class=\"elementor-widget-wrap elementor-element-populated\">\n\t\t\t\t\t\t<div class=\"elementor-element elementor-element-b71e898 elementor-widget elementor-widget-image\" data-id=\"b71e898\" data-element_type=\"widget\" data-e-type=\"widget\" data-widget_type=\"image.default\">\n\t\t\t\t<div class=\"elementor-widget-container\">\n\t\t\t\t\t\t\t\t\t\t\t\t\t\t\t<img fetchpriority=\"high\" decoding=\"async\" width=\"1000\" height=\"638\" src=\"https:\/\/cps.es\/wp-content\/uploads\/2022\/11\/03-instalaciones-edificios-terciarios-nueva-comisaria-policia-nacional-yecla.webp\" class=\"attachment-full size-full wp-image-8270\" alt=\"\" srcset=\"https:\/\/cps.es\/wp-content\/uploads\/2022\/11\/03-instalaciones-edificios-terciarios-nueva-comisaria-policia-nacional-yecla.webp 1000w, https:\/\/cps.es\/wp-content\/uploads\/2022\/11\/03-instalaciones-edificios-terciarios-nueva-comisaria-policia-nacional-yecla-300x191.webp 300w, https:\/\/cps.es\/wp-content\/uploads\/2022\/11\/03-instalaciones-edificios-terciarios-nueva-comisaria-policia-nacional-yecla-768x490.webp 768w, https:\/\/cps.es\/wp-content\/uploads\/2022\/11\/03-instalaciones-edificios-terciarios-nueva-comisaria-policia-nacional-yecla-650x415.webp 650w\" sizes=\"(max-width: 1000px) 100vw, 1000px\" \/>\t\t\t\t\t\t\t\t\t\t\t\t\t\t\t<\/div>\n\t\t\t\t<\/div>\n\t\t\t\t<div class=\"elementor-element elementor-element-6087b02d elementor-widget__width-initial elementor-absolute elementor-widget elementor-widget-spacer\" data-id=\"6087b02d\" data-element_type=\"widget\" data-e-type=\"widget\" data-settings=\"{&quot;_position&quot;:&quot;absolute&quot;}\" data-widget_type=\"spacer.default\">\n\t\t\t\t<div class=\"elementor-widget-container\">\n\t\t\t\t\t\t\t<div class=\"elementor-spacer\">\n\t\t\t<div class=\"elementor-spacer-inner\"><\/div>\n\t\t<\/div>\n\t\t\t\t\t\t<\/div>\n\t\t\t\t<\/div>\n\t\t\t\t<div class=\"elementor-element elementor-element-68683deb elementor-widget__width-auto elementor-absolute elementor-widget elementor-widget-image\" data-id=\"68683deb\" data-element_type=\"widget\" data-e-type=\"widget\" data-settings=\"{&quot;_position&quot;:&quot;absolute&quot;}\" data-widget_type=\"image.default\">\n\t\t\t\t<div class=\"elementor-widget-container\">\n\t\t\t\t\t\t\t\t\t\t\t\t\t\t\t<img decoding=\"async\" width=\"300\" height=\"544\" src=\"https:\/\/cps.es\/wp-content\/uploads\/2022\/09\/Team-Innovation-BG-Element.webp\" class=\"attachment-full size-full wp-image-7300\" alt=\"\" srcset=\"https:\/\/cps.es\/wp-content\/uploads\/2022\/09\/Team-Innovation-BG-Element.webp 300w, https:\/\/cps.es\/wp-content\/uploads\/2022\/09\/Team-Innovation-BG-Element-165x300.webp 165w\" sizes=\"(max-width: 300px) 100vw, 300px\" \/>\t\t\t\t\t\t\t\t\t\t\t\t\t\t\t<\/div>\n\t\t\t\t<\/div>\n\t\t\t\t\t<\/div>\n\t\t<\/div>\n\t\t\t\t\t<\/div>\n\t\t<\/section>\n\t\t\t\t<div class=\"elementor-section elementor-top-section elementor-element elementor-element-fc716d5 elementor-section-boxed elementor-section-height-default elementor-section-height-default\" data-id=\"fc716d5\" data-element_type=\"section\" data-e-type=\"section\" data-settings=\"{&quot;background_background&quot;:&quot;classic&quot;}\">\n\t\t\t\t\t\t<div class=\"elementor-container elementor-column-gap-default\">\n\t\t\t\t\t<div class=\"elementor-column elementor-col-100 elementor-top-column elementor-element elementor-element-5438a27\" data-id=\"5438a27\" data-element_type=\"column\" data-e-type=\"column\">\n\t\t\t<div class=\"elementor-widget-wrap elementor-element-populated\">\n\t\t\t\t\t\t<section class=\"elementor-section elementor-inner-section elementor-element elementor-element-ab4d3e0 elementor-section-boxed elementor-section-height-default elementor-section-height-default\" data-id=\"ab4d3e0\" data-element_type=\"section\" data-e-type=\"section\">\n\t\t\t\t\t\t<div class=\"elementor-container elementor-column-gap-default\">\n\t\t\t\t\t<div class=\"elementor-column elementor-col-50 elementor-inner-column elementor-element elementor-element-01a3d1f\" data-id=\"01a3d1f\" data-element_type=\"column\" data-e-type=\"column\">\n\t\t\t<div class=\"elementor-widget-wrap elementor-element-populated\">\n\t\t\t\t\t\t<div class=\"elementor-element elementor-element-e742749 elementor-widget elementor-widget-spacer\" data-id=\"e742749\" data-element_type=\"widget\" data-e-type=\"widget\" data-widget_type=\"spacer.default\">\n\t\t\t\t<div class=\"elementor-widget-container\">\n\t\t\t\t\t\t\t<div class=\"elementor-spacer\">\n\t\t\t<div class=\"elementor-spacer-inner\"><\/div>\n\t\t<\/div>\n\t\t\t\t\t\t<\/div>\n\t\t\t\t<\/div>\n\t\t\t\t<div class=\"elementor-element elementor-element-41ba6f4 elementor-widget__width-initial elementor-widget-tablet__width-initial elementor-invisible elementor-widget elementor-widget-text-editor\" data-id=\"41ba6f4\" data-element_type=\"widget\" data-e-type=\"widget\" data-settings=\"{&quot;_animation&quot;:&quot;fadeInDown&quot;}\" data-widget_type=\"text-editor.default\">\n\t\t\t\t<div class=\"elementor-widget-container\">\n\t\t\t\t\t\t\t\t\t<p style=\"text-align: justify;\">Le b\u00e2timent est con\u00e7u sur la base de deux pr\u00e9misses, l&#8217;une \u00e9tant que l&#8217;acc\u00e8s principal se fait depuis Avda. Literato Azor\u00edn, qui est la fa\u00e7ade principale de l&#8217;abattoir \u00e0 r\u00e9nover, et l&#8217;autre que les espaces de travail et les salles en dehors des zones publiques aient le plus d&#8217;intimit\u00e9 possible.<\/p>\n<p style=\"text-align: justify;\">Le nouveau commissariat de police correspond \u00e0 la typologie d&#8217;un b\u00e2timent administratif, compos\u00e9 de 3 \u00e9tages au-dessus du rez-de-chauss\u00e9e divis\u00e9s en :<\/p>\n<p style=\"text-align: justify;\"><strong>Sous-sol (968<sup>.00m2<\/sup> sup.). utile)<\/strong>  Le parking, la zone de d\u00e9tention, la zone d&#8217;archivage des documents, les salles d&#8217;installation, les magasins et les vestiaires du personnel sont pr\u00e9vus.<\/p>\n<p style=\"text-align: justify;\"><strong>Rez-de-chauss\u00e9e (923<sup>,96m2<\/sup> sup.). utile)<\/strong>  est organis\u00e9 en trois bandes, dont la premi\u00e8re est accessible depuis Avda. Literato Azor\u00edn o\u00f9 se trouvent toutes les zones li\u00e9es au service \u00e0 la client\u00e8le, une bande interm\u00e9diaire o\u00f9 se trouvent les pi\u00e8ces \u00e0 usage commun du personnel du b\u00e2timent, o\u00f9 se trouvent les zones de circulation, la salle de briefing, les escaliers, l&#8217;ascenseur et les toilettes, et une derni\u00e8re bande en fond de parcelle o\u00f9 se trouvent les zones de travail.<\/p>\n<p style=\"text-align: justify;\"><strong>Premier \u00e9tage (231<sup>,81m2<\/sup> sup.) utile)<\/strong>  est organis\u00e9 en deux bandes fonctionnelles, l&#8217;une pour le repos du personnel et l&#8217;autre pour la zone de gestion et d&#8217;administration du b\u00e2timent.<\/p>\n<p style=\"text-align: justify;\"><strong>Deuxi\u00e8me \u00e9tage (137<sup>,83m2<\/sup> sup.) utile)<\/strong>  Les locaux d&#8217;habitation du chef de l&#8217;unit\u00e9 avec acc\u00e8s ind\u00e9pendant sont situ\u00e9s ici.<\/p>\n\t\t\t\t\t\t\t\t<\/div>\n\t\t\t\t<\/div>\n\t\t\t\t\t<\/div>\n\t\t<\/div>\n\t\t\t\t<div class=\"elementor-column elementor-col-50 elementor-inner-column elementor-element elementor-element-811c1c4 elementor-invisible\" data-id=\"811c1c4\" data-element_type=\"column\" data-e-type=\"column\" data-settings=\"{&quot;animation&quot;:&quot;fadeInUp&quot;,&quot;animation_delay&quot;:300}\">\n\t\t\t<div class=\"elementor-widget-wrap elementor-element-populated\">\n\t\t\t\t\t\t<div class=\"elementor-element elementor-element-30e461e elementor-widget elementor-widget-image\" data-id=\"30e461e\" data-element_type=\"widget\" data-e-type=\"widget\" data-widget_type=\"image.default\">\n\t\t\t\t<div class=\"elementor-widget-container\">\n\t\t\t\t\t\t\t\t\t\t\t\t\t\t\t<img decoding=\"async\" width=\"1000\" height=\"566\" src=\"https:\/\/cps.es\/wp-content\/uploads\/2023\/01\/02-instalaciones-edificios-terciarios-nueva-comisaria-policia-nacional-yecla.webp\" class=\"attachment-large size-large wp-image-8110\" alt=\"\" srcset=\"https:\/\/cps.es\/wp-content\/uploads\/2023\/01\/02-instalaciones-edificios-terciarios-nueva-comisaria-policia-nacional-yecla.webp 1011w, https:\/\/cps.es\/wp-content\/uploads\/2023\/01\/02-instalaciones-edificios-terciarios-nueva-comisaria-policia-nacional-yecla-300x170.webp 300w, https:\/\/cps.es\/wp-content\/uploads\/2023\/01\/02-instalaciones-edificios-terciarios-nueva-comisaria-policia-nacional-yecla-768x435.webp 768w, https:\/\/cps.es\/wp-content\/uploads\/2023\/01\/02-instalaciones-edificios-terciarios-nueva-comisaria-policia-nacional-yecla-650x368.webp 650w\" sizes=\"(max-width: 1000px) 100vw, 1000px\" \/>\t\t\t\t\t\t\t\t\t\t\t\t\t\t\t<\/div>\n\t\t\t\t<\/div>\n\t\t\t\t\t<\/div>\n\t\t<\/div>\n\t\t\t\t\t<\/div>\n\t\t<\/section>\n\t\t\t\t<section class=\"elementor-section elementor-inner-section elementor-element elementor-element-d8dcbd1 elementor-section-boxed elementor-section-height-default elementor-section-height-default\" data-id=\"d8dcbd1\" data-element_type=\"section\" data-e-type=\"section\">\n\t\t\t\t\t\t<div class=\"elementor-container elementor-column-gap-default\">\n\t\t\t\t\t<div class=\"elementor-column elementor-col-50 elementor-inner-column elementor-element elementor-element-2ef70d0 elementor-invisible\" data-id=\"2ef70d0\" data-element_type=\"column\" data-e-type=\"column\" data-settings=\"{&quot;animation&quot;:&quot;fadeInUp&quot;,&quot;animation_delay&quot;:300}\">\n\t\t\t<div class=\"elementor-widget-wrap elementor-element-populated\">\n\t\t\t\t\t\t<div class=\"elementor-element elementor-element-81e1a7d elementor-widget elementor-widget-image\" data-id=\"81e1a7d\" data-element_type=\"widget\" data-e-type=\"widget\" data-widget_type=\"image.default\">\n\t\t\t\t<div class=\"elementor-widget-container\">\n\t\t\t\t\t\t\t\t\t\t\t\t\t\t\t<img loading=\"lazy\" decoding=\"async\" width=\"1000\" height=\"766\" src=\"https:\/\/cps.es\/wp-content\/uploads\/2022\/11\/04-instalaciones-edificios-terciarios-nueva-comisaria-policia-nacional-yecla.webp\" class=\"attachment-large size-large wp-image-8272\" alt=\"\" srcset=\"https:\/\/cps.es\/wp-content\/uploads\/2022\/11\/04-instalaciones-edificios-terciarios-nueva-comisaria-policia-nacional-yecla.webp 1000w, https:\/\/cps.es\/wp-content\/uploads\/2022\/11\/04-instalaciones-edificios-terciarios-nueva-comisaria-policia-nacional-yecla-300x230.webp 300w, https:\/\/cps.es\/wp-content\/uploads\/2022\/11\/04-instalaciones-edificios-terciarios-nueva-comisaria-policia-nacional-yecla-768x588.webp 768w, https:\/\/cps.es\/wp-content\/uploads\/2022\/11\/04-instalaciones-edificios-terciarios-nueva-comisaria-policia-nacional-yecla-650x498.webp 650w\" sizes=\"(max-width: 1000px) 100vw, 1000px\" \/>\t\t\t\t\t\t\t\t\t\t\t\t\t\t\t<\/div>\n\t\t\t\t<\/div>\n\t\t\t\t\t<\/div>\n\t\t<\/div>\n\t\t\t\t<div class=\"elementor-column elementor-col-50 elementor-inner-column elementor-element elementor-element-170e622\" data-id=\"170e622\" data-element_type=\"column\" data-e-type=\"column\">\n\t\t\t<div class=\"elementor-widget-wrap elementor-element-populated\">\n\t\t\t\t\t\t<div class=\"elementor-element elementor-element-edea7a4 elementor-widget elementor-widget-spacer\" data-id=\"edea7a4\" data-element_type=\"widget\" data-e-type=\"widget\" data-widget_type=\"spacer.default\">\n\t\t\t\t<div class=\"elementor-widget-container\">\n\t\t\t\t\t\t\t<div class=\"elementor-spacer\">\n\t\t\t<div class=\"elementor-spacer-inner\"><\/div>\n\t\t<\/div>\n\t\t\t\t\t\t<\/div>\n\t\t\t\t<\/div>\n\t\t\t\t<div class=\"elementor-element elementor-element-45d8437 elementor-widget__width-initial elementor-widget-tablet__width-initial elementor-invisible elementor-widget elementor-widget-text-editor\" data-id=\"45d8437\" data-element_type=\"widget\" data-e-type=\"widget\" data-settings=\"{&quot;_animation&quot;:&quot;fadeInDown&quot;}\" data-widget_type=\"text-editor.default\">\n\t\t\t\t<div class=\"elementor-widget-container\">\n\t\t\t\t\t\t\t\t\t<p style=\"text-align: justify;\">Les installations pr\u00e9vues dans le cadre du projet sont les suivantes :<\/p>\n<ul>\n<li style=\"text-align: justify;\">Connexion moyenne tension, avec centre de commutation et poste de transformation.<\/li>\n<li style=\"text-align: justify;\">Installation basse tension, avec alimentation secteur, g\u00e9n\u00e9rateur et UPS.<\/li>\n<li style=\"text-align: justify;\">Installation solaire photovolta\u00efque.<\/li>\n<li style=\"text-align: justify;\">R\u00e9seau d&#8217;\u00e9gouts s\u00e9par\u00e9, avec pompes de drainage pour la collecte du sous-sol.<\/li>\n<li style=\"text-align: justify;\">Alimentation en eau potable.<\/li>\n<li style=\"text-align: justify;\">Production d&#8217;eau chaude sanitaire au moyen de l&#8217;\u00e9nergie solaire thermique.<\/li>\n<li style=\"text-align: justify;\">Climatisation au moyen d&#8217;un syst\u00e8me VRV.<\/li>\n<li style=\"text-align: justify;\">Ventilation int\u00e9rieure au moyen de r\u00e9cup\u00e9rateurs.<\/li>\n<li style=\"text-align: justify;\">Ventilation s\u00e9par\u00e9e pour le parking.<\/li>\n<\/ul>\n\t\t\t\t\t\t\t\t<\/div>\n\t\t\t\t<\/div>\n\t\t\t\t\t<\/div>\n\t\t<\/div>\n\t\t\t\t\t<\/div>\n\t\t<\/section>\n\t\t\t\t\t<\/div>\n\t\t<\/div>\n\t\t\t\t\t<\/div>\n\t\t<\/div>\n\t\t\t\t<section class=\"elementor-section elementor-top-section elementor-element elementor-element-782f5d8 elementor-section-boxed elementor-section-height-default elementor-section-height-default\" data-id=\"782f5d8\" data-element_type=\"section\" data-e-type=\"section\">\n\t\t\t\t\t\t<div class=\"elementor-container elementor-column-gap-default\">\n\t\t\t\t\t<div class=\"elementor-column elementor-col-50 elementor-top-column elementor-element elementor-element-4db8acc6\" data-id=\"4db8acc6\" data-element_type=\"column\" data-e-type=\"column\">\n\t\t\t<div class=\"elementor-widget-wrap elementor-element-populated\">\n\t\t\t\t\t\t<div class=\"elementor-element elementor-element-269d6fc2 elementor-widget elementor-widget-heading\" data-id=\"269d6fc2\" data-element_type=\"widget\" data-e-type=\"widget\" data-widget_type=\"heading.default\">\n\t\t\t\t<div class=\"elementor-widget-container\">\n\t\t\t\t\t<h2 class=\"elementor-heading-title elementor-size-default\">Nouveau poste de la police nationale \u00e0 Yecla, Murcie<\/h2>\t\t\t\t<\/div>\n\t\t\t\t<\/div>\n\t\t\t\t\t<\/div>\n\t\t<\/div>\n\t\t\t\t<div class=\"elementor-column elementor-col-50 elementor-top-column elementor-element elementor-element-47a5dd43\" data-id=\"47a5dd43\" data-element_type=\"column\" data-e-type=\"column\">\n\t\t\t<div class=\"elementor-widget-wrap elementor-element-populated\">\n\t\t\t\t\t\t<div class=\"elementor-element elementor-element-fedaef7 animated-slow elementor-invisible elementor-widget elementor-widget-bdt-timeline\" data-id=\"fedaef7\" data-element_type=\"widget\" data-e-type=\"widget\" data-settings=\"{&quot;_animation&quot;:&quot;fadeInUp&quot;}\" data-widget_type=\"bdt-timeline.default\">\n\t\t\t\t<div class=\"elementor-widget-container\">\n\t\t\t\t\t        <div id=\"bdt-timeline-fedaef7\" class=\"bdt-timeline bdt-timeline-skin-default bdt-timeline-left\">\n            <div class=\"bdt-grid bdt-grid-collapse\" bdt-grid>\n                \n\n                    <div class=\" bdt-timeline-item left-part\">\n\n                        <div class=\"bdt-timeline-item-main-wrapper\">\n                            <div class=\"bdt-timeline-line\">\n                                <span><\/span>\n                            <\/div>\n                            <div class=\"bdt-timeline-item-main-container\">\n                                \n                                <div class=\"bdt-timeline-icon\" >\n\n                                    <span>\n\n                                                                                                                            \n                                    <\/span>\n\n                                <\/div>\n                                        <div class=\"bdt-timeline-item-main\" >\n            <span class=\"bdt-timeline-arrow\"><\/span>\n\n            \n            <div class=\"bdt-timeline-desc bdt-padding\">\n                        <h3 class=\"bdt-timeline-title\">\n                            <span>Localizaci\u00f3n<\/span>\n                    <\/h3>\n                                                <div class=\"bdt-timeline-excerpt\">\n                <p><span style=\"font-weight: 400;\">Murcia, Espa\u00f1a<\/span><\/p>            <\/div>\n                                    <\/div>\n        <\/div>\n                                <\/div>\n                        <\/div>\n                    <\/div>\n\n                    \n                \n\n                    <div class=\" bdt-timeline-item right-part\">\n\n                        <div class=\"bdt-timeline-item-main-wrapper\">\n                            <div class=\"bdt-timeline-line\">\n                                <span><\/span>\n                            <\/div>\n                            <div class=\"bdt-timeline-item-main-container\">\n                                \n                                <div class=\"bdt-timeline-icon\" >\n\n                                    <span>\n\n                                                                                                                            \n                                    <\/span>\n\n                                <\/div>\n                                        <div class=\"bdt-timeline-item-main\" >\n            <span class=\"bdt-timeline-arrow\"><\/span>\n\n            \n            <div class=\"bdt-timeline-desc bdt-padding\">\n                        <h3 class=\"bdt-timeline-title\">\n                            <span>Cliente<\/span>\n                    <\/h3>\n                                                <div class=\"bdt-timeline-excerpt\">\n                <p>Sociedad de Infraestructuras y Equipamientos Penitenciarios y de la Seguridad del Estado (SIEPSE)<\/p>            <\/div>\n                                    <\/div>\n        <\/div>\n                                <\/div>\n                        <\/div>\n                    <\/div>\n\n                    \n                \n\n                    <div class=\" bdt-timeline-item left-part\">\n\n                        <div class=\"bdt-timeline-item-main-wrapper\">\n                            <div class=\"bdt-timeline-line\">\n                                <span><\/span>\n                            <\/div>\n                            <div class=\"bdt-timeline-item-main-container\">\n                                \n                                <div class=\"bdt-timeline-icon\" >\n\n                                    <span>\n\n                                                                                                                            \n                                    <\/span>\n\n                                <\/div>\n                                        <div class=\"bdt-timeline-item-main\" >\n            <span class=\"bdt-timeline-arrow\"><\/span>\n\n            \n            <div class=\"bdt-timeline-desc bdt-padding\">\n                        <h3 class=\"bdt-timeline-title\">\n                            <span>Fecha (inicio-fin)<\/span>\n                    <\/h3>\n                                                <div class=\"bdt-timeline-excerpt\">\n                <p><span style=\"font-weight: 400;\">Mayo 2022 - En ejecuci\u00f3n<\/span><\/p>            <\/div>\n                                    <\/div>\n        <\/div>\n                                <\/div>\n                        <\/div>\n                    <\/div>\n\n                    \n                \n                \n            <\/div>\n        <\/div>\n\t\t\t\t<\/div>\n\t\t\t\t<\/div>\n\t\t\t\t\t<\/div>\n\t\t<\/div>\n\t\t\t\t\t<\/div>\n\t\t<\/section>\n\t\t\t\t<section class=\"elementor-section elementor-top-section elementor-element elementor-element-db77ec4 elementor-section-height-min-height elementor-section-stretched elementor-section-boxed elementor-section-height-default elementor-section-items-middle\" data-id=\"db77ec4\" data-element_type=\"section\" data-e-type=\"section\" data-settings=\"{&quot;stretch_section&quot;:&quot;section-stretched&quot;}\">\n\t\t\t\t\t\t<div class=\"elementor-container elementor-column-gap-custom\">\n\t\t\t\t\t<div class=\"elementor-column elementor-col-100 elementor-top-column elementor-element elementor-element-78e3252\" data-id=\"78e3252\" data-element_type=\"column\" data-e-type=\"column\">\n\t\t\t<div class=\"elementor-widget-wrap elementor-element-populated\">\n\t\t\t\t\t\t<div class=\"elementor-element elementor-element-63a16f8 elementor-widget__width-initial elementor-widget-tablet__width-initial ui-e-a-animate elementor-invisible elementor-widget elementor-widget-highlighted-text\" data-id=\"63a16f8\" data-element_type=\"widget\" data-e-type=\"widget\" data-settings=\"{&quot;_animation&quot;:&quot;fadeInDown&quot;}\" data-widget_type=\"highlighted-text.default\">\n\t\t\t\t<div class=\"elementor-widget-container\">\n\t\t\t\t\t\t\t<h2 class=\"ui-e--highlighted-text\" >\n        <span class=\"ui-e-headline-text\">Proyectos relacionados<\/span>         <\/h2>\n        \t\t\t\t<\/div>\n\t\t\t\t<\/div>\n\t\t\t\t\t<\/div>\n\t\t<\/div>\n\t\t\t\t\t<\/div>\n\t\t<\/section>\n\t\t\t\t<\/div>\n\t\t","protected":false},"excerpt":{"rendered":"<p>Nouveau poste de la police nationale \u00e0 Yecla, Murcie CPS r\u00e9alise la gestion de l&#8217;ex\u00e9cution, la coordination de la sant\u00e9 et de [&hellip;]<\/p>\n","protected":false},"author":9,"featured_media":8110,"menu_order":0,"comment_status":"open","ping_status":"closed","template":"","meta":{"footnotes":""},"portfolio_category":[112,119],"class_list":["post-9192","portfolio","type-portfolio","status-publish","has-post-thumbnail","hentry","portfolio_category-arquitectura-fr","portfolio_category-instalaciones-fr"],"_links":{"self":[{"href":"https:\/\/cps.es\/fr\/wp-json\/wp\/v2\/portfolio\/9192","targetHints":{"allow":["GET"]}}],"collection":[{"href":"https:\/\/cps.es\/fr\/wp-json\/wp\/v2\/portfolio"}],"about":[{"href":"https:\/\/cps.es\/fr\/wp-json\/wp\/v2\/types\/portfolio"}],"author":[{"embeddable":true,"href":"https:\/\/cps.es\/fr\/wp-json\/wp\/v2\/users\/9"}],"replies":[{"embeddable":true,"href":"https:\/\/cps.es\/fr\/wp-json\/wp\/v2\/comments?post=9192"}],"version-history":[{"count":1,"href":"https:\/\/cps.es\/fr\/wp-json\/wp\/v2\/portfolio\/9192\/revisions"}],"predecessor-version":[{"id":9199,"href":"https:\/\/cps.es\/fr\/wp-json\/wp\/v2\/portfolio\/9192\/revisions\/9199"}],"wp:featuredmedia":[{"embeddable":true,"href":"https:\/\/cps.es\/fr\/wp-json\/wp\/v2\/media\/8110"}],"wp:attachment":[{"href":"https:\/\/cps.es\/fr\/wp-json\/wp\/v2\/media?parent=9192"}],"wp:term":[{"taxonomy":"portfolio_category","embeddable":true,"href":"https:\/\/cps.es\/fr\/wp-json\/wp\/v2\/portfolio_category?post=9192"}],"curies":[{"name":"wp","href":"https:\/\/api.w.org\/{rel}","templated":true}]}}