{"id":9205,"date":"2022-12-20T14:40:04","date_gmt":"2022-12-20T14:40:04","guid":{"rendered":"https:\/\/cps.es\/portfolio\/plan-routier-regional-de-la-rioja-2022-2030\/"},"modified":"2023-03-08T09:43:59","modified_gmt":"2023-03-08T09:43:59","slug":"plan-routier-regional-de-la-rioja-2022-2030","status":"publish","type":"portfolio","link":"https:\/\/cps.es\/fr\/portfolio\/plan-routier-regional-de-la-rioja-2022-2030\/","title":{"rendered":"Plan routier r\u00e9gional de La Rioja 2022-2030"},"content":{"rendered":"\t\t<div data-elementor-type=\"wp-post\" data-elementor-id=\"9205\" class=\"elementor elementor-9205 elementor-2964\" data-elementor-post-type=\"portfolio\">\n\t\t\t\t\t\t<section class=\"elementor-section elementor-top-section elementor-element elementor-element-555ae3b3 elementor-section-boxed elementor-section-height-default elementor-section-height-default\" data-id=\"555ae3b3\" data-element_type=\"section\" data-e-type=\"section\">\n\t\t\t\t\t\t<div class=\"elementor-container elementor-column-gap-default\">\n\t\t\t\t\t<div class=\"elementor-column elementor-col-50 elementor-top-column elementor-element elementor-element-8014629\" data-id=\"8014629\" data-element_type=\"column\" data-e-type=\"column\">\n\t\t\t<div class=\"elementor-widget-wrap elementor-element-populated\">\n\t\t\t\t\t\t<div class=\"elementor-element elementor-element-634f2be6 elementor-widget__width-initial elementor-widget-tablet__width-initial elementor-widget elementor-widget-heading\" data-id=\"634f2be6\" data-element_type=\"widget\" data-e-type=\"widget\" data-widget_type=\"heading.default\">\n\t\t\t\t<div class=\"elementor-widget-container\">\n\t\t\t\t\t<h1 class=\"elementor-heading-title elementor-size-default\">Plan routier r\u00e9gional de La Rioja 2022-2030<\/h1>\t\t\t\t<\/div>\n\t\t\t\t<\/div>\n\t\t\t\t<div class=\"elementor-element elementor-element-229af156 elementor-widget elementor-widget-spacer\" data-id=\"229af156\" data-element_type=\"widget\" data-e-type=\"widget\" data-widget_type=\"spacer.default\">\n\t\t\t\t<div class=\"elementor-widget-container\">\n\t\t\t\t\t\t\t<div class=\"elementor-spacer\">\n\t\t\t<div class=\"elementor-spacer-inner\"><\/div>\n\t\t<\/div>\n\t\t\t\t\t\t<\/div>\n\t\t\t\t<\/div>\n\t\t\t\t<div class=\"elementor-element elementor-element-59a45a40 elementor-widget__width-initial elementor-widget elementor-widget-text-editor\" data-id=\"59a45a40\" data-element_type=\"widget\" data-e-type=\"widget\" data-widget_type=\"text-editor.default\">\n\t\t\t\t<div class=\"elementor-widget-container\">\n\t\t\t\t\t\t\t\t\t<p style=\"text-align: justify;\">La CPS \u00e9labore le Plan routier de la Communaut\u00e9 autonome de La Rioja, un instrument technique pour l&#8217;\u00e9laboration du Plan routier r\u00e9gional de La Rioja. L&#8217;objectif est de red\u00e9finir les actions \u00e0 mener sur le r\u00e9seau routier de La Rioja pendant la p\u00e9riode comprise entre 2022 et 2030.<\/p>\n\t\t\t\t\t\t\t\t<\/div>\n\t\t\t\t<\/div>\n\t\t\t\t\t<\/div>\n\t\t<\/div>\n\t\t\t\t<div class=\"elementor-column elementor-col-50 elementor-top-column elementor-element elementor-element-2ee1fe9f animated-fast elementor-invisible\" data-id=\"2ee1fe9f\" data-element_type=\"column\" data-e-type=\"column\" data-settings=\"{&quot;animation&quot;:&quot;fadeInUp&quot;}\">\n\t\t\t<div class=\"elementor-widget-wrap elementor-element-populated\">\n\t\t\t\t\t\t<div class=\"elementor-element elementor-element-b71e898 elementor-widget elementor-widget-image\" data-id=\"b71e898\" data-element_type=\"widget\" data-e-type=\"widget\" data-widget_type=\"image.default\">\n\t\t\t\t<div class=\"elementor-widget-container\">\n\t\t\t\t\t\t\t\t\t\t\t\t\t\t\t<img fetchpriority=\"high\" decoding=\"async\" width=\"1000\" height=\"702\" src=\"https:\/\/cps.es\/wp-content\/uploads\/2022\/12\/05-plan-regional-carreteras-larioja-espana.webp\" class=\"attachment-full size-full wp-image-8278\" alt=\"\" srcset=\"https:\/\/cps.es\/wp-content\/uploads\/2022\/12\/05-plan-regional-carreteras-larioja-espana.webp 1000w, https:\/\/cps.es\/wp-content\/uploads\/2022\/12\/05-plan-regional-carreteras-larioja-espana-300x211.webp 300w, https:\/\/cps.es\/wp-content\/uploads\/2022\/12\/05-plan-regional-carreteras-larioja-espana-768x539.webp 768w, https:\/\/cps.es\/wp-content\/uploads\/2022\/12\/05-plan-regional-carreteras-larioja-espana-650x456.webp 650w\" sizes=\"(max-width: 1000px) 100vw, 1000px\" \/>\t\t\t\t\t\t\t\t\t\t\t\t\t\t\t<\/div>\n\t\t\t\t<\/div>\n\t\t\t\t<div class=\"elementor-element elementor-element-6087b02d elementor-widget__width-initial elementor-absolute elementor-widget elementor-widget-spacer\" data-id=\"6087b02d\" data-element_type=\"widget\" data-e-type=\"widget\" data-settings=\"{&quot;_position&quot;:&quot;absolute&quot;}\" data-widget_type=\"spacer.default\">\n\t\t\t\t<div class=\"elementor-widget-container\">\n\t\t\t\t\t\t\t<div class=\"elementor-spacer\">\n\t\t\t<div class=\"elementor-spacer-inner\"><\/div>\n\t\t<\/div>\n\t\t\t\t\t\t<\/div>\n\t\t\t\t<\/div>\n\t\t\t\t<div class=\"elementor-element elementor-element-68683deb elementor-widget__width-auto elementor-absolute elementor-widget elementor-widget-image\" data-id=\"68683deb\" data-element_type=\"widget\" data-e-type=\"widget\" data-settings=\"{&quot;_position&quot;:&quot;absolute&quot;}\" data-widget_type=\"image.default\">\n\t\t\t\t<div class=\"elementor-widget-container\">\n\t\t\t\t\t\t\t\t\t\t\t\t\t\t\t<img decoding=\"async\" width=\"300\" height=\"544\" src=\"https:\/\/cps.es\/wp-content\/uploads\/2022\/09\/Team-Innovation-BG-Element.webp\" class=\"attachment-full size-full wp-image-7300\" alt=\"\" srcset=\"https:\/\/cps.es\/wp-content\/uploads\/2022\/09\/Team-Innovation-BG-Element.webp 300w, https:\/\/cps.es\/wp-content\/uploads\/2022\/09\/Team-Innovation-BG-Element-165x300.webp 165w\" sizes=\"(max-width: 300px) 100vw, 300px\" \/>\t\t\t\t\t\t\t\t\t\t\t\t\t\t\t<\/div>\n\t\t\t\t<\/div>\n\t\t\t\t\t<\/div>\n\t\t<\/div>\n\t\t\t\t\t<\/div>\n\t\t<\/section>\n\t\t\t\t<div class=\"elementor-section elementor-top-section elementor-element elementor-element-4a3eedd5 elementor-section-boxed elementor-section-height-default elementor-section-height-default\" data-id=\"4a3eedd5\" data-element_type=\"section\" data-e-type=\"section\" data-settings=\"{&quot;background_background&quot;:&quot;classic&quot;}\">\n\t\t\t\t\t\t<div class=\"elementor-container elementor-column-gap-default\">\n\t\t\t\t\t<div class=\"elementor-column elementor-col-100 elementor-top-column elementor-element elementor-element-6a894ce1\" data-id=\"6a894ce1\" data-element_type=\"column\" data-e-type=\"column\">\n\t\t\t<div class=\"elementor-widget-wrap elementor-element-populated\">\n\t\t\t\t\t\t<section class=\"elementor-section elementor-inner-section elementor-element elementor-element-2c3e12d2 elementor-section-boxed elementor-section-height-default elementor-section-height-default\" data-id=\"2c3e12d2\" data-element_type=\"section\" data-e-type=\"section\">\n\t\t\t\t\t\t<div class=\"elementor-container elementor-column-gap-default\">\n\t\t\t\t\t<div class=\"elementor-column elementor-col-50 elementor-inner-column elementor-element elementor-element-5ee05cd7 elementor-invisible\" data-id=\"5ee05cd7\" data-element_type=\"column\" data-e-type=\"column\" data-settings=\"{&quot;animation&quot;:&quot;fadeInUp&quot;,&quot;animation_delay&quot;:300}\">\n\t\t\t<div class=\"elementor-widget-wrap elementor-element-populated\">\n\t\t\t\t\t\t<div class=\"elementor-element elementor-element-5832cb7 elementor-widget elementor-widget-image\" data-id=\"5832cb7\" data-element_type=\"widget\" data-e-type=\"widget\" data-widget_type=\"image.default\">\n\t\t\t\t<div class=\"elementor-widget-container\">\n\t\t\t\t\t\t\t\t\t\t\t\t\t\t\t<img decoding=\"async\" width=\"578\" height=\"451\" src=\"https:\/\/cps.es\/wp-content\/uploads\/2022\/12\/01-plan-regional-carreteras-larioja-espana.webp\" class=\"attachment-full size-full wp-image-7846\" alt=\"\" srcset=\"https:\/\/cps.es\/wp-content\/uploads\/2022\/12\/01-plan-regional-carreteras-larioja-espana.webp 578w, https:\/\/cps.es\/wp-content\/uploads\/2022\/12\/01-plan-regional-carreteras-larioja-espana-300x234.webp 300w\" sizes=\"(max-width: 578px) 100vw, 578px\" \/>\t\t\t\t\t\t\t\t\t\t\t\t\t\t\t<\/div>\n\t\t\t\t<\/div>\n\t\t\t\t\t<\/div>\n\t\t<\/div>\n\t\t\t\t<div class=\"elementor-column elementor-col-50 elementor-inner-column elementor-element elementor-element-3e99a61d\" data-id=\"3e99a61d\" data-element_type=\"column\" data-e-type=\"column\">\n\t\t\t<div class=\"elementor-widget-wrap elementor-element-populated\">\n\t\t\t\t\t\t<div class=\"elementor-element elementor-element-5a7f55ff elementor-widget__width-initial elementor-widget-tablet__width-initial elementor-invisible elementor-widget elementor-widget-text-editor\" data-id=\"5a7f55ff\" data-element_type=\"widget\" data-e-type=\"widget\" data-settings=\"{&quot;_animation&quot;:&quot;fadeInDown&quot;}\" data-widget_type=\"text-editor.default\">\n\t\t\t\t<div class=\"elementor-widget-container\">\n\t\t\t\t\t\t\t\t\t<p class=\"Default\" style=\"text-align: justify;\"><span style=\"font-family: 'Segoe UI',sans-serif;\">Le projet vise \u00e0 am\u00e9liorer le territoire de La Rioja d&#8217;un point de vue g\u00e9n\u00e9ral, en am\u00e9liorant l&#8217;efficacit\u00e9 \u00e9conomique et le d\u00e9veloppement harmonieux du territoire, l&#8217;\u00e9quit\u00e9 sociale, l&#8217;organisation et la gestion du syst\u00e8me routier, en bref, en am\u00e9liorant la durabilit\u00e9 et la qualit\u00e9 de vie des citoyens de La Rioja.<\/span><\/p>\n<p style=\"text-align: justify;\"><strong>T\u00e2ches effectu\u00e9es :<\/strong><\/p>\n<p style=\"text-align: justify;\">Dans un projet de cette ampleur, il est n\u00e9cessaire de r\u00e9aliser un grand nombre de t\u00e2ches afin de conna\u00eetre au mieux le territoire et de prendre les d\u00e9cisions les plus b\u00e9n\u00e9fiques pour celui-ci. Le plan est donc bas\u00e9 sur diff\u00e9rentes phases ou sections :<\/p>\n<ul style=\"text-align: justify;\">\n<li><strong>Analyse et diagnostic du r\u00e9seau actuel<\/strong>: cette phase permet de conna\u00eetre le point de d\u00e9part du r\u00e9seau. Des aspects tels que le cadre l\u00e9gislatif, la planification urbaine, l&#8217;\u00e9tat de conservation du r\u00e9seau au moyen d&#8217;un inventaire pr\u00e9liminaire, les niveaux de service, la s\u00e9curit\u00e9 routi\u00e8re, les travers\u00e9es urbaines, la mobilit\u00e9 cycliste et l&#8217;accessibilit\u00e9 du territoire ont \u00e9t\u00e9 \u00e9tudi\u00e9s. Des <strong>objectifs et des conditions de planification<\/strong> ont \u00e9galement \u00e9t\u00e9 \u00e9tablis, gr\u00e2ce auxquels il a \u00e9t\u00e9 possible de d\u00e9tecter les probl\u00e8mes dans chaque section du r\u00e9seau (niveaux de service, itin\u00e9raire, accessibilit\u00e9, etc.).<\/li>\n<\/ul>\n<ul>\n<li style=\"text-align: justify;\"><strong>Mod\u00e8le de transport<\/strong>: parall\u00e8lement \u00e0 l&#8217;analyse du r\u00e9seau, un mod\u00e8le de transport macroscopique en quatre \u00e9tapes a \u00e9t\u00e9 r\u00e9alis\u00e9 \u00e0 l&#8217;aide du logiciel PTV Visum. Plusieurs sc\u00e9narios ont \u00e9t\u00e9 simul\u00e9s, tant pour la situation actuelle que pour la situation future. Cet outil permet d&#8217;\u00e9tudier les actions \u00e0 mener dans le r\u00e9seau, en montrant, par exemple, l&#8217;interaction entre l&#8217;offre et la demande.<\/li>\n<\/ul>\n\t\t\t\t\t\t\t\t<\/div>\n\t\t\t\t<\/div>\n\t\t\t\t\t<\/div>\n\t\t<\/div>\n\t\t\t\t\t<\/div>\n\t\t<\/section>\n\t\t\t\t\t<\/div>\n\t\t<\/div>\n\t\t\t\t\t<\/div>\n\t\t<\/div>\n\t\t\t\t<div class=\"elementor-section elementor-top-section elementor-element elementor-element-8ec946c elementor-section-boxed elementor-section-height-default elementor-section-height-default\" data-id=\"8ec946c\" data-element_type=\"section\" data-e-type=\"section\" data-settings=\"{&quot;background_background&quot;:&quot;classic&quot;}\">\n\t\t\t\t\t\t<div class=\"elementor-container elementor-column-gap-default\">\n\t\t\t\t\t<div class=\"elementor-column elementor-col-100 elementor-top-column elementor-element elementor-element-224c399\" data-id=\"224c399\" data-element_type=\"column\" data-e-type=\"column\">\n\t\t\t<div class=\"elementor-widget-wrap elementor-element-populated\">\n\t\t\t\t\t\t<section class=\"elementor-section elementor-inner-section elementor-element elementor-element-675d399 elementor-section-boxed elementor-section-height-default elementor-section-height-default\" data-id=\"675d399\" data-element_type=\"section\" data-e-type=\"section\">\n\t\t\t\t\t\t<div class=\"elementor-container elementor-column-gap-default\">\n\t\t\t\t\t<div class=\"elementor-column elementor-col-50 elementor-inner-column elementor-element elementor-element-6894d50\" data-id=\"6894d50\" data-element_type=\"column\" data-e-type=\"column\">\n\t\t\t<div class=\"elementor-widget-wrap elementor-element-populated\">\n\t\t\t\t\t\t<div class=\"elementor-element elementor-element-186bb0d elementor-widget__width-initial elementor-widget-tablet__width-initial elementor-invisible elementor-widget elementor-widget-text-editor\" data-id=\"186bb0d\" data-element_type=\"widget\" data-e-type=\"widget\" data-settings=\"{&quot;_animation&quot;:&quot;fadeInDown&quot;}\" data-widget_type=\"text-editor.default\">\n\t\t\t\t<div class=\"elementor-widget-container\">\n\t\t\t\t\t\t\t\t\t<ul>\n<li style=\"text-align: justify;\"><strong>D\u00e9finition des actions<\/strong>, en \u00e9tablissant un ordre de priorit\u00e9 en fonction des probl\u00e8mes, des besoins et de la rentabilit\u00e9 sociale que chaque action particuli\u00e8re produira.<\/li>\n<li>D\u00e9finition de <strong>sc\u00e9narios<\/strong>, \u00e9tablissement de blocs particuliers de mesures, et s\u00e9lection de la plus appropri\u00e9e par une analyse multicrit\u00e8res. Des aspects tels que les \u00e9missions de polluants et le taux d&#8217;accidents ont \u00e9t\u00e9 pris en compte.<\/li>\n<li><strong>Programmation des actions : <\/strong>une fois le sc\u00e9nario le plus appropri\u00e9 s\u00e9lectionn\u00e9, une programmation des actions a \u00e9t\u00e9 r\u00e9alis\u00e9e, d\u00e9finissant les investissements n\u00e9cessaires pour chaque ann\u00e9e.<\/li>\n<\/ul>\n<p style=\"text-align: justify;\">Parall\u00e8lement \u00e0 tout cela, le Plan a \u00e9t\u00e9 soumis \u00e0 une \u00e9valuation environnementale strat\u00e9gique ordinaire, conform\u00e9ment aux dispositions de la <em>loi 21\/2013, du 9 d\u00e9cembre, sur l&#8217;\u00e9valuation environnementale, <\/em>et les documents n\u00e9cessaires ont \u00e9t\u00e9 \u00e9labor\u00e9s, comme l&#8217;\u00e9tude environnementale strat\u00e9gique. En outre, toutes les consid\u00e9rations re\u00e7ues au cours de l&#8217;information publique ont \u00e9t\u00e9 prises en compte.<\/p>\n\t\t\t\t\t\t\t\t<\/div>\n\t\t\t\t<\/div>\n\t\t\t\t\t<\/div>\n\t\t<\/div>\n\t\t\t\t<div class=\"elementor-column elementor-col-50 elementor-inner-column elementor-element elementor-element-897b319 elementor-invisible\" data-id=\"897b319\" data-element_type=\"column\" data-e-type=\"column\" data-settings=\"{&quot;animation&quot;:&quot;fadeInUp&quot;,&quot;animation_delay&quot;:300}\">\n\t\t\t<div class=\"elementor-widget-wrap elementor-element-populated\">\n\t\t\t\t\t\t<div class=\"elementor-element elementor-element-71c6476 elementor-widget elementor-widget-image\" data-id=\"71c6476\" data-element_type=\"widget\" data-e-type=\"widget\" data-widget_type=\"image.default\">\n\t\t\t\t<div class=\"elementor-widget-container\">\n\t\t\t\t\t\t\t\t\t\t\t\t\t\t\t<img loading=\"lazy\" decoding=\"async\" width=\"530\" height=\"510\" src=\"https:\/\/cps.es\/wp-content\/uploads\/2022\/12\/02-plan-regional-carreteras-larioja-espana.webp\" class=\"attachment-large size-large wp-image-7848\" alt=\"\" srcset=\"https:\/\/cps.es\/wp-content\/uploads\/2022\/12\/02-plan-regional-carreteras-larioja-espana.webp 530w, https:\/\/cps.es\/wp-content\/uploads\/2022\/12\/02-plan-regional-carreteras-larioja-espana-300x289.webp 300w\" sizes=\"(max-width: 530px) 100vw, 530px\" \/>\t\t\t\t\t\t\t\t\t\t\t\t\t\t\t<\/div>\n\t\t\t\t<\/div>\n\t\t\t\t\t<\/div>\n\t\t<\/div>\n\t\t\t\t\t<\/div>\n\t\t<\/section>\n\t\t\t\t\t<\/div>\n\t\t<\/div>\n\t\t\t\t\t<\/div>\n\t\t<\/div>\n\t\t\t\t<section class=\"elementor-section elementor-top-section elementor-element elementor-element-aacd914 elementor-section-boxed elementor-section-height-default elementor-section-height-default\" data-id=\"aacd914\" data-element_type=\"section\" data-e-type=\"section\">\n\t\t\t\t\t\t<div class=\"elementor-container elementor-column-gap-default\">\n\t\t\t\t\t<div class=\"elementor-column elementor-col-50 elementor-top-column elementor-element elementor-element-3354dc9 bdt-backdrop-filter-yes\" data-id=\"3354dc9\" data-element_type=\"column\" data-e-type=\"column\">\n\t\t\t<div class=\"elementor-widget-wrap elementor-element-populated\">\n\t\t\t\t\t\t<div class=\"elementor-element elementor-element-7ffa77c elementor-widget elementor-widget-heading\" data-id=\"7ffa77c\" data-element_type=\"widget\" data-e-type=\"widget\" data-widget_type=\"heading.default\">\n\t\t\t\t<div class=\"elementor-widget-container\">\n\t\t\t\t\t<h2 class=\"elementor-heading-title elementor-size-default\">Plan routier r\u00e9gional de La Rioja 2022-2030<\/h2>\t\t\t\t<\/div>\n\t\t\t\t<\/div>\n\t\t\t\t\t<\/div>\n\t\t<\/div>\n\t\t\t\t<div class=\"elementor-column elementor-col-50 elementor-top-column elementor-element elementor-element-11fc32a\" data-id=\"11fc32a\" data-element_type=\"column\" data-e-type=\"column\">\n\t\t\t<div class=\"elementor-widget-wrap elementor-element-populated\">\n\t\t\t\t\t\t<div class=\"elementor-element elementor-element-4033b4b animated-slow elementor-invisible elementor-widget elementor-widget-bdt-timeline\" data-id=\"4033b4b\" data-element_type=\"widget\" data-e-type=\"widget\" data-settings=\"{&quot;_animation&quot;:&quot;fadeInUp&quot;}\" data-widget_type=\"bdt-timeline.default\">\n\t\t\t\t<div class=\"elementor-widget-container\">\n\t\t\t\t\t        <div id=\"bdt-timeline-4033b4b\" class=\"bdt-timeline bdt-timeline-skin-default bdt-timeline-left\">\n            <div class=\"bdt-grid bdt-grid-collapse\" bdt-grid>\n                \n\n                    <div class=\" bdt-timeline-item left-part\">\n\n                        <div class=\"bdt-timeline-item-main-wrapper\">\n                            <div class=\"bdt-timeline-line\">\n                                <span><\/span>\n                            <\/div>\n                            <div class=\"bdt-timeline-item-main-container\">\n                                \n                                <div class=\"bdt-timeline-icon\" >\n\n                                    <span>\n\n                                                                                                                            \n                                    <\/span>\n\n                                <\/div>\n                                        <div class=\"bdt-timeline-item-main\" >\n            <span class=\"bdt-timeline-arrow\"><\/span>\n\n            \n            <div class=\"bdt-timeline-desc bdt-padding\">\n                        <h3 class=\"bdt-timeline-title\">\n                            <span>Localizaci\u00f3n<\/span>\n                    <\/h3>\n                                                <div class=\"bdt-timeline-excerpt\">\n                <p><span style=\"font-weight: 400;\">La Rioja, Espa\u00f1a<\/span><\/p>            <\/div>\n                                    <\/div>\n        <\/div>\n                                <\/div>\n                        <\/div>\n                    <\/div>\n\n                    \n                \n\n                    <div class=\" bdt-timeline-item right-part\">\n\n                        <div class=\"bdt-timeline-item-main-wrapper\">\n                            <div class=\"bdt-timeline-line\">\n                                <span><\/span>\n                            <\/div>\n                            <div class=\"bdt-timeline-item-main-container\">\n                                \n                                <div class=\"bdt-timeline-icon\" >\n\n                                    <span>\n\n                                                                                                                            \n                                    <\/span>\n\n                                <\/div>\n                                        <div class=\"bdt-timeline-item-main\" >\n            <span class=\"bdt-timeline-arrow\"><\/span>\n\n            \n            <div class=\"bdt-timeline-desc bdt-padding\">\n                        <h3 class=\"bdt-timeline-title\">\n                            <span>Cliente<\/span>\n                    <\/h3>\n                                                <div class=\"bdt-timeline-excerpt\">\n                <p>Consejer\u00eda de Sostenibilidad y Transici\u00f3n Ecol\u00f3gica del Gobierno de La Rioja<\/p>            <\/div>\n                                    <\/div>\n        <\/div>\n                                <\/div>\n                        <\/div>\n                    <\/div>\n\n                    \n                \n\n                    <div class=\" bdt-timeline-item left-part\">\n\n                        <div class=\"bdt-timeline-item-main-wrapper\">\n                            <div class=\"bdt-timeline-line\">\n                                <span><\/span>\n                            <\/div>\n                            <div class=\"bdt-timeline-item-main-container\">\n                                \n                                <div class=\"bdt-timeline-icon\" >\n\n                                    <span>\n\n                                                                                                                            \n                                    <\/span>\n\n                                <\/div>\n                                        <div class=\"bdt-timeline-item-main\" >\n            <span class=\"bdt-timeline-arrow\"><\/span>\n\n            \n            <div class=\"bdt-timeline-desc bdt-padding\">\n                        <h3 class=\"bdt-timeline-title\">\n                            <span>Fecha (inicio-fin)<\/span>\n                    <\/h3>\n                                                <div class=\"bdt-timeline-excerpt\">\n                <p><span style=\"font-weight: 400;\">Noviembre 2021 \u2013 Diciembre 2022<\/span><\/p>            <\/div>\n                                    <\/div>\n        <\/div>\n                                <\/div>\n                        <\/div>\n                    <\/div>\n\n                    \n                \n                \n            <\/div>\n        <\/div>\n\t\t\t\t<\/div>\n\t\t\t\t<\/div>\n\t\t\t\t\t<\/div>\n\t\t<\/div>\n\t\t\t\t\t<\/div>\n\t\t<\/section>\n\t\t\t\t<section class=\"elementor-section elementor-top-section elementor-element elementor-element-1f7507c elementor-section-height-min-height elementor-section-stretched elementor-section-boxed elementor-section-height-default elementor-section-items-middle\" data-id=\"1f7507c\" data-element_type=\"section\" data-e-type=\"section\" data-settings=\"{&quot;stretch_section&quot;:&quot;section-stretched&quot;}\">\n\t\t\t\t\t\t<div class=\"elementor-container elementor-column-gap-custom\">\n\t\t\t\t\t<div class=\"elementor-column elementor-col-100 elementor-top-column elementor-element elementor-element-7784c0f\" data-id=\"7784c0f\" data-element_type=\"column\" data-e-type=\"column\">\n\t\t\t<div class=\"elementor-widget-wrap elementor-element-populated\">\n\t\t\t\t\t\t<div class=\"elementor-element elementor-element-3877aaa elementor-widget__width-initial elementor-widget-tablet__width-initial ui-e-a-animate elementor-invisible elementor-widget elementor-widget-highlighted-text\" data-id=\"3877aaa\" data-element_type=\"widget\" data-e-type=\"widget\" data-settings=\"{&quot;_animation&quot;:&quot;fadeInDown&quot;}\" data-widget_type=\"highlighted-text.default\">\n\t\t\t\t<div class=\"elementor-widget-container\">\n\t\t\t\t\t\t\t<h2 class=\"ui-e--highlighted-text\" >\n        <span class=\"ui-e-headline-text\">Proyectos relacionados<\/span>         <\/h2>\n        \t\t\t\t<\/div>\n\t\t\t\t<\/div>\n\t\t\t\t\t<\/div>\n\t\t<\/div>\n\t\t\t\t\t<\/div>\n\t\t<\/section>\n\t\t\t\t<\/div>\n\t\t","protected":false},"excerpt":{"rendered":"<p>Plan routier r\u00e9gional de La Rioja 2022-2030 La CPS \u00e9labore le Plan routier de la Communaut\u00e9 autonome de La Rioja, un instrument [&hellip;]<\/p>\n","protected":false},"author":9,"featured_media":7850,"menu_order":0,"comment_status":"closed","ping_status":"closed","template":"","meta":{"footnotes":""},"portfolio_category":[117],"class_list":["post-9205","portfolio","type-portfolio","status-publish","has-post-thumbnail","hentry","portfolio_category-transportes-fr"],"_links":{"self":[{"href":"https:\/\/cps.es\/fr\/wp-json\/wp\/v2\/portfolio\/9205","targetHints":{"allow":["GET"]}}],"collection":[{"href":"https:\/\/cps.es\/fr\/wp-json\/wp\/v2\/portfolio"}],"about":[{"href":"https:\/\/cps.es\/fr\/wp-json\/wp\/v2\/types\/portfolio"}],"author":[{"embeddable":true,"href":"https:\/\/cps.es\/fr\/wp-json\/wp\/v2\/users\/9"}],"replies":[{"embeddable":true,"href":"https:\/\/cps.es\/fr\/wp-json\/wp\/v2\/comments?post=9205"}],"version-history":[{"count":1,"href":"https:\/\/cps.es\/fr\/wp-json\/wp\/v2\/portfolio\/9205\/revisions"}],"predecessor-version":[{"id":9211,"href":"https:\/\/cps.es\/fr\/wp-json\/wp\/v2\/portfolio\/9205\/revisions\/9211"}],"wp:featuredmedia":[{"embeddable":true,"href":"https:\/\/cps.es\/fr\/wp-json\/wp\/v2\/media\/7850"}],"wp:attachment":[{"href":"https:\/\/cps.es\/fr\/wp-json\/wp\/v2\/media?parent=9205"}],"wp:term":[{"taxonomy":"portfolio_category","embeddable":true,"href":"https:\/\/cps.es\/fr\/wp-json\/wp\/v2\/portfolio_category?post=9205"}],"curies":[{"name":"wp","href":"https:\/\/api.w.org\/{rel}","templated":true}]}}