{"id":9243,"date":"2023-01-10T08:51:53","date_gmt":"2023-01-10T08:51:53","guid":{"rendered":"https:\/\/cps.es\/portfolio\/amelioration-des-services-educatifs-a-lie-san-francisco-de-asis\/"},"modified":"2023-03-08T09:43:59","modified_gmt":"2023-03-08T09:43:59","slug":"amelioration-des-services-educatifs-a-lie-san-francisco-de-asis","status":"publish","type":"portfolio","link":"https:\/\/cps.es\/fr\/portfolio\/amelioration-des-services-educatifs-a-lie-san-francisco-de-asis\/","title":{"rendered":"Am\u00e9lioration des services \u00e9ducatifs \u00e0 l&#8217;IE San Francisco de Asis"},"content":{"rendered":"\t\t<div data-elementor-type=\"wp-post\" data-elementor-id=\"9243\" class=\"elementor elementor-9243 elementor-3674\" data-elementor-post-type=\"portfolio\">\n\t\t\t\t\t\t<section class=\"elementor-section elementor-top-section elementor-element elementor-element-555ae3b3 elementor-section-boxed elementor-section-height-default elementor-section-height-default\" data-id=\"555ae3b3\" data-element_type=\"section\" data-e-type=\"section\">\n\t\t\t\t\t\t<div class=\"elementor-container elementor-column-gap-default\">\n\t\t\t\t\t<div class=\"elementor-column elementor-col-50 elementor-top-column elementor-element elementor-element-8014629\" data-id=\"8014629\" data-element_type=\"column\" data-e-type=\"column\">\n\t\t\t<div class=\"elementor-widget-wrap elementor-element-populated\">\n\t\t\t\t\t\t<div class=\"elementor-element elementor-element-634f2be6 elementor-widget__width-initial elementor-widget-tablet__width-initial elementor-widget elementor-widget-heading\" data-id=\"634f2be6\" data-element_type=\"widget\" data-e-type=\"widget\" data-widget_type=\"heading.default\">\n\t\t\t\t<div class=\"elementor-widget-container\">\n\t\t\t\t\t<h1 class=\"elementor-heading-title elementor-size-default\">Am\u00e9lioration des services \u00e9ducatifs de l'IE San Francisco de Asis, Acobamba<\/h1>\t\t\t\t<\/div>\n\t\t\t\t<\/div>\n\t\t\t\t<div class=\"elementor-element elementor-element-229af156 elementor-widget elementor-widget-spacer\" data-id=\"229af156\" data-element_type=\"widget\" data-e-type=\"widget\" data-widget_type=\"spacer.default\">\n\t\t\t\t<div class=\"elementor-widget-container\">\n\t\t\t\t\t\t\t<div class=\"elementor-spacer\">\n\t\t\t<div class=\"elementor-spacer-inner\"><\/div>\n\t\t<\/div>\n\t\t\t\t\t\t<\/div>\n\t\t\t\t<\/div>\n\t\t\t\t<div class=\"elementor-element elementor-element-59a45a40 elementor-widget__width-initial elementor-widget elementor-widget-text-editor\" data-id=\"59a45a40\" data-element_type=\"widget\" data-e-type=\"widget\" data-widget_type=\"text-editor.default\">\n\t\t\t\t<div class=\"elementor-widget-container\">\n\t\t\t\t\t\t\t\t\t<p style=\"text-align: justify;\">SCP P\u00e9rou a r\u00e9alis\u00e9 la supervision de la construction du nouvel IE San Francisco de Asis dans le district d&#8217;Acobamba dans le d\u00e9partement de Huancavelica. Le projet vise \u00e0 fournir une infrastructure \u00e9ducative ad\u00e9quate sur un terrain de 8 656,58<sup>m2<\/sup>. Le projet b\u00e9n\u00e9ficiera \u00e0 une population scolaire de 788 \u00e9l\u00e8ves dans la r\u00e9gion de Huancavelica.<\/p>\n\t\t\t\t\t\t\t\t<\/div>\n\t\t\t\t<\/div>\n\t\t\t\t\t<\/div>\n\t\t<\/div>\n\t\t\t\t<div class=\"elementor-column elementor-col-50 elementor-top-column elementor-element elementor-element-2ee1fe9f animated-fast elementor-invisible\" data-id=\"2ee1fe9f\" data-element_type=\"column\" data-e-type=\"column\" data-settings=\"{&quot;animation&quot;:&quot;fadeInUp&quot;}\">\n\t\t\t<div class=\"elementor-widget-wrap elementor-element-populated\">\n\t\t\t\t\t\t<div class=\"elementor-element elementor-element-b71e898 elementor-widget elementor-widget-image\" data-id=\"b71e898\" data-element_type=\"widget\" data-e-type=\"widget\" data-widget_type=\"image.default\">\n\t\t\t\t<div class=\"elementor-widget-container\">\n\t\t\t\t\t\t\t\t\t\t\t\t\t\t\t<img fetchpriority=\"high\" decoding=\"async\" width=\"1000\" height=\"809\" src=\"https:\/\/cps.es\/wp-content\/uploads\/2023\/01\/02-mejoramiento-servicios-educativos-ie-san-francisco-asis-acobamba.webp\" class=\"attachment-full size-full wp-image-7944\" alt=\"\" srcset=\"https:\/\/cps.es\/wp-content\/uploads\/2023\/01\/02-mejoramiento-servicios-educativos-ie-san-francisco-asis-acobamba.webp 1000w, https:\/\/cps.es\/wp-content\/uploads\/2023\/01\/02-mejoramiento-servicios-educativos-ie-san-francisco-asis-acobamba-300x243.webp 300w, https:\/\/cps.es\/wp-content\/uploads\/2023\/01\/02-mejoramiento-servicios-educativos-ie-san-francisco-asis-acobamba-768x621.webp 768w, https:\/\/cps.es\/wp-content\/uploads\/2023\/01\/02-mejoramiento-servicios-educativos-ie-san-francisco-asis-acobamba-650x526.webp 650w\" sizes=\"(max-width: 1000px) 100vw, 1000px\" \/>\t\t\t\t\t\t\t\t\t\t\t\t\t\t\t<\/div>\n\t\t\t\t<\/div>\n\t\t\t\t<div class=\"elementor-element elementor-element-6087b02d elementor-widget__width-initial elementor-absolute elementor-widget elementor-widget-spacer\" data-id=\"6087b02d\" data-element_type=\"widget\" data-e-type=\"widget\" data-settings=\"{&quot;_position&quot;:&quot;absolute&quot;}\" data-widget_type=\"spacer.default\">\n\t\t\t\t<div class=\"elementor-widget-container\">\n\t\t\t\t\t\t\t<div class=\"elementor-spacer\">\n\t\t\t<div class=\"elementor-spacer-inner\"><\/div>\n\t\t<\/div>\n\t\t\t\t\t\t<\/div>\n\t\t\t\t<\/div>\n\t\t\t\t<div class=\"elementor-element elementor-element-68683deb elementor-widget__width-auto elementor-absolute elementor-widget elementor-widget-image\" data-id=\"68683deb\" data-element_type=\"widget\" data-e-type=\"widget\" data-settings=\"{&quot;_position&quot;:&quot;absolute&quot;}\" data-widget_type=\"image.default\">\n\t\t\t\t<div class=\"elementor-widget-container\">\n\t\t\t\t\t\t\t\t\t\t\t\t\t\t\t<img decoding=\"async\" width=\"300\" height=\"544\" src=\"https:\/\/cps.es\/wp-content\/uploads\/2022\/09\/Team-Innovation-BG-Element.webp\" class=\"attachment-full size-full wp-image-7300\" alt=\"\" srcset=\"https:\/\/cps.es\/wp-content\/uploads\/2022\/09\/Team-Innovation-BG-Element.webp 300w, https:\/\/cps.es\/wp-content\/uploads\/2022\/09\/Team-Innovation-BG-Element-165x300.webp 165w\" sizes=\"(max-width: 300px) 100vw, 300px\" \/>\t\t\t\t\t\t\t\t\t\t\t\t\t\t\t<\/div>\n\t\t\t\t<\/div>\n\t\t\t\t\t<\/div>\n\t\t<\/div>\n\t\t\t\t\t<\/div>\n\t\t<\/section>\n\t\t\t\t<div class=\"elementor-section elementor-top-section elementor-element elementor-element-4a3eedd5 elementor-section-boxed elementor-section-height-default elementor-section-height-default\" data-id=\"4a3eedd5\" data-element_type=\"section\" data-e-type=\"section\" data-settings=\"{&quot;background_background&quot;:&quot;classic&quot;}\">\n\t\t\t\t\t\t<div class=\"elementor-container elementor-column-gap-default\">\n\t\t\t\t\t<div class=\"elementor-column elementor-col-100 elementor-top-column elementor-element elementor-element-6a894ce1\" data-id=\"6a894ce1\" data-element_type=\"column\" data-e-type=\"column\">\n\t\t\t<div class=\"elementor-widget-wrap elementor-element-populated\">\n\t\t\t\t\t\t<section class=\"elementor-section elementor-inner-section elementor-element elementor-element-2c3e12d2 elementor-section-boxed elementor-section-height-default elementor-section-height-default\" data-id=\"2c3e12d2\" data-element_type=\"section\" data-e-type=\"section\">\n\t\t\t\t\t\t<div class=\"elementor-container elementor-column-gap-default\">\n\t\t\t\t\t<div class=\"elementor-column elementor-col-50 elementor-inner-column elementor-element elementor-element-5ee05cd7 elementor-invisible\" data-id=\"5ee05cd7\" data-element_type=\"column\" data-e-type=\"column\" data-settings=\"{&quot;animation&quot;:&quot;fadeInUp&quot;,&quot;animation_delay&quot;:300}\">\n\t\t\t<div class=\"elementor-widget-wrap elementor-element-populated\">\n\t\t\t\t\t\t<div class=\"elementor-element elementor-element-5832cb7 elementor-widget elementor-widget-image\" data-id=\"5832cb7\" data-element_type=\"widget\" data-e-type=\"widget\" data-widget_type=\"image.default\">\n\t\t\t\t<div class=\"elementor-widget-container\">\n\t\t\t\t\t\t\t\t\t\t\t\t\t\t\t<img decoding=\"async\" width=\"1000\" height=\"809\" src=\"https:\/\/cps.es\/wp-content\/uploads\/2023\/01\/02-mejoramiento-servicios-educativos-ie-san-francisco-asis-acobamba.webp\" class=\"attachment-large size-large wp-image-7944\" alt=\"\" srcset=\"https:\/\/cps.es\/wp-content\/uploads\/2023\/01\/02-mejoramiento-servicios-educativos-ie-san-francisco-asis-acobamba.webp 1000w, https:\/\/cps.es\/wp-content\/uploads\/2023\/01\/02-mejoramiento-servicios-educativos-ie-san-francisco-asis-acobamba-300x243.webp 300w, https:\/\/cps.es\/wp-content\/uploads\/2023\/01\/02-mejoramiento-servicios-educativos-ie-san-francisco-asis-acobamba-768x621.webp 768w, https:\/\/cps.es\/wp-content\/uploads\/2023\/01\/02-mejoramiento-servicios-educativos-ie-san-francisco-asis-acobamba-650x526.webp 650w\" sizes=\"(max-width: 1000px) 100vw, 1000px\" \/>\t\t\t\t\t\t\t\t\t\t\t\t\t\t\t<\/div>\n\t\t\t\t<\/div>\n\t\t\t\t\t<\/div>\n\t\t<\/div>\n\t\t\t\t<div class=\"elementor-column elementor-col-50 elementor-inner-column elementor-element elementor-element-3e99a61d\" data-id=\"3e99a61d\" data-element_type=\"column\" data-e-type=\"column\">\n\t\t\t<div class=\"elementor-widget-wrap elementor-element-populated\">\n\t\t\t\t\t\t<div class=\"elementor-element elementor-element-77ee1f6b elementor-widget elementor-widget-spacer\" data-id=\"77ee1f6b\" data-element_type=\"widget\" data-e-type=\"widget\" data-widget_type=\"spacer.default\">\n\t\t\t\t<div class=\"elementor-widget-container\">\n\t\t\t\t\t\t\t<div class=\"elementor-spacer\">\n\t\t\t<div class=\"elementor-spacer-inner\"><\/div>\n\t\t<\/div>\n\t\t\t\t\t\t<\/div>\n\t\t\t\t<\/div>\n\t\t\t\t<div class=\"elementor-element elementor-element-5a7f55ff elementor-widget__width-initial elementor-widget-tablet__width-initial elementor-invisible elementor-widget elementor-widget-text-editor\" data-id=\"5a7f55ff\" data-element_type=\"widget\" data-e-type=\"widget\" data-settings=\"{&quot;_animation&quot;:&quot;fadeInDown&quot;}\" data-widget_type=\"text-editor.default\">\n\t\t\t\t<div class=\"elementor-widget-container\">\n\t\t\t\t\t\t\t\t\t<p style=\"text-align: justify;\">Les pavillons ont \u00e9t\u00e9 d\u00e9velopp\u00e9s sur trois niveaux de hauteur dans chaque bloc, \u00e9tant de nouveaux b\u00e2timents de type galerie \u00e0 balcon, qui s&#8217;ouvrent sur la cour civique, permettant la communication spatiale de tous les blocs, du centre sportif, de la cantine des \u00e9tudiants et des patios ext\u00e9rieurs, la circulation horizontale est donn\u00e9e par un passage de type galerie-balcon, qui permet la connexion spatiale avec le complexe architectural complet, connect\u00e9 verticalement \u00e0 une extr\u00e9mit\u00e9 par un escalier avec ascenseur, qui est exclusivement pour le d\u00e9placement des personnes handicap\u00e9es.<\/p>\n\t\t\t\t\t\t\t\t<\/div>\n\t\t\t\t<\/div>\n\t\t\t\t\t<\/div>\n\t\t<\/div>\n\t\t\t\t\t<\/div>\n\t\t<\/section>\n\t\t\t\t\t<\/div>\n\t\t<\/div>\n\t\t\t\t\t<\/div>\n\t\t<\/div>\n\t\t\t\t<div class=\"elementor-section elementor-top-section elementor-element elementor-element-8ec946c elementor-section-boxed elementor-section-height-default elementor-section-height-default\" data-id=\"8ec946c\" data-element_type=\"section\" data-e-type=\"section\" data-settings=\"{&quot;background_background&quot;:&quot;classic&quot;}\">\n\t\t\t\t\t\t<div class=\"elementor-container elementor-column-gap-default\">\n\t\t\t\t\t<div class=\"elementor-column elementor-col-100 elementor-top-column elementor-element elementor-element-224c399\" data-id=\"224c399\" data-element_type=\"column\" data-e-type=\"column\">\n\t\t\t<div class=\"elementor-widget-wrap elementor-element-populated\">\n\t\t\t\t\t\t<section class=\"elementor-section elementor-inner-section elementor-element elementor-element-675d399 elementor-section-boxed elementor-section-height-default elementor-section-height-default\" data-id=\"675d399\" data-element_type=\"section\" data-e-type=\"section\">\n\t\t\t\t\t\t<div class=\"elementor-container elementor-column-gap-default\">\n\t\t\t\t\t<div class=\"elementor-column elementor-col-50 elementor-inner-column elementor-element elementor-element-6894d50\" data-id=\"6894d50\" data-element_type=\"column\" data-e-type=\"column\">\n\t\t\t<div class=\"elementor-widget-wrap elementor-element-populated\">\n\t\t\t\t\t\t<div class=\"elementor-element elementor-element-1b5329f elementor-widget elementor-widget-spacer\" data-id=\"1b5329f\" data-element_type=\"widget\" data-e-type=\"widget\" data-widget_type=\"spacer.default\">\n\t\t\t\t<div class=\"elementor-widget-container\">\n\t\t\t\t\t\t\t<div class=\"elementor-spacer\">\n\t\t\t<div class=\"elementor-spacer-inner\"><\/div>\n\t\t<\/div>\n\t\t\t\t\t\t<\/div>\n\t\t\t\t<\/div>\n\t\t\t\t<div class=\"elementor-element elementor-element-186bb0d elementor-widget__width-initial elementor-widget-tablet__width-initial elementor-invisible elementor-widget elementor-widget-text-editor\" data-id=\"186bb0d\" data-element_type=\"widget\" data-e-type=\"widget\" data-settings=\"{&quot;_animation&quot;:&quot;fadeInDown&quot;}\" data-widget_type=\"text-editor.default\">\n\t\t\t\t<div class=\"elementor-widget-container\">\n\t\t\t\t\t\t\t\t\t<p style=\"text-align: justify;\">Ces types de blocs sont propos\u00e9s parce que l&#8217;\u00e9tablissement d&#8217;enseignement fait partie du mod\u00e8le de journ\u00e9e sp\u00e9ciale compl\u00e8te, dont l&#8217;une des caract\u00e9ristiques est de disposer de salles de classe sp\u00e9cialis\u00e9es pour chaque mati\u00e8re, les \u00e9l\u00e8ves changeant de salle de classe \u00e0 chaque changement de mati\u00e8re. Dans le cadre de cette caract\u00e9ristique, des salles de classe nucl\u00e9\u00e9es avec une circulation propre et spacieuse sont propos\u00e9es pour faciliter les flux \u00e0 chaque changement de sujet, ainsi que pour garantir le flux \u00e0 tout moment de la journ\u00e9e et dans toutes les conditions m\u00e9t\u00e9orologiques.<\/p>\n\t\t\t\t\t\t\t\t<\/div>\n\t\t\t\t<\/div>\n\t\t\t\t\t<\/div>\n\t\t<\/div>\n\t\t\t\t<div class=\"elementor-column elementor-col-50 elementor-inner-column elementor-element elementor-element-897b319 elementor-invisible\" data-id=\"897b319\" data-element_type=\"column\" data-e-type=\"column\" data-settings=\"{&quot;animation&quot;:&quot;fadeInUp&quot;,&quot;animation_delay&quot;:300}\">\n\t\t\t<div class=\"elementor-widget-wrap elementor-element-populated\">\n\t\t\t\t\t\t<div class=\"elementor-element elementor-element-9d65176 elementor-widget elementor-widget-image\" data-id=\"9d65176\" data-element_type=\"widget\" data-e-type=\"widget\" data-widget_type=\"image.default\">\n\t\t\t\t<div class=\"elementor-widget-container\">\n\t\t\t\t\t\t\t\t\t\t\t\t\t\t\t<img loading=\"lazy\" decoding=\"async\" width=\"1000\" height=\"600\" src=\"https:\/\/cps.es\/wp-content\/uploads\/2023\/01\/03-mejoramiento-servicios-educativos-ie-san-francisco-asis-acobamba.webp\" class=\"attachment-large size-large wp-image-7942\" alt=\"\" srcset=\"https:\/\/cps.es\/wp-content\/uploads\/2023\/01\/03-mejoramiento-servicios-educativos-ie-san-francisco-asis-acobamba.webp 1000w, https:\/\/cps.es\/wp-content\/uploads\/2023\/01\/03-mejoramiento-servicios-educativos-ie-san-francisco-asis-acobamba-300x180.webp 300w, https:\/\/cps.es\/wp-content\/uploads\/2023\/01\/03-mejoramiento-servicios-educativos-ie-san-francisco-asis-acobamba-768x461.webp 768w, https:\/\/cps.es\/wp-content\/uploads\/2023\/01\/03-mejoramiento-servicios-educativos-ie-san-francisco-asis-acobamba-650x390.webp 650w\" sizes=\"(max-width: 1000px) 100vw, 1000px\" \/>\t\t\t\t\t\t\t\t\t\t\t\t\t\t\t<\/div>\n\t\t\t\t<\/div>\n\t\t\t\t\t<\/div>\n\t\t<\/div>\n\t\t\t\t\t<\/div>\n\t\t<\/section>\n\t\t\t\t\t<\/div>\n\t\t<\/div>\n\t\t\t\t\t<\/div>\n\t\t<\/div>\n\t\t\t\t<section class=\"elementor-section elementor-top-section elementor-element elementor-element-aacd914 elementor-section-boxed elementor-section-height-default elementor-section-height-default\" data-id=\"aacd914\" data-element_type=\"section\" data-e-type=\"section\">\n\t\t\t\t\t\t<div class=\"elementor-container elementor-column-gap-default\">\n\t\t\t\t\t<div class=\"elementor-column elementor-col-50 elementor-top-column elementor-element elementor-element-3354dc9 bdt-backdrop-filter-yes\" data-id=\"3354dc9\" data-element_type=\"column\" data-e-type=\"column\">\n\t\t\t<div class=\"elementor-widget-wrap elementor-element-populated\">\n\t\t\t\t\t\t<div class=\"elementor-element elementor-element-7ffa77c elementor-widget elementor-widget-heading\" data-id=\"7ffa77c\" data-element_type=\"widget\" data-e-type=\"widget\" data-widget_type=\"heading.default\">\n\t\t\t\t<div class=\"elementor-widget-container\">\n\t\t\t\t\t<h2 class=\"elementor-heading-title elementor-size-default\">Am\u00e9lioration des services \u00e9ducatifs de l'IE San Francisco de Asis, Acobamba<\/h2>\t\t\t\t<\/div>\n\t\t\t\t<\/div>\n\t\t\t\t\t<\/div>\n\t\t<\/div>\n\t\t\t\t<div class=\"elementor-column elementor-col-50 elementor-top-column elementor-element elementor-element-11fc32a\" data-id=\"11fc32a\" data-element_type=\"column\" data-e-type=\"column\">\n\t\t\t<div class=\"elementor-widget-wrap elementor-element-populated\">\n\t\t\t\t\t\t<div class=\"elementor-element elementor-element-f521bfb animated-slow elementor-invisible elementor-widget elementor-widget-bdt-timeline\" data-id=\"f521bfb\" data-element_type=\"widget\" data-e-type=\"widget\" data-settings=\"{&quot;_animation&quot;:&quot;fadeInUp&quot;}\" data-widget_type=\"bdt-timeline.default\">\n\t\t\t\t<div class=\"elementor-widget-container\">\n\t\t\t\t\t        <div id=\"bdt-timeline-f521bfb\" class=\"bdt-timeline bdt-timeline-skin-default bdt-timeline-left\">\n            <div class=\"bdt-grid bdt-grid-collapse\" bdt-grid>\n                \n\n                    <div class=\" bdt-timeline-item left-part\">\n\n                        <div class=\"bdt-timeline-item-main-wrapper\">\n                            <div class=\"bdt-timeline-line\">\n                                <span><\/span>\n                            <\/div>\n                            <div class=\"bdt-timeline-item-main-container\">\n                                \n                                <div class=\"bdt-timeline-icon\" >\n\n                                    <span>\n\n                                        \n                                    <\/span>\n\n                                <\/div>\n                                        <div class=\"bdt-timeline-item-main\" >\n            <span class=\"bdt-timeline-arrow\"><\/span>\n\n            \n            <div class=\"bdt-timeline-desc bdt-padding\">\n                        <h3 class=\"bdt-timeline-title\">\n                            <span>Localizaci\u00f3n<\/span>\n                    <\/h3>\n                                                <div class=\"bdt-timeline-excerpt\">\n                <p><span style=\"font-weight: 400;\">Acobamba, Per\u00fa<\/span><\/p>            <\/div>\n                                    <\/div>\n        <\/div>\n                                <\/div>\n                        <\/div>\n                    <\/div>\n\n                    \n                \n\n                    <div class=\" bdt-timeline-item right-part\">\n\n                        <div class=\"bdt-timeline-item-main-wrapper\">\n                            <div class=\"bdt-timeline-line\">\n                                <span><\/span>\n                            <\/div>\n                            <div class=\"bdt-timeline-item-main-container\">\n                                \n                                <div class=\"bdt-timeline-icon\" >\n\n                                    <span>\n\n                                        \n                                    <\/span>\n\n                                <\/div>\n                                        <div class=\"bdt-timeline-item-main\" >\n            <span class=\"bdt-timeline-arrow\"><\/span>\n\n            \n            <div class=\"bdt-timeline-desc bdt-padding\">\n                        <h3 class=\"bdt-timeline-title\">\n                            <span>Cliente<\/span>\n                    <\/h3>\n                                                <div class=\"bdt-timeline-excerpt\">\n                <p><span style=\"font-weight: 400;\">Programa Nacional de Infraestructura Educativa (PRONIED)<\/span><\/p>            <\/div>\n                                    <\/div>\n        <\/div>\n                                <\/div>\n                        <\/div>\n                    <\/div>\n\n                    \n                \n\n                    <div class=\" bdt-timeline-item left-part\">\n\n                        <div class=\"bdt-timeline-item-main-wrapper\">\n                            <div class=\"bdt-timeline-line\">\n                                <span><\/span>\n                            <\/div>\n                            <div class=\"bdt-timeline-item-main-container\">\n                                \n                                <div class=\"bdt-timeline-icon\" >\n\n                                    <span>\n\n                                        \n                                    <\/span>\n\n                                <\/div>\n                                        <div class=\"bdt-timeline-item-main\" >\n            <span class=\"bdt-timeline-arrow\"><\/span>\n\n            \n            <div class=\"bdt-timeline-desc bdt-padding\">\n                        <h3 class=\"bdt-timeline-title\">\n                            <span>Fecha (inicio-fin)<\/span>\n                    <\/h3>\n                                                <div class=\"bdt-timeline-excerpt\">\n                <p><span style=\"font-weight: 400;\">Diciembre 2020 \u2013 Julio 2022<\/span><\/p>            <\/div>\n                                    <\/div>\n        <\/div>\n                                <\/div>\n                        <\/div>\n                    <\/div>\n\n                    \n                \n                \n            <\/div>\n        <\/div>\n\t\t\t\t<\/div>\n\t\t\t\t<\/div>\n\t\t\t\t\t<\/div>\n\t\t<\/div>\n\t\t\t\t\t<\/div>\n\t\t<\/section>\n\t\t\t\t<section class=\"elementor-section elementor-top-section elementor-element elementor-element-1f7507c elementor-section-height-min-height elementor-section-stretched elementor-section-boxed elementor-section-height-default elementor-section-items-middle\" data-id=\"1f7507c\" data-element_type=\"section\" data-e-type=\"section\" data-settings=\"{&quot;stretch_section&quot;:&quot;section-stretched&quot;}\">\n\t\t\t\t\t\t<div class=\"elementor-container elementor-column-gap-custom\">\n\t\t\t\t\t<div class=\"elementor-column elementor-col-100 elementor-top-column elementor-element elementor-element-7784c0f\" data-id=\"7784c0f\" data-element_type=\"column\" data-e-type=\"column\">\n\t\t\t<div class=\"elementor-widget-wrap elementor-element-populated\">\n\t\t\t\t\t\t<div class=\"elementor-element elementor-element-3877aaa elementor-widget__width-initial elementor-widget-tablet__width-initial ui-e-a-animate elementor-invisible elementor-widget elementor-widget-highlighted-text\" data-id=\"3877aaa\" data-element_type=\"widget\" data-e-type=\"widget\" data-settings=\"{&quot;_animation&quot;:&quot;fadeInDown&quot;}\" data-widget_type=\"highlighted-text.default\">\n\t\t\t\t<div class=\"elementor-widget-container\">\n\t\t\t\t\t\t\t<h2 class=\"ui-e--highlighted-text\" >\n        <span class=\"ui-e-headline-text\">Proyectos relacionados<\/span>         <\/h2>\n        \t\t\t\t<\/div>\n\t\t\t\t<\/div>\n\t\t\t\t\t<\/div>\n\t\t<\/div>\n\t\t\t\t\t<\/div>\n\t\t<\/section>\n\t\t\t\t<\/div>\n\t\t","protected":false},"excerpt":{"rendered":"<p>Am\u00e9lioration des services \u00e9ducatifs de l&#8217;IE San Francisco de Asis, Acobamba SCP P\u00e9rou a r\u00e9alis\u00e9 la supervision de la construction du nouvel [&hellip;]<\/p>\n","protected":false},"author":9,"featured_media":7946,"menu_order":0,"comment_status":"open","ping_status":"closed","template":"","meta":{"footnotes":""},"portfolio_category":[112,121],"class_list":["post-9243","portfolio","type-portfolio","status-publish","has-post-thumbnail","hentry","portfolio_category-arquitectura-fr","portfolio_category-internacional-fr"],"_links":{"self":[{"href":"https:\/\/cps.es\/fr\/wp-json\/wp\/v2\/portfolio\/9243","targetHints":{"allow":["GET"]}}],"collection":[{"href":"https:\/\/cps.es\/fr\/wp-json\/wp\/v2\/portfolio"}],"about":[{"href":"https:\/\/cps.es\/fr\/wp-json\/wp\/v2\/types\/portfolio"}],"author":[{"embeddable":true,"href":"https:\/\/cps.es\/fr\/wp-json\/wp\/v2\/users\/9"}],"replies":[{"embeddable":true,"href":"https:\/\/cps.es\/fr\/wp-json\/wp\/v2\/comments?post=9243"}],"version-history":[{"count":1,"href":"https:\/\/cps.es\/fr\/wp-json\/wp\/v2\/portfolio\/9243\/revisions"}],"predecessor-version":[{"id":9244,"href":"https:\/\/cps.es\/fr\/wp-json\/wp\/v2\/portfolio\/9243\/revisions\/9244"}],"wp:featuredmedia":[{"embeddable":true,"href":"https:\/\/cps.es\/fr\/wp-json\/wp\/v2\/media\/7946"}],"wp:attachment":[{"href":"https:\/\/cps.es\/fr\/wp-json\/wp\/v2\/media?parent=9243"}],"wp:term":[{"taxonomy":"portfolio_category","embeddable":true,"href":"https:\/\/cps.es\/fr\/wp-json\/wp\/v2\/portfolio_category?post=9243"}],"curies":[{"name":"wp","href":"https:\/\/api.w.org\/{rel}","templated":true}]}}