{"id":9255,"date":"2023-01-12T10:47:02","date_gmt":"2023-01-12T10:47:02","guid":{"rendered":"https:\/\/cps.es\/portfolio\/installations-dans-les-centres-educatifs\/"},"modified":"2023-03-08T09:44:53","modified_gmt":"2023-03-08T09:44:53","slug":"installations-dans-les-centres-educatifs","status":"publish","type":"portfolio","link":"https:\/\/cps.es\/fr\/portfolio\/installations-dans-les-centres-educatifs\/","title":{"rendered":"Installations dans les centres \u00e9ducatifs"},"content":{"rendered":"\t\t<div data-elementor-type=\"wp-post\" data-elementor-id=\"9255\" class=\"elementor elementor-9255 elementor-3833\" data-elementor-post-type=\"portfolio\">\n\t\t\t\t\t\t<section class=\"elementor-section elementor-top-section elementor-element elementor-element-555ae3b3 elementor-section-boxed elementor-section-height-default elementor-section-height-default\" data-id=\"555ae3b3\" data-element_type=\"section\" data-e-type=\"section\">\n\t\t\t\t\t\t<div class=\"elementor-container elementor-column-gap-default\">\n\t\t\t\t\t<div class=\"elementor-column elementor-col-50 elementor-top-column elementor-element elementor-element-8014629\" data-id=\"8014629\" data-element_type=\"column\" data-e-type=\"column\">\n\t\t\t<div class=\"elementor-widget-wrap elementor-element-populated\">\n\t\t\t\t\t\t<div class=\"elementor-element elementor-element-634f2be6 elementor-widget__width-initial elementor-widget-tablet__width-initial elementor-widget elementor-widget-heading\" data-id=\"634f2be6\" data-element_type=\"widget\" data-e-type=\"widget\" data-widget_type=\"heading.default\">\n\t\t\t\t<div class=\"elementor-widget-container\">\n\t\t\t\t\t<h1 class=\"elementor-heading-title elementor-size-default\">Installations dans les centres \u00e9ducatifs<\/h1>\t\t\t\t<\/div>\n\t\t\t\t<\/div>\n\t\t\t\t<div class=\"elementor-element elementor-element-229af156 elementor-widget elementor-widget-spacer\" data-id=\"229af156\" data-element_type=\"widget\" data-e-type=\"widget\" data-widget_type=\"spacer.default\">\n\t\t\t\t<div class=\"elementor-widget-container\">\n\t\t\t\t\t\t\t<div class=\"elementor-spacer\">\n\t\t\t<div class=\"elementor-spacer-inner\"><\/div>\n\t\t<\/div>\n\t\t\t\t\t\t<\/div>\n\t\t\t\t<\/div>\n\t\t\t\t<div class=\"elementor-element elementor-element-59a45a40 elementor-widget__width-initial elementor-widget elementor-widget-text-editor\" data-id=\"59a45a40\" data-element_type=\"widget\" data-e-type=\"widget\" data-widget_type=\"text-editor.default\">\n\t\t\t\t<div class=\"elementor-widget-container\">\n\t\t\t\t\t\t\t\t\t<p style=\"text-align: justify;\">CPS r\u00e9alise la conception d&#8217;installations pour les \u00e9coles de la Communaut\u00e9 de Valence suivant le Pla Eficant du Service des Infrastructures Educatives, pour la construction, la r\u00e9novation et l&#8217;am\u00e9lioration des \u00e9coles.<\/p>\n\t\t\t\t\t\t\t\t<\/div>\n\t\t\t\t<\/div>\n\t\t\t\t\t<\/div>\n\t\t<\/div>\n\t\t\t\t<div class=\"elementor-column elementor-col-50 elementor-top-column elementor-element elementor-element-2ee1fe9f animated-fast elementor-invisible\" data-id=\"2ee1fe9f\" data-element_type=\"column\" data-e-type=\"column\" data-settings=\"{&quot;animation&quot;:&quot;fadeInUp&quot;}\">\n\t\t\t<div class=\"elementor-widget-wrap elementor-element-populated\">\n\t\t\t\t\t\t<div class=\"elementor-element elementor-element-b71e898 elementor-widget elementor-widget-image\" data-id=\"b71e898\" data-element_type=\"widget\" data-e-type=\"widget\" data-widget_type=\"image.default\">\n\t\t\t\t<div class=\"elementor-widget-container\">\n\t\t\t\t\t\t\t\t\t\t\t\t\t\t\t<img fetchpriority=\"high\" decoding=\"async\" width=\"1200\" height=\"708\" src=\"https:\/\/cps.es\/wp-content\/uploads\/2023\/01\/instalaciones-centros-educativos.webp\" class=\"attachment-full size-full wp-image-7980\" alt=\"\" srcset=\"https:\/\/cps.es\/wp-content\/uploads\/2023\/01\/instalaciones-centros-educativos.webp 1200w, https:\/\/cps.es\/wp-content\/uploads\/2023\/01\/instalaciones-centros-educativos-300x177.webp 300w, https:\/\/cps.es\/wp-content\/uploads\/2023\/01\/instalaciones-centros-educativos-1024x604.webp 1024w, https:\/\/cps.es\/wp-content\/uploads\/2023\/01\/instalaciones-centros-educativos-768x453.webp 768w, https:\/\/cps.es\/wp-content\/uploads\/2023\/01\/instalaciones-centros-educativos-650x384.webp 650w\" sizes=\"(max-width: 1200px) 100vw, 1200px\" \/>\t\t\t\t\t\t\t\t\t\t\t\t\t\t\t<\/div>\n\t\t\t\t<\/div>\n\t\t\t\t<div class=\"elementor-element elementor-element-6087b02d elementor-widget__width-initial elementor-absolute elementor-widget elementor-widget-spacer\" data-id=\"6087b02d\" data-element_type=\"widget\" data-e-type=\"widget\" data-settings=\"{&quot;_position&quot;:&quot;absolute&quot;}\" data-widget_type=\"spacer.default\">\n\t\t\t\t<div class=\"elementor-widget-container\">\n\t\t\t\t\t\t\t<div class=\"elementor-spacer\">\n\t\t\t<div class=\"elementor-spacer-inner\"><\/div>\n\t\t<\/div>\n\t\t\t\t\t\t<\/div>\n\t\t\t\t<\/div>\n\t\t\t\t<div class=\"elementor-element elementor-element-68683deb elementor-widget__width-auto elementor-absolute elementor-widget elementor-widget-image\" data-id=\"68683deb\" data-element_type=\"widget\" data-e-type=\"widget\" data-settings=\"{&quot;_position&quot;:&quot;absolute&quot;}\" data-widget_type=\"image.default\">\n\t\t\t\t<div class=\"elementor-widget-container\">\n\t\t\t\t\t\t\t\t\t\t\t\t\t\t\t<img decoding=\"async\" width=\"300\" height=\"544\" src=\"https:\/\/cps.es\/wp-content\/uploads\/2022\/09\/Team-Innovation-BG-Element.webp\" class=\"attachment-full size-full wp-image-7300\" alt=\"\" srcset=\"https:\/\/cps.es\/wp-content\/uploads\/2022\/09\/Team-Innovation-BG-Element.webp 300w, https:\/\/cps.es\/wp-content\/uploads\/2022\/09\/Team-Innovation-BG-Element-165x300.webp 165w\" sizes=\"(max-width: 300px) 100vw, 300px\" \/>\t\t\t\t\t\t\t\t\t\t\t\t\t\t\t<\/div>\n\t\t\t\t<\/div>\n\t\t\t\t\t<\/div>\n\t\t<\/div>\n\t\t\t\t\t<\/div>\n\t\t<\/section>\n\t\t\t\t<div class=\"elementor-section elementor-top-section elementor-element elementor-element-4a3eedd5 elementor-section-boxed elementor-section-height-default elementor-section-height-default\" data-id=\"4a3eedd5\" data-element_type=\"section\" data-e-type=\"section\" data-settings=\"{&quot;background_background&quot;:&quot;classic&quot;}\">\n\t\t\t\t\t\t<div class=\"elementor-container elementor-column-gap-default\">\n\t\t\t\t\t<div class=\"elementor-column elementor-col-100 elementor-top-column elementor-element elementor-element-6a894ce1\" data-id=\"6a894ce1\" data-element_type=\"column\" data-e-type=\"column\">\n\t\t\t<div class=\"elementor-widget-wrap elementor-element-populated\">\n\t\t\t\t\t\t<section class=\"elementor-section elementor-inner-section elementor-element elementor-element-2c3e12d2 elementor-section-boxed elementor-section-height-default elementor-section-height-default\" data-id=\"2c3e12d2\" data-element_type=\"section\" data-e-type=\"section\">\n\t\t\t\t\t\t<div class=\"elementor-container elementor-column-gap-default\">\n\t\t\t\t\t<div class=\"elementor-column elementor-col-50 elementor-inner-column elementor-element elementor-element-5ee05cd7 elementor-invisible\" data-id=\"5ee05cd7\" data-element_type=\"column\" data-e-type=\"column\" data-settings=\"{&quot;animation&quot;:&quot;fadeInUp&quot;,&quot;animation_delay&quot;:300}\">\n\t\t\t<div class=\"elementor-widget-wrap elementor-element-populated\">\n\t\t\t\t\t\t<div class=\"elementor-element elementor-element-5832cb7 elementor-widget elementor-widget-image\" data-id=\"5832cb7\" data-element_type=\"widget\" data-e-type=\"widget\" data-widget_type=\"image.default\">\n\t\t\t\t<div class=\"elementor-widget-container\">\n\t\t\t\t\t\t\t\t\t\t\t\t\t\t\t<img decoding=\"async\" width=\"1000\" height=\"572\" src=\"https:\/\/cps.es\/wp-content\/uploads\/2022\/09\/CEIP-Les-Foies-cps-1024x586.webp\" class=\"attachment-large size-large wp-image-7340\" alt=\"\" srcset=\"https:\/\/cps.es\/wp-content\/uploads\/2022\/09\/CEIP-Les-Foies-cps-1024x586.webp 1024w, https:\/\/cps.es\/wp-content\/uploads\/2022\/09\/CEIP-Les-Foies-cps-300x172.webp 300w, https:\/\/cps.es\/wp-content\/uploads\/2022\/09\/CEIP-Les-Foies-cps-768x439.webp 768w, https:\/\/cps.es\/wp-content\/uploads\/2022\/09\/CEIP-Les-Foies-cps-650x372.webp 650w, https:\/\/cps.es\/wp-content\/uploads\/2022\/09\/CEIP-Les-Foies-cps.webp 1100w\" sizes=\"(max-width: 1000px) 100vw, 1000px\" \/>\t\t\t\t\t\t\t\t\t\t\t\t\t\t\t<\/div>\n\t\t\t\t<\/div>\n\t\t\t\t<div class=\"elementor-element elementor-element-4f11777 elementor-widget elementor-widget-image\" data-id=\"4f11777\" data-element_type=\"widget\" data-e-type=\"widget\" data-widget_type=\"image.default\">\n\t\t\t\t<div class=\"elementor-widget-container\">\n\t\t\t\t\t\t\t\t\t\t\t\t\t\t\t<img loading=\"lazy\" decoding=\"async\" width=\"1000\" height=\"600\" src=\"https:\/\/cps.es\/wp-content\/uploads\/2023\/01\/03-instalaciones-centros-educativos.webp\" class=\"attachment-large size-large wp-image-7976\" alt=\"\" srcset=\"https:\/\/cps.es\/wp-content\/uploads\/2023\/01\/03-instalaciones-centros-educativos.webp 1000w, https:\/\/cps.es\/wp-content\/uploads\/2023\/01\/03-instalaciones-centros-educativos-300x180.webp 300w, https:\/\/cps.es\/wp-content\/uploads\/2023\/01\/03-instalaciones-centros-educativos-768x461.webp 768w, https:\/\/cps.es\/wp-content\/uploads\/2023\/01\/03-instalaciones-centros-educativos-650x390.webp 650w\" sizes=\"(max-width: 1000px) 100vw, 1000px\" \/>\t\t\t\t\t\t\t\t\t\t\t\t\t\t\t<\/div>\n\t\t\t\t<\/div>\n\t\t\t\t\t<\/div>\n\t\t<\/div>\n\t\t\t\t<div class=\"elementor-column elementor-col-50 elementor-inner-column elementor-element elementor-element-3e99a61d\" data-id=\"3e99a61d\" data-element_type=\"column\" data-e-type=\"column\">\n\t\t\t<div class=\"elementor-widget-wrap elementor-element-populated\">\n\t\t\t\t\t\t<div class=\"elementor-element elementor-element-5a7f55ff elementor-widget__width-initial elementor-widget-tablet__width-initial elementor-invisible elementor-widget elementor-widget-text-editor\" data-id=\"5a7f55ff\" data-element_type=\"widget\" data-e-type=\"widget\" data-settings=\"{&quot;_animation&quot;:&quot;fadeInDown&quot;}\" data-widget_type=\"text-editor.default\">\n\t\t\t\t<div class=\"elementor-widget-container\">\n\t\t\t\t\t\t\t\t\t<h2 style=\"text-align: justify;\">Nouveau CEIP Les Foies.<\/h2>\n\t\t\t\t\t\t\t\t<\/div>\n\t\t\t\t<\/div>\n\t\t\t\t<div class=\"elementor-element elementor-element-b5482ef elementor-widget__width-initial elementor-widget-tablet__width-initial elementor-invisible elementor-widget elementor-widget-text-editor\" data-id=\"b5482ef\" data-element_type=\"widget\" data-e-type=\"widget\" data-settings=\"{&quot;_animation&quot;:&quot;fadeInDown&quot;}\" data-widget_type=\"text-editor.default\">\n\t\t\t\t<div class=\"elementor-widget-container\">\n\t\t\t\t\t\t\t\t\t<p style=\"text-align: justify;\">Le centre propose un programme 3I + 6P, avec une aire de sport, une salle \u00e0 manger, des salles de classe communes et une cuisine. En outre, CPS a \u00e9t\u00e9 charg\u00e9 de la gestion de la construction du projet. L&#8217;\u00e9cole a \u00e9t\u00e9 \u00e9quip\u00e9e des installations suivantes :  <\/p>\n\t\t\t\t\t\t\t\t<\/div>\n\t\t\t\t<\/div>\n\t\t\t\t<div class=\"elementor-element elementor-element-7679f32 elementor-widget__width-initial elementor-widget-tablet__width-initial elementor-invisible elementor-widget elementor-widget-text-editor\" data-id=\"7679f32\" data-element_type=\"widget\" data-e-type=\"widget\" data-settings=\"{&quot;_animation&quot;:&quot;fadeInDown&quot;}\" data-widget_type=\"text-editor.default\">\n\t\t\t\t<div class=\"elementor-widget-container\">\n\t\t\t\t\t\t\t\t\t<ul>\n<li style=\"text-align: justify;\">Climatisation VRV zon\u00e9e par zones d&#8217;utilisation, avec unit\u00e9s int\u00e9rieures canalis\u00e9es.<\/li>\n<li style=\"text-align: justify;\">Syst\u00e8me de ventilation m\u00e9canique, conforme au RITE, au moyen d&#8217;unit\u00e9s de traitement de l&#8217;air avec r\u00e9cup\u00e9ration de chaleur et batteries de pr\u00e9traitement.<\/li>\n<li style=\"text-align: justify;\">Connexion moyenne tension, installation basse tension avec alimentation secteur, g\u00e9n\u00e9rateur et UPS.<\/li>\n<li>Syst\u00e8me parafoudre.<\/li>\n<li style=\"text-align: justify;\">\u00c9clairage int\u00e9rieur et ext\u00e9rieur \u00e0 LED.<\/li>\n<li style=\"text-align: justify;\">Installation de protection contre l&#8217;incendie avec le r\u00e9seau BIES<\/li>\n<li style=\"text-align: justify;\">Groupe de pression et r\u00e9servoir de <sup>12m3<\/sup>.<\/li>\n<li style=\"text-align: justify;\">Syst\u00e8me de d\u00e9tection \u00e0 l&#8217;\u00e9chelle du centre.<\/li>\n<li style=\"text-align: justify;\">Alimentation en eau potable par un r\u00e9servoir de stockage et un syst\u00e8me de surpression.<\/li>\n<li style=\"text-align: justify;\">Production d&#8217;eau chaude sanitaire au moyen d&#8217;\u00e9quipements a\u00e9rothermiques.<\/li>\n<li style=\"text-align: justify;\">R\u00e9seau d&#8217;assainissement s\u00e9par\u00e9.<\/li>\n<li style=\"text-align: justify;\">Installations sp\u00e9ciales : t\u00e9l\u00e9phonie, voix et donn\u00e9es, t\u00e9l\u00e9vision, syst\u00e8me de sonorisation dans tout le centre.<\/li>\n<li style=\"text-align: justify;\">Syst\u00e8me anti-intrusion.<\/li>\n<\/ul>\n\t\t\t\t\t\t\t\t<\/div>\n\t\t\t\t<\/div>\n\t\t\t\t\t<\/div>\n\t\t<\/div>\n\t\t\t\t\t<\/div>\n\t\t<\/section>\n\t\t\t\t<section class=\"elementor-section elementor-inner-section elementor-element elementor-element-b820ac6 elementor-section-boxed elementor-section-height-default elementor-section-height-default\" data-id=\"b820ac6\" data-element_type=\"section\" data-e-type=\"section\">\n\t\t\t\t\t\t<div class=\"elementor-container elementor-column-gap-default\">\n\t\t\t\t\t<div class=\"elementor-column elementor-col-50 elementor-inner-column elementor-element elementor-element-eaf2fbe\" data-id=\"eaf2fbe\" data-element_type=\"column\" data-e-type=\"column\">\n\t\t\t<div class=\"elementor-widget-wrap elementor-element-populated\">\n\t\t\t\t\t\t<div class=\"elementor-element elementor-element-2be88d3 elementor-widget__width-initial elementor-widget-tablet__width-initial elementor-invisible elementor-widget elementor-widget-text-editor\" data-id=\"2be88d3\" data-element_type=\"widget\" data-e-type=\"widget\" data-settings=\"{&quot;_animation&quot;:&quot;fadeInDown&quot;}\" data-widget_type=\"text-editor.default\">\n\t\t\t\t<div class=\"elementor-widget-container\">\n\t\t\t\t\t\t\t\t\t<h2 style=\"text-align: justify;\">\u00c9largissement de l&#8217;IES Por\u00e7ons de Aielo de Malferit.<\/h2>\n\t\t\t\t\t\t\t\t<\/div>\n\t\t\t\t<\/div>\n\t\t\t\t<div class=\"elementor-element elementor-element-6e3e335 elementor-widget__width-initial elementor-widget-tablet__width-initial elementor-invisible elementor-widget elementor-widget-text-editor\" data-id=\"6e3e335\" data-element_type=\"widget\" data-e-type=\"widget\" data-settings=\"{&quot;_animation&quot;:&quot;fadeInDown&quot;}\" data-widget_type=\"text-editor.default\">\n\t\t\t\t<div class=\"elementor-widget-container\">\n\t\t\t\t\t\t\t\t\t<p style=\"text-align: justify;\">La zone d&#8217;extension comprend 3 salles de classe et 2 ateliers.<\/p>\n\t\t\t\t\t\t\t\t<\/div>\n\t\t\t\t<\/div>\n\t\t\t\t<div class=\"elementor-element elementor-element-66e8ba4 elementor-widget__width-initial elementor-widget-tablet__width-initial elementor-invisible elementor-widget elementor-widget-text-editor\" data-id=\"66e8ba4\" data-element_type=\"widget\" data-e-type=\"widget\" data-settings=\"{&quot;_animation&quot;:&quot;fadeInDown&quot;}\" data-widget_type=\"text-editor.default\">\n\t\t\t\t<div class=\"elementor-widget-container\">\n\t\t\t\t\t\t\t\t\t<ul>\n<li style=\"text-align: justify;\">Le b\u00e2timent a \u00e9t\u00e9 \u00e9quip\u00e9 d&#8217;une extension du syst\u00e8me de chauffage par radiateurs anti-vandalisme, avec production thermique par chaudi\u00e8re \u00e0 gaz.<\/li>\n<li style=\"text-align: justify;\">Ventilation au moyen d&#8217;une centrale de traitement d&#8217;air avec r\u00e9cup\u00e9ration de chaleur et serpentins de chauffage et de refroidissement.<\/li>\n<li style=\"text-align: justify;\">Nouvelle connexion basse tension.<\/li>\n<\/ul>\n<p style=\"text-align: justify;\">Le reste des installations a \u00e9t\u00e9 raccord\u00e9 et int\u00e9gr\u00e9 aux r\u00e9seaux existants du b\u00e2timent actuel, et les contr\u00f4les pertinents ont \u00e9t\u00e9 effectu\u00e9s pour s&#8217;assurer que les \u00e9quipements actuels sont conformes aux exigences de la r\u00e9glementation en vigueur.<\/p>\n\t\t\t\t\t\t\t\t<\/div>\n\t\t\t\t<\/div>\n\t\t\t\t\t<\/div>\n\t\t<\/div>\n\t\t\t\t<div class=\"elementor-column elementor-col-50 elementor-inner-column elementor-element elementor-element-98d1ec5 elementor-invisible\" data-id=\"98d1ec5\" data-element_type=\"column\" data-e-type=\"column\" data-settings=\"{&quot;animation&quot;:&quot;fadeInUp&quot;,&quot;animation_delay&quot;:300}\">\n\t\t\t<div class=\"elementor-widget-wrap elementor-element-populated\">\n\t\t\t\t\t\t<div class=\"elementor-element elementor-element-42c538c elementor-widget elementor-widget-image\" data-id=\"42c538c\" data-element_type=\"widget\" data-e-type=\"widget\" data-widget_type=\"image.default\">\n\t\t\t\t<div class=\"elementor-widget-container\">\n\t\t\t\t\t\t\t\t\t\t\t\t\t\t\t<img loading=\"lazy\" decoding=\"async\" width=\"1000\" height=\"590\" src=\"https:\/\/cps.es\/wp-content\/uploads\/2023\/01\/instalaciones-centros-educativos-1024x604.webp\" class=\"attachment-large size-large wp-image-7980\" alt=\"\" srcset=\"https:\/\/cps.es\/wp-content\/uploads\/2023\/01\/instalaciones-centros-educativos-1024x604.webp 1024w, https:\/\/cps.es\/wp-content\/uploads\/2023\/01\/instalaciones-centros-educativos-300x177.webp 300w, https:\/\/cps.es\/wp-content\/uploads\/2023\/01\/instalaciones-centros-educativos-768x453.webp 768w, https:\/\/cps.es\/wp-content\/uploads\/2023\/01\/instalaciones-centros-educativos-650x384.webp 650w, https:\/\/cps.es\/wp-content\/uploads\/2023\/01\/instalaciones-centros-educativos.webp 1200w\" sizes=\"(max-width: 1000px) 100vw, 1000px\" \/>\t\t\t\t\t\t\t\t\t\t\t\t\t\t\t<\/div>\n\t\t\t\t<\/div>\n\t\t\t\t\t<\/div>\n\t\t<\/div>\n\t\t\t\t\t<\/div>\n\t\t<\/section>\n\t\t\t\t<section class=\"elementor-section elementor-inner-section elementor-element elementor-element-6777c1a elementor-section-boxed elementor-section-height-default elementor-section-height-default\" data-id=\"6777c1a\" data-element_type=\"section\" data-e-type=\"section\">\n\t\t\t\t\t\t<div class=\"elementor-container elementor-column-gap-default\">\n\t\t\t\t\t<div class=\"elementor-column elementor-col-50 elementor-inner-column elementor-element elementor-element-d23ab55 elementor-invisible\" data-id=\"d23ab55\" data-element_type=\"column\" data-e-type=\"column\" data-settings=\"{&quot;animation&quot;:&quot;fadeInUp&quot;,&quot;animation_delay&quot;:300}\">\n\t\t\t<div class=\"elementor-widget-wrap elementor-element-populated\">\n\t\t\t\t\t\t<div class=\"elementor-element elementor-element-c2f8f0e elementor-widget elementor-widget-image\" data-id=\"c2f8f0e\" data-element_type=\"widget\" data-e-type=\"widget\" data-widget_type=\"image.default\">\n\t\t\t\t<div class=\"elementor-widget-container\">\n\t\t\t\t\t\t\t\t\t\t\t\t\t\t\t<img loading=\"lazy\" decoding=\"async\" width=\"1000\" height=\"644\" src=\"https:\/\/cps.es\/wp-content\/uploads\/2023\/01\/02-instalaciones-centros-educativos.webp\" class=\"attachment-large size-large wp-image-7978\" alt=\"\" srcset=\"https:\/\/cps.es\/wp-content\/uploads\/2023\/01\/02-instalaciones-centros-educativos.webp 1000w, https:\/\/cps.es\/wp-content\/uploads\/2023\/01\/02-instalaciones-centros-educativos-300x193.webp 300w, https:\/\/cps.es\/wp-content\/uploads\/2023\/01\/02-instalaciones-centros-educativos-768x495.webp 768w, https:\/\/cps.es\/wp-content\/uploads\/2023\/01\/02-instalaciones-centros-educativos-650x419.webp 650w\" sizes=\"(max-width: 1000px) 100vw, 1000px\" \/>\t\t\t\t\t\t\t\t\t\t\t\t\t\t\t<\/div>\n\t\t\t\t<\/div>\n\t\t\t\t\t<\/div>\n\t\t<\/div>\n\t\t\t\t<div class=\"elementor-column elementor-col-50 elementor-inner-column elementor-element elementor-element-5762f59\" data-id=\"5762f59\" data-element_type=\"column\" data-e-type=\"column\">\n\t\t\t<div class=\"elementor-widget-wrap elementor-element-populated\">\n\t\t\t\t\t\t<div class=\"elementor-element elementor-element-619962d elementor-widget__width-initial elementor-widget-tablet__width-initial elementor-invisible elementor-widget elementor-widget-text-editor\" data-id=\"619962d\" data-element_type=\"widget\" data-e-type=\"widget\" data-settings=\"{&quot;_animation&quot;:&quot;fadeInDown&quot;}\" data-widget_type=\"text-editor.default\">\n\t\t\t\t<div class=\"elementor-widget-container\">\n\t\t\t\t\t\t\t\t\t<h2 style=\"text-align: justify;\">Nouveau CEIP Joanot Martorell \u00e0 Xeraco<\/h2>\n\t\t\t\t\t\t\t\t<\/div>\n\t\t\t\t<\/div>\n\t\t\t\t<div class=\"elementor-element elementor-element-1bee305 elementor-widget__width-initial elementor-widget-tablet__width-initial elementor-invisible elementor-widget elementor-widget-text-editor\" data-id=\"1bee305\" data-element_type=\"widget\" data-e-type=\"widget\" data-settings=\"{&quot;_animation&quot;:&quot;fadeInDown&quot;}\" data-widget_type=\"text-editor.default\">\n\t\t\t\t<div class=\"elementor-widget-container\">\n\t\t\t\t\t\t\t\t\t<p style=\"text-align: justify;\">Le centre propose un programme 6I + 13P, avec un espace sportif, une salle \u00e0 manger, des salles de classe communes et une cuisine.<\/p>\n\t\t\t\t\t\t\t\t<\/div>\n\t\t\t\t<\/div>\n\t\t\t\t<div class=\"elementor-element elementor-element-f5cbad1 elementor-widget__width-initial elementor-widget-tablet__width-initial elementor-invisible elementor-widget elementor-widget-text-editor\" data-id=\"f5cbad1\" data-element_type=\"widget\" data-e-type=\"widget\" data-settings=\"{&quot;_animation&quot;:&quot;fadeInDown&quot;}\" data-widget_type=\"text-editor.default\">\n\t\t\t\t<div class=\"elementor-widget-container\">\n\t\t\t\t\t\t\t\t\t<p style=\"text-align: justify;\">L&#8217;\u00e9cole a \u00e9t\u00e9 \u00e9quip\u00e9e des installations suivantes :<\/p>\n<ul>\n<li style=\"text-align: justify;\">Climatisation \u00e0 l&#8217;eau au moyen de pompes \u00e0 chaleur r\u00e9versibles \u00e0 eau.<\/li>\n<li style=\"text-align: justify;\">Ventilation m\u00e9canique au moyen de centrales de traitement d&#8217;air avec r\u00e9cup\u00e9rateur et serpentins pour le pr\u00e9traitement de l&#8217;air, calcul\u00e9e selon le RITE. En outre, des serpentins \u00e0 eau sont pr\u00e9vus \u00e0 l&#8217;int\u00e9rieur de chacune des pi\u00e8ces pour r\u00e9pondre \u00e0 la demande thermique de chaque zone.<\/li>\n<li style=\"text-align: justify;\">Connexion moyenne tension et installation basse tension avec alimentation secteur, g\u00e9n\u00e9rateur et UPS.<\/li>\n<li>Syst\u00e8me parafoudre.<\/li>\n<li style=\"text-align: justify;\">\u00c9clairage int\u00e9rieur et ext\u00e9rieur \u00e0 LED.<\/li>\n<li style=\"text-align: justify;\">Installation de protection incendie avec r\u00e9seau BIES, groupe de pression et r\u00e9servoir de <sup>12m3<\/sup>.<\/li>\n<li style=\"text-align: justify;\">Syst\u00e8me de d\u00e9tection \u00e0 l&#8217;\u00e9chelle du centre.<\/li>\n<li style=\"text-align: justify;\">Alimentation en eau potable par un r\u00e9servoir de stockage et un syst\u00e8me de surpression.<\/li>\n<li style=\"text-align: justify;\">Production d&#8217;eau chaude sanitaire au moyen d&#8217;\u00e9quipements a\u00e9rothermiques.<\/li>\n<li style=\"text-align: justify;\">R\u00e9seau d&#8217;assainissement s\u00e9paratif ;.<\/li>\n<li style=\"text-align: justify;\">Installations sp\u00e9ciales : t\u00e9l\u00e9phonie, voix et donn\u00e9es, t\u00e9l\u00e9vision, syst\u00e8me de sonorisation dans tout le centre et syst\u00e8me anti-intrusion.<\/li>\n<\/ul>\n\t\t\t\t\t\t\t\t<\/div>\n\t\t\t\t<\/div>\n\t\t\t\t\t<\/div>\n\t\t<\/div>\n\t\t\t\t\t<\/div>\n\t\t<\/section>\n\t\t\t\t\t<\/div>\n\t\t<\/div>\n\t\t\t\t\t<\/div>\n\t\t<\/div>\n\t\t\t\t<section class=\"elementor-section elementor-top-section elementor-element elementor-element-aacd914 elementor-section-boxed elementor-section-height-default elementor-section-height-default\" data-id=\"aacd914\" data-element_type=\"section\" data-e-type=\"section\">\n\t\t\t\t\t\t<div class=\"elementor-container elementor-column-gap-default\">\n\t\t\t\t\t<div class=\"elementor-column elementor-col-50 elementor-top-column elementor-element elementor-element-3354dc9 bdt-backdrop-filter-yes\" data-id=\"3354dc9\" data-element_type=\"column\" data-e-type=\"column\">\n\t\t\t<div class=\"elementor-widget-wrap elementor-element-populated\">\n\t\t\t\t\t\t<div class=\"elementor-element elementor-element-7ffa77c elementor-widget elementor-widget-heading\" data-id=\"7ffa77c\" data-element_type=\"widget\" data-e-type=\"widget\" data-widget_type=\"heading.default\">\n\t\t\t\t<div class=\"elementor-widget-container\">\n\t\t\t\t\t<h2 class=\"elementor-heading-title elementor-size-default\">Installations dans les centres \u00e9ducatifs<\/h2>\t\t\t\t<\/div>\n\t\t\t\t<\/div>\n\t\t\t\t\t<\/div>\n\t\t<\/div>\n\t\t\t\t<div class=\"elementor-column elementor-col-50 elementor-top-column elementor-element elementor-element-11fc32a\" data-id=\"11fc32a\" data-element_type=\"column\" data-e-type=\"column\">\n\t\t\t<div class=\"elementor-widget-wrap elementor-element-populated\">\n\t\t\t\t\t\t<div class=\"elementor-element elementor-element-f521bfb animated-slow elementor-invisible elementor-widget elementor-widget-bdt-timeline\" data-id=\"f521bfb\" data-element_type=\"widget\" data-e-type=\"widget\" data-settings=\"{&quot;_animation&quot;:&quot;fadeInUp&quot;}\" data-widget_type=\"bdt-timeline.default\">\n\t\t\t\t<div class=\"elementor-widget-container\">\n\t\t\t\t\t        <div id=\"bdt-timeline-f521bfb\" class=\"bdt-timeline bdt-timeline-skin-default bdt-timeline-left\">\n            <div class=\"bdt-grid bdt-grid-collapse\" bdt-grid>\n                \n\n                    <div class=\" bdt-timeline-item left-part\">\n\n                        <div class=\"bdt-timeline-item-main-wrapper\">\n                            <div class=\"bdt-timeline-line\">\n                                <span><\/span>\n                            <\/div>\n                            <div class=\"bdt-timeline-item-main-container\">\n                                \n                                <div class=\"bdt-timeline-icon\" >\n\n                                    <span>\n\n                                        \n                                    <\/span>\n\n                                <\/div>\n                                        <div class=\"bdt-timeline-item-main\" >\n            <span class=\"bdt-timeline-arrow\"><\/span>\n\n            \n            <div class=\"bdt-timeline-desc bdt-padding\">\n                        <h3 class=\"bdt-timeline-title\">\n                            <span>Localizaci\u00f3n<\/span>\n                    <\/h3>\n                                                <div class=\"bdt-timeline-excerpt\">\n                <p>Comunidad Valenciana, Espa\u00f1a<\/p>            <\/div>\n                                    <\/div>\n        <\/div>\n                                <\/div>\n                        <\/div>\n                    <\/div>\n\n                    \n                \n\n                    <div class=\" bdt-timeline-item right-part\">\n\n                        <div class=\"bdt-timeline-item-main-wrapper\">\n                            <div class=\"bdt-timeline-line\">\n                                <span><\/span>\n                            <\/div>\n                            <div class=\"bdt-timeline-item-main-container\">\n                                \n                                <div class=\"bdt-timeline-icon\" >\n\n                                    <span>\n\n                                        \n                                    <\/span>\n\n                                <\/div>\n                                        <div class=\"bdt-timeline-item-main\" >\n            <span class=\"bdt-timeline-arrow\"><\/span>\n\n            \n            <div class=\"bdt-timeline-desc bdt-padding\">\n                        <h3 class=\"bdt-timeline-title\">\n                            <span>Cliente<\/span>\n                    <\/h3>\n                                                <div class=\"bdt-timeline-excerpt\">\n                <p>Ayuntamiento de Gand\u00eda \u2014 Ayuntamiento de Aielo de Malferit \u2014 Ayuntamiento de Xeraco<\/p>            <\/div>\n                                    <\/div>\n        <\/div>\n                                <\/div>\n                        <\/div>\n                    <\/div>\n\n                    \n                \n                \n            <\/div>\n        <\/div>\n\t\t\t\t<\/div>\n\t\t\t\t<\/div>\n\t\t\t\t\t<\/div>\n\t\t<\/div>\n\t\t\t\t\t<\/div>\n\t\t<\/section>\n\t\t\t\t<section class=\"elementor-section elementor-top-section elementor-element elementor-element-1f7507c elementor-section-height-min-height elementor-section-stretched elementor-section-boxed elementor-section-height-default elementor-section-items-middle\" data-id=\"1f7507c\" data-element_type=\"section\" data-e-type=\"section\" data-settings=\"{&quot;stretch_section&quot;:&quot;section-stretched&quot;}\">\n\t\t\t\t\t\t<div class=\"elementor-container elementor-column-gap-custom\">\n\t\t\t\t\t<div class=\"elementor-column elementor-col-100 elementor-top-column elementor-element elementor-element-7784c0f\" data-id=\"7784c0f\" data-element_type=\"column\" data-e-type=\"column\">\n\t\t\t<div class=\"elementor-widget-wrap elementor-element-populated\">\n\t\t\t\t\t\t<div class=\"elementor-element elementor-element-3877aaa elementor-widget__width-initial elementor-widget-tablet__width-initial ui-e-a-animate elementor-invisible elementor-widget elementor-widget-highlighted-text\" data-id=\"3877aaa\" data-element_type=\"widget\" data-e-type=\"widget\" data-settings=\"{&quot;_animation&quot;:&quot;fadeInDown&quot;}\" data-widget_type=\"highlighted-text.default\">\n\t\t\t\t<div class=\"elementor-widget-container\">\n\t\t\t\t\t\t\t<h2 class=\"ui-e--highlighted-text\" >\n        <span class=\"ui-e-headline-text\">Proyectos relacionados<\/span>         <\/h2>\n        \t\t\t\t<\/div>\n\t\t\t\t<\/div>\n\t\t\t\t\t<\/div>\n\t\t<\/div>\n\t\t\t\t\t<\/div>\n\t\t<\/section>\n\t\t\t\t<\/div>\n\t\t","protected":false},"excerpt":{"rendered":"<p>Installations dans les centres \u00e9ducatifs CPS r\u00e9alise la conception d&#8217;installations pour les \u00e9coles de la Communaut\u00e9 de Valence suivant le Pla Eficant [&hellip;]<\/p>\n","protected":false},"author":9,"featured_media":7976,"menu_order":0,"comment_status":"open","ping_status":"closed","template":"","meta":{"footnotes":""},"portfolio_category":[119],"class_list":["post-9255","portfolio","type-portfolio","status-publish","has-post-thumbnail","hentry","portfolio_category-instalaciones-fr"],"_links":{"self":[{"href":"https:\/\/cps.es\/fr\/wp-json\/wp\/v2\/portfolio\/9255","targetHints":{"allow":["GET"]}}],"collection":[{"href":"https:\/\/cps.es\/fr\/wp-json\/wp\/v2\/portfolio"}],"about":[{"href":"https:\/\/cps.es\/fr\/wp-json\/wp\/v2\/types\/portfolio"}],"author":[{"embeddable":true,"href":"https:\/\/cps.es\/fr\/wp-json\/wp\/v2\/users\/9"}],"replies":[{"embeddable":true,"href":"https:\/\/cps.es\/fr\/wp-json\/wp\/v2\/comments?post=9255"}],"version-history":[{"count":1,"href":"https:\/\/cps.es\/fr\/wp-json\/wp\/v2\/portfolio\/9255\/revisions"}],"predecessor-version":[{"id":9264,"href":"https:\/\/cps.es\/fr\/wp-json\/wp\/v2\/portfolio\/9255\/revisions\/9264"}],"wp:featuredmedia":[{"embeddable":true,"href":"https:\/\/cps.es\/fr\/wp-json\/wp\/v2\/media\/7976"}],"wp:attachment":[{"href":"https:\/\/cps.es\/fr\/wp-json\/wp\/v2\/media?parent=9255"}],"wp:term":[{"taxonomy":"portfolio_category","embeddable":true,"href":"https:\/\/cps.es\/fr\/wp-json\/wp\/v2\/portfolio_category?post=9255"}],"curies":[{"name":"wp","href":"https:\/\/api.w.org\/{rel}","templated":true}]}}