{"id":9277,"date":"2023-01-13T11:09:46","date_gmt":"2023-01-13T10:09:46","guid":{"rendered":"https:\/\/cps.es\/portfolio\/centre-public-deducation-speciale-alberto-tortajada\/"},"modified":"2023-11-30T08:15:30","modified_gmt":"2023-11-30T07:15:30","slug":"centre-public-deducation-speciale-alberto-tortajada","status":"publish","type":"portfolio","link":"https:\/\/cps.es\/fr\/portfolio\/centre-public-deducation-speciale-alberto-tortajada\/","title":{"rendered":"Centre public d&#8217;\u00e9ducation sp\u00e9ciale Alberto Tortajada"},"content":{"rendered":"\t\t<div data-elementor-type=\"wp-post\" data-elementor-id=\"9277\" class=\"elementor elementor-9277 elementor-3923\" data-elementor-post-type=\"portfolio\">\n\t\t\t\t\t\t<section class=\"elementor-section elementor-top-section elementor-element elementor-element-555ae3b3 elementor-section-boxed elementor-section-height-default elementor-section-height-default\" data-id=\"555ae3b3\" data-element_type=\"section\" data-e-type=\"section\">\n\t\t\t\t\t\t<div class=\"elementor-container elementor-column-gap-default\">\n\t\t\t\t\t<div class=\"elementor-column elementor-col-50 elementor-top-column elementor-element elementor-element-8014629\" data-id=\"8014629\" data-element_type=\"column\" data-e-type=\"column\">\n\t\t\t<div class=\"elementor-widget-wrap elementor-element-populated\">\n\t\t\t\t\t\t<div class=\"elementor-element elementor-element-634f2be6 elementor-widget__width-initial elementor-widget-tablet__width-initial elementor-widget elementor-widget-heading\" data-id=\"634f2be6\" data-element_type=\"widget\" data-e-type=\"widget\" data-widget_type=\"heading.default\">\n\t\t\t\t<div class=\"elementor-widget-container\">\n\t\t\t\t\t<h1 class=\"elementor-heading-title elementor-size-default\">Centre public d'\u00e9ducation sp\u00e9ciale Alberto Tortajada<\/h1>\t\t\t\t<\/div>\n\t\t\t\t<\/div>\n\t\t\t\t<div class=\"elementor-element elementor-element-229af156 elementor-widget elementor-widget-spacer\" data-id=\"229af156\" data-element_type=\"widget\" data-e-type=\"widget\" data-widget_type=\"spacer.default\">\n\t\t\t\t<div class=\"elementor-widget-container\">\n\t\t\t\t\t\t\t<div class=\"elementor-spacer\">\n\t\t\t<div class=\"elementor-spacer-inner\"><\/div>\n\t\t<\/div>\n\t\t\t\t\t\t<\/div>\n\t\t\t\t<\/div>\n\t\t\t\t<div class=\"elementor-element elementor-element-59a45a40 elementor-widget__width-initial elementor-widget elementor-widget-text-editor\" data-id=\"59a45a40\" data-element_type=\"widget\" data-e-type=\"widget\" data-widget_type=\"text-editor.default\">\n\t\t\t\t<div class=\"elementor-widget-container\">\n\t\t\t\t\t\t\t\t\t<p style=\"text-align: justify;\">Le CPS, au sein de l&#8217;UTE, a \u00e9labor\u00e9 le projet de construction du nouveau centre public d&#8217;\u00e9ducation sp\u00e9ciale Alberto Tortajada, avec pour objectif d&#8217;\u00eatre un lieu pluriel qui respecte la diversit\u00e9 dans toutes ses manifestations, o\u00f9 les \u00e9l\u00e8ves peuvent sentir que les personnes qui s&#8217;occupent d&#8217;eux leur offrent confiance, s\u00e9curit\u00e9 et respect. Ainsi que d&#8217;offrir toutes les ressources n\u00e9cessaires pour offrir la meilleure qualit\u00e9 de vie possible aux \u00e9coliers et \u00e0 leurs familles.<\/p>\n\t\t\t\t\t\t\t\t<\/div>\n\t\t\t\t<\/div>\n\t\t\t\t\t<\/div>\n\t\t<\/div>\n\t\t\t\t<div class=\"elementor-column elementor-col-50 elementor-top-column elementor-element elementor-element-2ee1fe9f animated-fast elementor-invisible\" data-id=\"2ee1fe9f\" data-element_type=\"column\" data-e-type=\"column\" data-settings=\"{&quot;animation&quot;:&quot;fadeInUp&quot;}\">\n\t\t\t<div class=\"elementor-widget-wrap elementor-element-populated\">\n\t\t\t\t\t\t<div class=\"elementor-element elementor-element-b71e898 elementor-widget elementor-widget-image\" data-id=\"b71e898\" data-element_type=\"widget\" data-e-type=\"widget\" data-widget_type=\"image.default\">\n\t\t\t\t<div class=\"elementor-widget-container\">\n\t\t\t\t\t\t\t\t\t\t\t\t\t\t\t<img fetchpriority=\"high\" decoding=\"async\" width=\"1200\" height=\"796\" src=\"https:\/\/cps.es\/wp-content\/uploads\/2023\/01\/03-centro-educacion-especial-publico-alberto-tortajada.webp\" class=\"attachment-full size-full wp-image-8000\" alt=\"\" srcset=\"https:\/\/cps.es\/wp-content\/uploads\/2023\/01\/03-centro-educacion-especial-publico-alberto-tortajada.webp 1200w, https:\/\/cps.es\/wp-content\/uploads\/2023\/01\/03-centro-educacion-especial-publico-alberto-tortajada-300x199.webp 300w, https:\/\/cps.es\/wp-content\/uploads\/2023\/01\/03-centro-educacion-especial-publico-alberto-tortajada-1024x679.webp 1024w, https:\/\/cps.es\/wp-content\/uploads\/2023\/01\/03-centro-educacion-especial-publico-alberto-tortajada-768x509.webp 768w, https:\/\/cps.es\/wp-content\/uploads\/2023\/01\/03-centro-educacion-especial-publico-alberto-tortajada-650x431.webp 650w\" sizes=\"(max-width: 1200px) 100vw, 1200px\" \/>\t\t\t\t\t\t\t\t\t\t\t\t\t\t\t<\/div>\n\t\t\t\t<\/div>\n\t\t\t\t<div class=\"elementor-element elementor-element-6087b02d elementor-widget__width-initial elementor-absolute elementor-widget elementor-widget-spacer\" data-id=\"6087b02d\" data-element_type=\"widget\" data-e-type=\"widget\" data-settings=\"{&quot;_position&quot;:&quot;absolute&quot;}\" data-widget_type=\"spacer.default\">\n\t\t\t\t<div class=\"elementor-widget-container\">\n\t\t\t\t\t\t\t<div class=\"elementor-spacer\">\n\t\t\t<div class=\"elementor-spacer-inner\"><\/div>\n\t\t<\/div>\n\t\t\t\t\t\t<\/div>\n\t\t\t\t<\/div>\n\t\t\t\t<div class=\"elementor-element elementor-element-68683deb elementor-widget__width-auto elementor-absolute elementor-widget elementor-widget-image\" data-id=\"68683deb\" data-element_type=\"widget\" data-e-type=\"widget\" data-settings=\"{&quot;_position&quot;:&quot;absolute&quot;}\" data-widget_type=\"image.default\">\n\t\t\t\t<div class=\"elementor-widget-container\">\n\t\t\t\t\t\t\t\t\t\t\t\t\t\t\t<img decoding=\"async\" width=\"300\" height=\"544\" src=\"https:\/\/cps.es\/wp-content\/uploads\/2022\/09\/Team-Innovation-BG-Element.webp\" class=\"attachment-full size-full wp-image-7300\" alt=\"\" srcset=\"https:\/\/cps.es\/wp-content\/uploads\/2022\/09\/Team-Innovation-BG-Element.webp 300w, https:\/\/cps.es\/wp-content\/uploads\/2022\/09\/Team-Innovation-BG-Element-165x300.webp 165w\" sizes=\"(max-width: 300px) 100vw, 300px\" \/>\t\t\t\t\t\t\t\t\t\t\t\t\t\t\t<\/div>\n\t\t\t\t<\/div>\n\t\t\t\t\t<\/div>\n\t\t<\/div>\n\t\t\t\t\t<\/div>\n\t\t<\/section>\n\t\t\t\t<div class=\"elementor-section elementor-top-section elementor-element elementor-element-4a3eedd5 elementor-section-boxed elementor-section-height-default elementor-section-height-default\" data-id=\"4a3eedd5\" data-element_type=\"section\" data-e-type=\"section\" data-settings=\"{&quot;background_background&quot;:&quot;classic&quot;}\">\n\t\t\t\t\t\t<div class=\"elementor-container elementor-column-gap-default\">\n\t\t\t\t\t<div class=\"elementor-column elementor-col-100 elementor-top-column elementor-element elementor-element-6a894ce1\" data-id=\"6a894ce1\" data-element_type=\"column\" data-e-type=\"column\">\n\t\t\t<div class=\"elementor-widget-wrap elementor-element-populated\">\n\t\t\t\t\t\t<section class=\"elementor-section elementor-inner-section elementor-element elementor-element-2c3e12d2 elementor-section-boxed elementor-section-height-default elementor-section-height-default\" data-id=\"2c3e12d2\" data-element_type=\"section\" data-e-type=\"section\">\n\t\t\t\t\t\t<div class=\"elementor-container elementor-column-gap-default\">\n\t\t\t\t\t<div class=\"elementor-column elementor-col-50 elementor-inner-column elementor-element elementor-element-5ee05cd7 elementor-invisible\" data-id=\"5ee05cd7\" data-element_type=\"column\" data-e-type=\"column\" data-settings=\"{&quot;animation&quot;:&quot;fadeInUp&quot;,&quot;animation_delay&quot;:300}\">\n\t\t\t<div class=\"elementor-widget-wrap elementor-element-populated\">\n\t\t\t\t\t\t<div class=\"elementor-element elementor-element-5832cb7 elementor-widget elementor-widget-image\" data-id=\"5832cb7\" data-element_type=\"widget\" data-e-type=\"widget\" data-widget_type=\"image.default\">\n\t\t\t\t<div class=\"elementor-widget-container\">\n\t\t\t\t\t\t\t\t\t\t\t\t\t\t\t<img decoding=\"async\" width=\"1000\" height=\"563\" src=\"https:\/\/cps.es\/wp-content\/uploads\/2023\/01\/01-centro-educacion-especial-publico-alberto-tortajada.webp\" class=\"attachment-large size-large wp-image-8004\" alt=\"\" srcset=\"https:\/\/cps.es\/wp-content\/uploads\/2023\/01\/01-centro-educacion-especial-publico-alberto-tortajada.webp 1000w, https:\/\/cps.es\/wp-content\/uploads\/2023\/01\/01-centro-educacion-especial-publico-alberto-tortajada-300x169.webp 300w, https:\/\/cps.es\/wp-content\/uploads\/2023\/01\/01-centro-educacion-especial-publico-alberto-tortajada-768x432.webp 768w, https:\/\/cps.es\/wp-content\/uploads\/2023\/01\/01-centro-educacion-especial-publico-alberto-tortajada-650x366.webp 650w\" sizes=\"(max-width: 1000px) 100vw, 1000px\" \/>\t\t\t\t\t\t\t\t\t\t\t\t\t\t\t<\/div>\n\t\t\t\t<\/div>\n\t\t\t\t<div class=\"elementor-element elementor-element-561140f elementor-widget elementor-widget-image\" data-id=\"561140f\" data-element_type=\"widget\" data-e-type=\"widget\" data-widget_type=\"image.default\">\n\t\t\t\t<div class=\"elementor-widget-container\">\n\t\t\t\t\t\t\t\t\t\t\t\t\t\t\t<img loading=\"lazy\" decoding=\"async\" width=\"1000\" height=\"563\" src=\"https:\/\/cps.es\/wp-content\/uploads\/2023\/01\/02-centro-educacion-especial-publico-alberto-tortajada-1024x576.webp\" class=\"attachment-large size-large wp-image-8002\" alt=\"\" srcset=\"https:\/\/cps.es\/wp-content\/uploads\/2023\/01\/02-centro-educacion-especial-publico-alberto-tortajada-1024x576.webp 1024w, https:\/\/cps.es\/wp-content\/uploads\/2023\/01\/02-centro-educacion-especial-publico-alberto-tortajada-300x169.webp 300w, https:\/\/cps.es\/wp-content\/uploads\/2023\/01\/02-centro-educacion-especial-publico-alberto-tortajada-768x432.webp 768w, https:\/\/cps.es\/wp-content\/uploads\/2023\/01\/02-centro-educacion-especial-publico-alberto-tortajada-650x366.webp 650w, https:\/\/cps.es\/wp-content\/uploads\/2023\/01\/02-centro-educacion-especial-publico-alberto-tortajada.webp 1200w\" sizes=\"(max-width: 1000px) 100vw, 1000px\" \/>\t\t\t\t\t\t\t\t\t\t\t\t\t\t\t<\/div>\n\t\t\t\t<\/div>\n\t\t\t\t\t<\/div>\n\t\t<\/div>\n\t\t\t\t<div class=\"elementor-column elementor-col-50 elementor-inner-column elementor-element elementor-element-3e99a61d\" data-id=\"3e99a61d\" data-element_type=\"column\" data-e-type=\"column\">\n\t\t\t<div class=\"elementor-widget-wrap elementor-element-populated\">\n\t\t\t\t\t\t<div class=\"elementor-element elementor-element-5a7f55ff elementor-widget__width-initial elementor-widget-tablet__width-initial elementor-invisible elementor-widget elementor-widget-text-editor\" data-id=\"5a7f55ff\" data-element_type=\"widget\" data-e-type=\"widget\" data-settings=\"{&quot;_animation&quot;:&quot;fadeInDown&quot;}\" data-widget_type=\"text-editor.default\">\n\t\t\t\t<div class=\"elementor-widget-container\">\n\t\t\t\t\t\t\t\t\t<p style=\"text-align: justify;\">Le b\u00e2timent est propos\u00e9 comme un lieu permettant de stimuler les comp\u00e9tences de communication, en favorisant leur utilisation dans tous les contextes de la vie quotidienne et en adaptant l&#8217;environnement de mani\u00e8re compr\u00e9hensible, de fa\u00e7on \u00e0 faciliter l&#8217;acquisition de comp\u00e9tences, d&#8217;aptitudes, de connaissances et de valeurs plus pertinentes pour leur vie quotidienne, am\u00e9liorant ainsi leur d\u00e9veloppement global et leur participation \u00e0 la soci\u00e9t\u00e9.<\/p>\n<p style=\"text-align: justify;\">Le b\u00e2timent est con\u00e7u comme un b\u00e2timent de type clo\u00eetre \u00e0 un seul \u00e9tage, dans le but d&#8217;obtenir un fonctionnement optimal du centre en r\u00e9solvant les circulations de mani\u00e8re claire, simple et efficace, \u00e9vitant ainsi les parcours labyrinthiques qui poseraient des probl\u00e8mes d&#8217;orientation aux \u00e9l\u00e8ves et aussi de contr\u00f4le des \u00e9l\u00e8ves par le personnel enseignant. La surface b\u00e2tie totale du nouveau CEEP sera de 3 031,26<sup>m2 <\/sup>sur un terrain de 10 031<sup>m2<\/sup>.<\/p>\n\t\t\t\t\t\t\t\t<\/div>\n\t\t\t\t<\/div>\n\t\t\t\t\t<\/div>\n\t\t<\/div>\n\t\t\t\t\t<\/div>\n\t\t<\/section>\n\t\t\t\t\t<\/div>\n\t\t<\/div>\n\t\t\t\t\t<\/div>\n\t\t<\/div>\n\t\t\t\t<section class=\"elementor-section elementor-top-section elementor-element elementor-element-aacd914 elementor-section-boxed elementor-section-height-default elementor-section-height-default\" data-id=\"aacd914\" data-element_type=\"section\" data-e-type=\"section\">\n\t\t\t\t\t\t<div class=\"elementor-container elementor-column-gap-default\">\n\t\t\t\t\t<div class=\"elementor-column elementor-col-50 elementor-top-column elementor-element elementor-element-3354dc9 bdt-backdrop-filter-yes\" data-id=\"3354dc9\" data-element_type=\"column\" data-e-type=\"column\">\n\t\t\t<div class=\"elementor-widget-wrap elementor-element-populated\">\n\t\t\t\t\t\t<div class=\"elementor-element elementor-element-7ffa77c elementor-widget elementor-widget-heading\" data-id=\"7ffa77c\" data-element_type=\"widget\" data-e-type=\"widget\" data-widget_type=\"heading.default\">\n\t\t\t\t<div class=\"elementor-widget-container\">\n\t\t\t\t\t<h2 class=\"elementor-heading-title elementor-size-default\">Centre public d'\u00e9ducation sp\u00e9ciale Alberto Tortajada<\/h2>\t\t\t\t<\/div>\n\t\t\t\t<\/div>\n\t\t\t\t\t<\/div>\n\t\t<\/div>\n\t\t\t\t<div class=\"elementor-column elementor-col-50 elementor-top-column elementor-element elementor-element-11fc32a\" data-id=\"11fc32a\" data-element_type=\"column\" data-e-type=\"column\">\n\t\t\t<div class=\"elementor-widget-wrap elementor-element-populated\">\n\t\t\t\t\t\t<div class=\"elementor-element elementor-element-f521bfb animated-slow elementor-invisible elementor-widget elementor-widget-bdt-timeline\" data-id=\"f521bfb\" data-element_type=\"widget\" data-e-type=\"widget\" data-settings=\"{&quot;_animation&quot;:&quot;fadeInUp&quot;}\" data-widget_type=\"bdt-timeline.default\">\n\t\t\t\t<div class=\"elementor-widget-container\">\n\t\t\t\t\t        <div id=\"bdt-timeline-f521bfb\" class=\"bdt-timeline bdt-timeline-skin-default bdt-timeline-left\">\n            <div class=\"bdt-grid bdt-grid-collapse\" bdt-grid>\n                \n\n                    <div class=\" bdt-timeline-item left-part\">\n\n                        <div class=\"bdt-timeline-item-main-wrapper\">\n                            <div class=\"bdt-timeline-line\">\n                                <span><\/span>\n                            <\/div>\n                            <div class=\"bdt-timeline-item-main-container\">\n                                \n                                <div class=\"bdt-timeline-icon\" >\n\n                                    <span>\n\n                                        \n                                    <\/span>\n\n                                <\/div>\n                                        <div class=\"bdt-timeline-item-main\" >\n            <span class=\"bdt-timeline-arrow\"><\/span>\n\n            \n            <div class=\"bdt-timeline-desc bdt-padding\">\n                        <h3 class=\"bdt-timeline-title\">\n                            <span>Localizaci\u00f3n<\/span>\n                    <\/h3>\n                                                <div class=\"bdt-timeline-excerpt\">\n                <p>Algemes\u00ed, Espa\u00f1a<\/p>            <\/div>\n                                    <\/div>\n        <\/div>\n                                <\/div>\n                        <\/div>\n                    <\/div>\n\n                    \n                \n\n                    <div class=\" bdt-timeline-item right-part\">\n\n                        <div class=\"bdt-timeline-item-main-wrapper\">\n                            <div class=\"bdt-timeline-line\">\n                                <span><\/span>\n                            <\/div>\n                            <div class=\"bdt-timeline-item-main-container\">\n                                \n                                <div class=\"bdt-timeline-icon\" >\n\n                                    <span>\n\n                                        \n                                    <\/span>\n\n                                <\/div>\n                                        <div class=\"bdt-timeline-item-main\" >\n            <span class=\"bdt-timeline-arrow\"><\/span>\n\n            \n            <div class=\"bdt-timeline-desc bdt-padding\">\n                        <h3 class=\"bdt-timeline-title\">\n                            <span>Cliente<\/span>\n                    <\/h3>\n                                                <div class=\"bdt-timeline-excerpt\">\n                <p>Ayuntamiento de Algemes\u00ed \u2013 Conseller\u00eda de Educaci\u00f3n<\/p>            <\/div>\n                                    <\/div>\n        <\/div>\n                                <\/div>\n                        <\/div>\n                    <\/div>\n\n                    \n                \n\n                    <div class=\" bdt-timeline-item left-part\">\n\n                        <div class=\"bdt-timeline-item-main-wrapper\">\n                            <div class=\"bdt-timeline-line\">\n                                <span><\/span>\n                            <\/div>\n                            <div class=\"bdt-timeline-item-main-container\">\n                                \n                                <div class=\"bdt-timeline-icon\" >\n\n                                    <span>\n\n                                        \n                                    <\/span>\n\n                                <\/div>\n                                        <div class=\"bdt-timeline-item-main\" >\n            <span class=\"bdt-timeline-arrow\"><\/span>\n\n            \n            <div class=\"bdt-timeline-desc bdt-padding\">\n                        <h3 class=\"bdt-timeline-title\">\n                            <span>Fecha (inicio-fin)<\/span>\n                    <\/h3>\n                                                <div class=\"bdt-timeline-excerpt\">\n                <p>Septiembre 2020 \u2013 Junio 2021<\/p>            <\/div>\n                                    <\/div>\n        <\/div>\n                                <\/div>\n                        <\/div>\n                    <\/div>\n\n                    \n                \n                \n            <\/div>\n        <\/div>\n\t\t\t\t<\/div>\n\t\t\t\t<\/div>\n\t\t\t\t\t<\/div>\n\t\t<\/div>\n\t\t\t\t\t<\/div>\n\t\t<\/section>\n\t\t\t\t<section class=\"elementor-section elementor-top-section elementor-element elementor-element-1f7507c elementor-section-height-min-height elementor-section-stretched elementor-section-boxed elementor-section-height-default elementor-section-items-middle\" data-id=\"1f7507c\" data-element_type=\"section\" data-e-type=\"section\" data-settings=\"{&quot;stretch_section&quot;:&quot;section-stretched&quot;}\">\n\t\t\t\t\t\t<div class=\"elementor-container elementor-column-gap-custom\">\n\t\t\t\t\t<div class=\"elementor-column elementor-col-100 elementor-top-column elementor-element elementor-element-7784c0f\" data-id=\"7784c0f\" data-element_type=\"column\" data-e-type=\"column\">\n\t\t\t<div class=\"elementor-widget-wrap elementor-element-populated\">\n\t\t\t\t\t\t<div class=\"elementor-element elementor-element-3877aaa elementor-widget__width-initial elementor-widget-tablet__width-initial ui-e-a-animate elementor-invisible elementor-widget elementor-widget-highlighted-text\" data-id=\"3877aaa\" data-element_type=\"widget\" data-e-type=\"widget\" data-settings=\"{&quot;_animation&quot;:&quot;fadeInDown&quot;}\" data-widget_type=\"highlighted-text.default\">\n\t\t\t\t<div class=\"elementor-widget-container\">\n\t\t\t\t\t\t\t<h2 class=\"ui-e--highlighted-text\" >\n        <span class=\"ui-e-headline-text\">Proyectos relacionados<\/span>         <\/h2>\n        \t\t\t\t<\/div>\n\t\t\t\t<\/div>\n\t\t\t\t\t<\/div>\n\t\t<\/div>\n\t\t\t\t\t<\/div>\n\t\t<\/section>\n\t\t\t\t<\/div>\n\t\t","protected":false},"excerpt":{"rendered":"<p>Centre public d&#8217;\u00e9ducation sp\u00e9ciale Alberto Tortajada Le CPS, au sein de l&#8217;UTE, a \u00e9labor\u00e9 le projet de construction du nouveau centre public [&hellip;]<\/p>\n","protected":false},"author":9,"featured_media":8004,"menu_order":0,"comment_status":"open","ping_status":"closed","template":"","meta":{"footnotes":""},"portfolio_category":[112],"class_list":["post-9277","portfolio","type-portfolio","status-publish","has-post-thumbnail","hentry","portfolio_category-arquitectura-fr"],"_links":{"self":[{"href":"https:\/\/cps.es\/fr\/wp-json\/wp\/v2\/portfolio\/9277","targetHints":{"allow":["GET"]}}],"collection":[{"href":"https:\/\/cps.es\/fr\/wp-json\/wp\/v2\/portfolio"}],"about":[{"href":"https:\/\/cps.es\/fr\/wp-json\/wp\/v2\/types\/portfolio"}],"author":[{"embeddable":true,"href":"https:\/\/cps.es\/fr\/wp-json\/wp\/v2\/users\/9"}],"replies":[{"embeddable":true,"href":"https:\/\/cps.es\/fr\/wp-json\/wp\/v2\/comments?post=9277"}],"version-history":[{"count":4,"href":"https:\/\/cps.es\/fr\/wp-json\/wp\/v2\/portfolio\/9277\/revisions"}],"predecessor-version":[{"id":13889,"href":"https:\/\/cps.es\/fr\/wp-json\/wp\/v2\/portfolio\/9277\/revisions\/13889"}],"wp:featuredmedia":[{"embeddable":true,"href":"https:\/\/cps.es\/fr\/wp-json\/wp\/v2\/media\/8004"}],"wp:attachment":[{"href":"https:\/\/cps.es\/fr\/wp-json\/wp\/v2\/media?parent=9277"}],"wp:term":[{"taxonomy":"portfolio_category","embeddable":true,"href":"https:\/\/cps.es\/fr\/wp-json\/wp\/v2\/portfolio_category?post=9277"}],"curies":[{"name":"wp","href":"https:\/\/api.w.org\/{rel}","templated":true}]}}