{"id":9288,"date":"2023-01-17T09:00:20","date_gmt":"2023-01-17T09:00:20","guid":{"rendered":"https:\/\/cps.es\/portfolio\/gestion-du-risque-de-catastrophe-du-telepherique-urbain-de-lima\/"},"modified":"2023-03-08T09:45:02","modified_gmt":"2023-03-08T09:45:02","slug":"gestion-du-risque-de-catastrophe-du-telepherique-urbain-de-lima","status":"publish","type":"portfolio","link":"https:\/\/cps.es\/fr\/portfolio\/gestion-du-risque-de-catastrophe-du-telepherique-urbain-de-lima\/","title":{"rendered":"Gestion du risque de catastrophe du t\u00e9l\u00e9ph\u00e9rique urbain de Lima"},"content":{"rendered":"\t\t<div data-elementor-type=\"wp-post\" data-elementor-id=\"9288\" class=\"elementor elementor-9288 elementor-4123\" data-elementor-post-type=\"portfolio\">\n\t\t\t\t\t\t<section class=\"elementor-section elementor-top-section elementor-element elementor-element-555ae3b3 elementor-section-boxed elementor-section-height-default elementor-section-height-default\" data-id=\"555ae3b3\" data-element_type=\"section\" data-e-type=\"section\">\n\t\t\t\t\t\t<div class=\"elementor-container elementor-column-gap-default\">\n\t\t\t\t\t<div class=\"elementor-column elementor-col-50 elementor-top-column elementor-element elementor-element-8014629\" data-id=\"8014629\" data-element_type=\"column\" data-e-type=\"column\">\n\t\t\t<div class=\"elementor-widget-wrap elementor-element-populated\">\n\t\t\t\t\t\t<div class=\"elementor-element elementor-element-634f2be6 elementor-widget__width-initial elementor-widget-tablet__width-initial elementor-widget elementor-widget-heading\" data-id=\"634f2be6\" data-element_type=\"widget\" data-e-type=\"widget\" data-widget_type=\"heading.default\">\n\t\t\t\t<div class=\"elementor-widget-container\">\n\t\t\t\t\t<h1 class=\"elementor-heading-title elementor-size-default\">Gestion du risque de catastrophe du t\u00e9l\u00e9ph\u00e9rique urbain de Lima  <\/h1>\t\t\t\t<\/div>\n\t\t\t\t<\/div>\n\t\t\t\t<div class=\"elementor-element elementor-element-229af156 elementor-widget elementor-widget-spacer\" data-id=\"229af156\" data-element_type=\"widget\" data-e-type=\"widget\" data-widget_type=\"spacer.default\">\n\t\t\t\t<div class=\"elementor-widget-container\">\n\t\t\t\t\t\t\t<div class=\"elementor-spacer\">\n\t\t\t<div class=\"elementor-spacer-inner\"><\/div>\n\t\t<\/div>\n\t\t\t\t\t\t<\/div>\n\t\t\t\t<\/div>\n\t\t\t\t<div class=\"elementor-element elementor-element-59a45a40 elementor-widget__width-initial elementor-widget elementor-widget-text-editor\" data-id=\"59a45a40\" data-element_type=\"widget\" data-e-type=\"widget\" data-widget_type=\"text-editor.default\">\n\t\t\t\t<div class=\"elementor-widget-container\">\n\t\t\t\t\t\t\t\t\t<p style=\"text-align: justify;\">CPS P\u00e9rou a r\u00e9alis\u00e9 la consultance pour analyser les r\u00e9glementations existantes en mati\u00e8re de transport par c\u00e2ble dans diff\u00e9rents environnements afin d&#8217;identifier les recommandations \u00e0 reproduire dans le cas de l&#8217;environnement urbain de Lima. \u00c0 cette fin, le cadre r\u00e9glementaire a \u00e9t\u00e9 consult\u00e9 dans diff\u00e9rents pays europ\u00e9ens (Royaume-Uni et Suisse), une r\u00e9gion o\u00f9 l&#8217;exp\u00e9rience des syst\u00e8mes \u00e0 c\u00e2bles est consid\u00e9rable.<\/p>\n\t\t\t\t\t\t\t\t<\/div>\n\t\t\t\t<\/div>\n\t\t\t\t\t<\/div>\n\t\t<\/div>\n\t\t\t\t<div class=\"elementor-column elementor-col-50 elementor-top-column elementor-element elementor-element-2ee1fe9f animated-fast elementor-invisible\" data-id=\"2ee1fe9f\" data-element_type=\"column\" data-e-type=\"column\" data-settings=\"{&quot;animation&quot;:&quot;fadeInUp&quot;}\">\n\t\t\t<div class=\"elementor-widget-wrap elementor-element-populated\">\n\t\t\t\t\t\t<div class=\"elementor-element elementor-element-b71e898 elementor-widget elementor-widget-image\" data-id=\"b71e898\" data-element_type=\"widget\" data-e-type=\"widget\" data-widget_type=\"image.default\">\n\t\t\t\t<div class=\"elementor-widget-container\">\n\t\t\t\t\t\t\t\t\t\t\t\t\t\t\t<img fetchpriority=\"high\" decoding=\"async\" width=\"1000\" height=\"658\" src=\"https:\/\/cps.es\/wp-content\/uploads\/2023\/01\/02-proyecto-gestion-riesgo-desastres-teleferico-urbano-lima.webp\" class=\"attachment-full size-full wp-image-8036\" alt=\"\" srcset=\"https:\/\/cps.es\/wp-content\/uploads\/2023\/01\/02-proyecto-gestion-riesgo-desastres-teleferico-urbano-lima.webp 1000w, https:\/\/cps.es\/wp-content\/uploads\/2023\/01\/02-proyecto-gestion-riesgo-desastres-teleferico-urbano-lima-300x197.webp 300w, https:\/\/cps.es\/wp-content\/uploads\/2023\/01\/02-proyecto-gestion-riesgo-desastres-teleferico-urbano-lima-768x505.webp 768w, https:\/\/cps.es\/wp-content\/uploads\/2023\/01\/02-proyecto-gestion-riesgo-desastres-teleferico-urbano-lima-650x428.webp 650w\" sizes=\"(max-width: 1000px) 100vw, 1000px\" \/>\t\t\t\t\t\t\t\t\t\t\t\t\t\t\t<\/div>\n\t\t\t\t<\/div>\n\t\t\t\t<div class=\"elementor-element elementor-element-6087b02d elementor-widget__width-initial elementor-absolute elementor-widget elementor-widget-spacer\" data-id=\"6087b02d\" data-element_type=\"widget\" data-e-type=\"widget\" data-settings=\"{&quot;_position&quot;:&quot;absolute&quot;}\" data-widget_type=\"spacer.default\">\n\t\t\t\t<div class=\"elementor-widget-container\">\n\t\t\t\t\t\t\t<div class=\"elementor-spacer\">\n\t\t\t<div class=\"elementor-spacer-inner\"><\/div>\n\t\t<\/div>\n\t\t\t\t\t\t<\/div>\n\t\t\t\t<\/div>\n\t\t\t\t<div class=\"elementor-element elementor-element-68683deb elementor-widget__width-auto elementor-absolute elementor-widget elementor-widget-image\" data-id=\"68683deb\" data-element_type=\"widget\" data-e-type=\"widget\" data-settings=\"{&quot;_position&quot;:&quot;absolute&quot;}\" data-widget_type=\"image.default\">\n\t\t\t\t<div class=\"elementor-widget-container\">\n\t\t\t\t\t\t\t\t\t\t\t\t\t\t\t<img decoding=\"async\" width=\"300\" height=\"544\" src=\"https:\/\/cps.es\/wp-content\/uploads\/2022\/09\/Team-Innovation-BG-Element.webp\" class=\"attachment-full size-full wp-image-7300\" alt=\"\" srcset=\"https:\/\/cps.es\/wp-content\/uploads\/2022\/09\/Team-Innovation-BG-Element.webp 300w, https:\/\/cps.es\/wp-content\/uploads\/2022\/09\/Team-Innovation-BG-Element-165x300.webp 165w\" sizes=\"(max-width: 300px) 100vw, 300px\" \/>\t\t\t\t\t\t\t\t\t\t\t\t\t\t\t<\/div>\n\t\t\t\t<\/div>\n\t\t\t\t\t<\/div>\n\t\t<\/div>\n\t\t\t\t\t<\/div>\n\t\t<\/section>\n\t\t\t\t<div class=\"elementor-section elementor-top-section elementor-element elementor-element-4a3eedd5 elementor-section-boxed elementor-section-height-default elementor-section-height-default\" data-id=\"4a3eedd5\" data-element_type=\"section\" data-e-type=\"section\" data-settings=\"{&quot;background_background&quot;:&quot;classic&quot;}\">\n\t\t\t\t\t\t<div class=\"elementor-container elementor-column-gap-default\">\n\t\t\t\t\t<div class=\"elementor-column elementor-col-100 elementor-top-column elementor-element elementor-element-6a894ce1\" data-id=\"6a894ce1\" data-element_type=\"column\" data-e-type=\"column\">\n\t\t\t<div class=\"elementor-widget-wrap elementor-element-populated\">\n\t\t\t\t\t\t<section class=\"elementor-section elementor-inner-section elementor-element elementor-element-2c3e12d2 elementor-section-boxed elementor-section-height-default elementor-section-height-default\" data-id=\"2c3e12d2\" data-element_type=\"section\" data-e-type=\"section\">\n\t\t\t\t\t\t<div class=\"elementor-container elementor-column-gap-default\">\n\t\t\t\t\t<div class=\"elementor-column elementor-col-50 elementor-inner-column elementor-element elementor-element-5ee05cd7 elementor-invisible\" data-id=\"5ee05cd7\" data-element_type=\"column\" data-e-type=\"column\" data-settings=\"{&quot;animation&quot;:&quot;fadeInUp&quot;,&quot;animation_delay&quot;:300}\">\n\t\t\t<div class=\"elementor-widget-wrap elementor-element-populated\">\n\t\t\t\t\t\t<div class=\"elementor-element elementor-element-561140f elementor-widget elementor-widget-image\" data-id=\"561140f\" data-element_type=\"widget\" data-e-type=\"widget\" data-widget_type=\"image.default\">\n\t\t\t\t<div class=\"elementor-widget-container\">\n\t\t\t\t\t\t\t\t\t\t\t\t\t\t\t<img decoding=\"async\" width=\"897\" height=\"650\" src=\"https:\/\/cps.es\/wp-content\/uploads\/2023\/01\/proyecto-gestion-riesgo-desastres-teleferico-urbano-lima.webp\" class=\"attachment-large size-large wp-image-8038\" alt=\"\" srcset=\"https:\/\/cps.es\/wp-content\/uploads\/2023\/01\/proyecto-gestion-riesgo-desastres-teleferico-urbano-lima.webp 897w, https:\/\/cps.es\/wp-content\/uploads\/2023\/01\/proyecto-gestion-riesgo-desastres-teleferico-urbano-lima-300x217.webp 300w, https:\/\/cps.es\/wp-content\/uploads\/2023\/01\/proyecto-gestion-riesgo-desastres-teleferico-urbano-lima-768x557.webp 768w, https:\/\/cps.es\/wp-content\/uploads\/2023\/01\/proyecto-gestion-riesgo-desastres-teleferico-urbano-lima-650x471.webp 650w\" sizes=\"(max-width: 897px) 100vw, 897px\" \/>\t\t\t\t\t\t\t\t\t\t\t\t\t\t\t<\/div>\n\t\t\t\t<\/div>\n\t\t\t\t\t<\/div>\n\t\t<\/div>\n\t\t\t\t<div class=\"elementor-column elementor-col-50 elementor-inner-column elementor-element elementor-element-3e99a61d\" data-id=\"3e99a61d\" data-element_type=\"column\" data-e-type=\"column\">\n\t\t\t<div class=\"elementor-widget-wrap elementor-element-populated\">\n\t\t\t\t\t\t<div class=\"elementor-element elementor-element-5a7f55ff elementor-widget__width-initial elementor-widget-tablet__width-initial elementor-invisible elementor-widget elementor-widget-text-editor\" data-id=\"5a7f55ff\" data-element_type=\"widget\" data-e-type=\"widget\" data-settings=\"{&quot;_animation&quot;:&quot;fadeInDown&quot;}\" data-widget_type=\"text-editor.default\">\n\t\t\t\t<div class=\"elementor-widget-container\">\n\t\t\t\t\t\t\t\t\t<p style=\"text-align: justify;\">L&#8217;objectif du projet est de fournir les lignes directrices \u00e0 prendre en compte et le contenu \u00e0 inclure dans le plan d&#8217;urgence d&#8217;une infrastructure de t\u00e9l\u00e9ph\u00e9rique.<\/p>\n<p style=\"text-align: justify;\">Ce plan sera l&#8217;un des instruments fondamentaux pour guider la gestion des risques de catastrophes d&#8217;un projet de t\u00e9l\u00e9ph\u00e9rique, et avec une attention particuli\u00e8re au projet San Juan de Lurigancho &#8211; Independencia, o\u00f9 de la pr\u00e9paration de ce document et l&#8217;application des processus de connaissance, de r\u00e9duction et de gestion des catastrophes et conform\u00e9ment aux dispositions de la loi 29664 qui cr\u00e9e le syst\u00e8me national de gestion des risques de catastrophes (SINAGERD) et la politique nationale sur la gestion des risques de catastrophes, approuv\u00e9 comme une politique obligatoire pour les entit\u00e9s gouvernementales p\u00e9ruviennes.<\/p>\n\t\t\t\t\t\t\t\t<\/div>\n\t\t\t\t<\/div>\n\t\t\t\t\t<\/div>\n\t\t<\/div>\n\t\t\t\t\t<\/div>\n\t\t<\/section>\n\t\t\t\t<section class=\"elementor-section elementor-inner-section elementor-element elementor-element-7749086 elementor-section-boxed elementor-section-height-default elementor-section-height-default\" data-id=\"7749086\" data-element_type=\"section\" data-e-type=\"section\">\n\t\t\t\t\t\t<div class=\"elementor-container elementor-column-gap-default\">\n\t\t\t\t\t<div class=\"elementor-column elementor-col-50 elementor-inner-column elementor-element elementor-element-618d834\" data-id=\"618d834\" data-element_type=\"column\" data-e-type=\"column\">\n\t\t\t<div class=\"elementor-widget-wrap elementor-element-populated\">\n\t\t\t\t\t\t<div class=\"elementor-element elementor-element-c450c11 elementor-widget__width-initial elementor-widget-tablet__width-initial elementor-invisible elementor-widget elementor-widget-text-editor\" data-id=\"c450c11\" data-element_type=\"widget\" data-e-type=\"widget\" data-settings=\"{&quot;_animation&quot;:&quot;fadeInDown&quot;}\" data-widget_type=\"text-editor.default\">\n\t\t\t\t<div class=\"elementor-widget-container\">\n\t\t\t\t\t\t\t\t\t<p style=\"text-align: justify;\">En outre, le projet identifie, hi\u00e9rarchise et formule des actions visant \u00e0 r\u00e9duire les conditions de risque actuelles et futures du projet, ainsi que celles d\u00e9coulant de l&#8217;activit\u00e9 ou de l&#8217;exploitation du syst\u00e8me lui-m\u00eame qui peuvent causer des dommages et des pertes \u00e0 l&#8217;environnement, et en outre pour r\u00e9pondre aux catastrophes qui peuvent se produire en coordonnant avec les institutions de gestion des risques de catastrophes des municipalit\u00e9s locales (San Juan de Lurigancho et Independencia).<\/p>\n\t\t\t\t\t\t\t\t<\/div>\n\t\t\t\t<\/div>\n\t\t\t\t\t<\/div>\n\t\t<\/div>\n\t\t\t\t<div class=\"elementor-column elementor-col-50 elementor-inner-column elementor-element elementor-element-2d01b66 elementor-invisible\" data-id=\"2d01b66\" data-element_type=\"column\" data-e-type=\"column\" data-settings=\"{&quot;animation&quot;:&quot;fadeInUp&quot;,&quot;animation_delay&quot;:300}\">\n\t\t\t<div class=\"elementor-widget-wrap elementor-element-populated\">\n\t\t\t\t\t\t<div class=\"elementor-element elementor-element-ed00876 elementor-widget elementor-widget-image\" data-id=\"ed00876\" data-element_type=\"widget\" data-e-type=\"widget\" data-widget_type=\"image.default\">\n\t\t\t\t<div class=\"elementor-widget-container\">\n\t\t\t\t\t\t\t\t\t\t\t\t\t\t\t<img loading=\"lazy\" decoding=\"async\" width=\"1000\" height=\"658\" src=\"https:\/\/cps.es\/wp-content\/uploads\/2023\/01\/02-proyecto-gestion-riesgo-desastres-teleferico-urbano-lima.webp\" class=\"attachment-large size-large wp-image-8036\" alt=\"\" srcset=\"https:\/\/cps.es\/wp-content\/uploads\/2023\/01\/02-proyecto-gestion-riesgo-desastres-teleferico-urbano-lima.webp 1000w, https:\/\/cps.es\/wp-content\/uploads\/2023\/01\/02-proyecto-gestion-riesgo-desastres-teleferico-urbano-lima-300x197.webp 300w, https:\/\/cps.es\/wp-content\/uploads\/2023\/01\/02-proyecto-gestion-riesgo-desastres-teleferico-urbano-lima-768x505.webp 768w, https:\/\/cps.es\/wp-content\/uploads\/2023\/01\/02-proyecto-gestion-riesgo-desastres-teleferico-urbano-lima-650x428.webp 650w\" sizes=\"(max-width: 1000px) 100vw, 1000px\" \/>\t\t\t\t\t\t\t\t\t\t\t\t\t\t\t<\/div>\n\t\t\t\t<\/div>\n\t\t\t\t\t<\/div>\n\t\t<\/div>\n\t\t\t\t\t<\/div>\n\t\t<\/section>\n\t\t\t\t\t<\/div>\n\t\t<\/div>\n\t\t\t\t\t<\/div>\n\t\t<\/div>\n\t\t\t\t<section class=\"elementor-section elementor-top-section elementor-element elementor-element-aacd914 elementor-section-boxed elementor-section-height-default elementor-section-height-default\" data-id=\"aacd914\" data-element_type=\"section\" data-e-type=\"section\">\n\t\t\t\t\t\t<div class=\"elementor-container elementor-column-gap-default\">\n\t\t\t\t\t<div class=\"elementor-column elementor-col-50 elementor-top-column elementor-element elementor-element-3354dc9 bdt-backdrop-filter-yes\" data-id=\"3354dc9\" data-element_type=\"column\" data-e-type=\"column\">\n\t\t\t<div class=\"elementor-widget-wrap elementor-element-populated\">\n\t\t\t\t\t\t<div class=\"elementor-element elementor-element-7ffa77c elementor-widget elementor-widget-heading\" data-id=\"7ffa77c\" data-element_type=\"widget\" data-e-type=\"widget\" data-widget_type=\"heading.default\">\n\t\t\t\t<div class=\"elementor-widget-container\">\n\t\t\t\t\t<h2 class=\"elementor-heading-title elementor-size-default\">\u00c9valuation ex post de la ligne 1 du m\u00e9tro de Lima<\/h2>\t\t\t\t<\/div>\n\t\t\t\t<\/div>\n\t\t\t\t\t<\/div>\n\t\t<\/div>\n\t\t\t\t<div class=\"elementor-column elementor-col-50 elementor-top-column elementor-element elementor-element-11fc32a\" data-id=\"11fc32a\" data-element_type=\"column\" data-e-type=\"column\">\n\t\t\t<div class=\"elementor-widget-wrap elementor-element-populated\">\n\t\t\t\t\t\t<div class=\"elementor-element elementor-element-f521bfb animated-slow elementor-invisible elementor-widget elementor-widget-bdt-timeline\" data-id=\"f521bfb\" data-element_type=\"widget\" data-e-type=\"widget\" data-settings=\"{&quot;_animation&quot;:&quot;fadeInUp&quot;}\" data-widget_type=\"bdt-timeline.default\">\n\t\t\t\t<div class=\"elementor-widget-container\">\n\t\t\t\t\t        <div id=\"bdt-timeline-f521bfb\" class=\"bdt-timeline bdt-timeline-skin-default bdt-timeline-left\">\n            <div class=\"bdt-grid bdt-grid-collapse\" bdt-grid>\n                \n\n                    <div class=\" bdt-timeline-item left-part\">\n\n                        <div class=\"bdt-timeline-item-main-wrapper\">\n                            <div class=\"bdt-timeline-line\">\n                                <span><\/span>\n                            <\/div>\n                            <div class=\"bdt-timeline-item-main-container\">\n                                \n                                <div class=\"bdt-timeline-icon\" >\n\n                                    <span>\n\n                                        \n                                    <\/span>\n\n                                <\/div>\n                                        <div class=\"bdt-timeline-item-main\" >\n            <span class=\"bdt-timeline-arrow\"><\/span>\n\n            \n            <div class=\"bdt-timeline-desc bdt-padding\">\n                        <h3 class=\"bdt-timeline-title\">\n                            <span>Localizaci\u00f3n<\/span>\n                    <\/h3>\n                                                <div class=\"bdt-timeline-excerpt\">\n                <p>Lima, Per\u00fa<\/p>            <\/div>\n                                    <\/div>\n        <\/div>\n                                <\/div>\n                        <\/div>\n                    <\/div>\n\n                    \n                \n\n                    <div class=\" bdt-timeline-item right-part\">\n\n                        <div class=\"bdt-timeline-item-main-wrapper\">\n                            <div class=\"bdt-timeline-line\">\n                                <span><\/span>\n                            <\/div>\n                            <div class=\"bdt-timeline-item-main-container\">\n                                \n                                <div class=\"bdt-timeline-icon\" >\n\n                                    <span>\n\n                                        \n                                    <\/span>\n\n                                <\/div>\n                                        <div class=\"bdt-timeline-item-main\" >\n            <span class=\"bdt-timeline-arrow\"><\/span>\n\n            \n            <div class=\"bdt-timeline-desc bdt-padding\">\n                        <h3 class=\"bdt-timeline-title\">\n                            <span>Cliente<\/span>\n                    <\/h3>\n                                                <div class=\"bdt-timeline-excerpt\">\n                <p>Banco Mundial\u00a0 \u00a0 \u00a0 \u00a0 \u00a0 \u00a0 \u00a0 \u00a0 \u00a0\u00a0<\/p>            <\/div>\n                                    <\/div>\n        <\/div>\n                                <\/div>\n                        <\/div>\n                    <\/div>\n\n                    \n                \n\n                    <div class=\" bdt-timeline-item left-part\">\n\n                        <div class=\"bdt-timeline-item-main-wrapper\">\n                            <div class=\"bdt-timeline-line\">\n                                <span><\/span>\n                            <\/div>\n                            <div class=\"bdt-timeline-item-main-container\">\n                                \n                                <div class=\"bdt-timeline-icon\" >\n\n                                    <span>\n\n                                        \n                                    <\/span>\n\n                                <\/div>\n                                        <div class=\"bdt-timeline-item-main\" >\n            <span class=\"bdt-timeline-arrow\"><\/span>\n\n            \n            <div class=\"bdt-timeline-desc bdt-padding\">\n                        <h3 class=\"bdt-timeline-title\">\n                            <span>Fecha (inicio-fin)<\/span>\n                    <\/h3>\n                                                <div class=\"bdt-timeline-excerpt\">\n                <p>Agosto 2021 \u2013 Junio 2022<\/p>            <\/div>\n                                    <\/div>\n        <\/div>\n                                <\/div>\n                        <\/div>\n                    <\/div>\n\n                    \n                \n                \n            <\/div>\n        <\/div>\n\t\t\t\t<\/div>\n\t\t\t\t<\/div>\n\t\t\t\t\t<\/div>\n\t\t<\/div>\n\t\t\t\t\t<\/div>\n\t\t<\/section>\n\t\t\t\t<section class=\"elementor-section elementor-top-section elementor-element elementor-element-1f7507c elementor-section-height-min-height elementor-section-stretched elementor-section-boxed elementor-section-height-default elementor-section-items-middle\" data-id=\"1f7507c\" data-element_type=\"section\" data-e-type=\"section\" data-settings=\"{&quot;stretch_section&quot;:&quot;section-stretched&quot;}\">\n\t\t\t\t\t\t<div class=\"elementor-container elementor-column-gap-custom\">\n\t\t\t\t\t<div class=\"elementor-column elementor-col-100 elementor-top-column elementor-element elementor-element-7784c0f\" data-id=\"7784c0f\" data-element_type=\"column\" data-e-type=\"column\">\n\t\t\t<div class=\"elementor-widget-wrap elementor-element-populated\">\n\t\t\t\t\t\t<div class=\"elementor-element elementor-element-3877aaa elementor-widget__width-initial elementor-widget-tablet__width-initial ui-e-a-animate elementor-invisible elementor-widget elementor-widget-highlighted-text\" data-id=\"3877aaa\" data-element_type=\"widget\" data-e-type=\"widget\" data-settings=\"{&quot;_animation&quot;:&quot;fadeInDown&quot;}\" data-widget_type=\"highlighted-text.default\">\n\t\t\t\t<div class=\"elementor-widget-container\">\n\t\t\t\t\t\t\t<h2 class=\"ui-e--highlighted-text\" >\n        <span class=\"ui-e-headline-text\">Proyectos relacionados<\/span>         <\/h2>\n        \t\t\t\t<\/div>\n\t\t\t\t<\/div>\n\t\t\t\t\t<\/div>\n\t\t<\/div>\n\t\t\t\t\t<\/div>\n\t\t<\/section>\n\t\t\t\t<\/div>\n\t\t","protected":false},"excerpt":{"rendered":"<p>Gestion du risque de catastrophe du t\u00e9l\u00e9ph\u00e9rique urbain de Lima CPS P\u00e9rou a r\u00e9alis\u00e9 la consultance pour analyser les r\u00e9glementations existantes en [&hellip;]<\/p>\n","protected":false},"author":9,"featured_media":8038,"menu_order":0,"comment_status":"open","ping_status":"closed","template":"","meta":{"footnotes":""},"portfolio_category":[115,121],"class_list":["post-9288","portfolio","type-portfolio","status-publish","has-post-thumbnail","hentry","portfolio_category-civil-obras-lineales-fr","portfolio_category-internacional-fr"],"_links":{"self":[{"href":"https:\/\/cps.es\/fr\/wp-json\/wp\/v2\/portfolio\/9288","targetHints":{"allow":["GET"]}}],"collection":[{"href":"https:\/\/cps.es\/fr\/wp-json\/wp\/v2\/portfolio"}],"about":[{"href":"https:\/\/cps.es\/fr\/wp-json\/wp\/v2\/types\/portfolio"}],"author":[{"embeddable":true,"href":"https:\/\/cps.es\/fr\/wp-json\/wp\/v2\/users\/9"}],"replies":[{"embeddable":true,"href":"https:\/\/cps.es\/fr\/wp-json\/wp\/v2\/comments?post=9288"}],"version-history":[{"count":1,"href":"https:\/\/cps.es\/fr\/wp-json\/wp\/v2\/portfolio\/9288\/revisions"}],"predecessor-version":[{"id":9292,"href":"https:\/\/cps.es\/fr\/wp-json\/wp\/v2\/portfolio\/9288\/revisions\/9292"}],"wp:featuredmedia":[{"embeddable":true,"href":"https:\/\/cps.es\/fr\/wp-json\/wp\/v2\/media\/8038"}],"wp:attachment":[{"href":"https:\/\/cps.es\/fr\/wp-json\/wp\/v2\/media?parent=9288"}],"wp:term":[{"taxonomy":"portfolio_category","embeddable":true,"href":"https:\/\/cps.es\/fr\/wp-json\/wp\/v2\/portfolio_category?post=9288"}],"curies":[{"name":"wp","href":"https:\/\/api.w.org\/{rel}","templated":true}]}}