{"id":9309,"date":"2023-01-17T14:24:45","date_gmt":"2023-01-17T14:24:45","guid":{"rendered":"https:\/\/cps.es\/portfolio\/installations-de-luniversite-de-valence\/"},"modified":"2023-03-08T09:45:03","modified_gmt":"2023-03-08T09:45:03","slug":"installations-de-luniversite-de-valence","status":"publish","type":"portfolio","link":"https:\/\/cps.es\/fr\/portfolio\/installations-de-luniversite-de-valence\/","title":{"rendered":"Installations de l&#8217;Universit\u00e9 de Valence"},"content":{"rendered":"\t\t<div data-elementor-type=\"wp-post\" data-elementor-id=\"9309\" class=\"elementor elementor-9309 elementor-4198\" data-elementor-post-type=\"portfolio\">\n\t\t\t\t\t\t<section class=\"elementor-section elementor-top-section elementor-element elementor-element-555ae3b3 elementor-section-boxed elementor-section-height-default elementor-section-height-default\" data-id=\"555ae3b3\" data-element_type=\"section\" data-e-type=\"section\">\n\t\t\t\t\t\t<div class=\"elementor-container elementor-column-gap-default\">\n\t\t\t\t\t<div class=\"elementor-column elementor-col-50 elementor-top-column elementor-element elementor-element-8014629\" data-id=\"8014629\" data-element_type=\"column\" data-e-type=\"column\">\n\t\t\t<div class=\"elementor-widget-wrap elementor-element-populated\">\n\t\t\t\t\t\t<div class=\"elementor-element elementor-element-634f2be6 elementor-widget__width-initial elementor-widget-tablet__width-initial elementor-widget elementor-widget-heading\" data-id=\"634f2be6\" data-element_type=\"widget\" data-e-type=\"widget\" data-widget_type=\"heading.default\">\n\t\t\t\t<div class=\"elementor-widget-container\">\n\t\t\t\t\t<h1 class=\"elementor-heading-title elementor-size-default\">Installations de l'Universit\u00e9 de Valence  <\/h1>\t\t\t\t<\/div>\n\t\t\t\t<\/div>\n\t\t\t\t<div class=\"elementor-element elementor-element-229af156 elementor-widget elementor-widget-spacer\" data-id=\"229af156\" data-element_type=\"widget\" data-e-type=\"widget\" data-widget_type=\"spacer.default\">\n\t\t\t\t<div class=\"elementor-widget-container\">\n\t\t\t\t\t\t\t<div class=\"elementor-spacer\">\n\t\t\t<div class=\"elementor-spacer-inner\"><\/div>\n\t\t<\/div>\n\t\t\t\t\t\t<\/div>\n\t\t\t\t<\/div>\n\t\t\t\t<div class=\"elementor-element elementor-element-59a45a40 elementor-widget__width-initial elementor-widget elementor-widget-text-editor\" data-id=\"59a45a40\" data-element_type=\"widget\" data-e-type=\"widget\" data-widget_type=\"text-editor.default\">\n\t\t\t\t<div class=\"elementor-widget-container\">\n\t\t\t\t\t\t\t\t\t<p style=\"text-align: justify;\">CPS, par le biais de l&#8217;accord-cadre avec l&#8217;Universit\u00e9 de Valence, a r\u00e9alis\u00e9 diff\u00e9rents projets dans les diff\u00e9rents campus de l&#8217;Universit\u00e9. Les travaux effectu\u00e9s comprennent la r\u00e9daction de projets d&#8217;ex\u00e9cution et la gestion de la construction.<\/p>\n\t\t\t\t\t\t\t\t<\/div>\n\t\t\t\t<\/div>\n\t\t\t\t\t<\/div>\n\t\t<\/div>\n\t\t\t\t<div class=\"elementor-column elementor-col-50 elementor-top-column elementor-element elementor-element-2ee1fe9f animated-fast elementor-invisible\" data-id=\"2ee1fe9f\" data-element_type=\"column\" data-e-type=\"column\" data-settings=\"{&quot;animation&quot;:&quot;fadeInUp&quot;}\">\n\t\t\t<div class=\"elementor-widget-wrap elementor-element-populated\">\n\t\t\t\t\t\t<div class=\"elementor-element elementor-element-b71e898 elementor-widget elementor-widget-image\" data-id=\"b71e898\" data-element_type=\"widget\" data-e-type=\"widget\" data-widget_type=\"image.default\">\n\t\t\t\t<div class=\"elementor-widget-container\">\n\t\t\t\t\t\t\t\t\t\t\t\t\t\t\t<img fetchpriority=\"high\" decoding=\"async\" width=\"770\" height=\"448\" src=\"https:\/\/cps.es\/wp-content\/uploads\/2023\/01\/instalaciones-universitat-valencia.webp\" class=\"attachment-full size-full wp-image-8050\" alt=\"\" srcset=\"https:\/\/cps.es\/wp-content\/uploads\/2023\/01\/instalaciones-universitat-valencia.webp 770w, https:\/\/cps.es\/wp-content\/uploads\/2023\/01\/instalaciones-universitat-valencia-300x175.webp 300w, https:\/\/cps.es\/wp-content\/uploads\/2023\/01\/instalaciones-universitat-valencia-768x447.webp 768w, https:\/\/cps.es\/wp-content\/uploads\/2023\/01\/instalaciones-universitat-valencia-650x378.webp 650w\" sizes=\"(max-width: 770px) 100vw, 770px\" \/>\t\t\t\t\t\t\t\t\t\t\t\t\t\t\t<\/div>\n\t\t\t\t<\/div>\n\t\t\t\t<div class=\"elementor-element elementor-element-6087b02d elementor-widget__width-initial elementor-absolute elementor-widget elementor-widget-spacer\" data-id=\"6087b02d\" data-element_type=\"widget\" data-e-type=\"widget\" data-settings=\"{&quot;_position&quot;:&quot;absolute&quot;}\" data-widget_type=\"spacer.default\">\n\t\t\t\t<div class=\"elementor-widget-container\">\n\t\t\t\t\t\t\t<div class=\"elementor-spacer\">\n\t\t\t<div class=\"elementor-spacer-inner\"><\/div>\n\t\t<\/div>\n\t\t\t\t\t\t<\/div>\n\t\t\t\t<\/div>\n\t\t\t\t<div class=\"elementor-element elementor-element-68683deb elementor-widget__width-auto elementor-absolute elementor-widget elementor-widget-image\" data-id=\"68683deb\" data-element_type=\"widget\" data-e-type=\"widget\" data-settings=\"{&quot;_position&quot;:&quot;absolute&quot;}\" data-widget_type=\"image.default\">\n\t\t\t\t<div class=\"elementor-widget-container\">\n\t\t\t\t\t\t\t\t\t\t\t\t\t\t\t<img decoding=\"async\" width=\"300\" height=\"544\" src=\"https:\/\/cps.es\/wp-content\/uploads\/2022\/09\/Team-Innovation-BG-Element.webp\" class=\"attachment-full size-full wp-image-7300\" alt=\"\" srcset=\"https:\/\/cps.es\/wp-content\/uploads\/2022\/09\/Team-Innovation-BG-Element.webp 300w, https:\/\/cps.es\/wp-content\/uploads\/2022\/09\/Team-Innovation-BG-Element-165x300.webp 165w\" sizes=\"(max-width: 300px) 100vw, 300px\" \/>\t\t\t\t\t\t\t\t\t\t\t\t\t\t\t<\/div>\n\t\t\t\t<\/div>\n\t\t\t\t\t<\/div>\n\t\t<\/div>\n\t\t\t\t\t<\/div>\n\t\t<\/section>\n\t\t\t\t<div class=\"elementor-section elementor-top-section elementor-element elementor-element-4a3eedd5 elementor-section-boxed elementor-section-height-default elementor-section-height-default\" data-id=\"4a3eedd5\" data-element_type=\"section\" data-e-type=\"section\" data-settings=\"{&quot;background_background&quot;:&quot;classic&quot;}\">\n\t\t\t\t\t\t<div class=\"elementor-container elementor-column-gap-default\">\n\t\t\t\t\t<div class=\"elementor-column elementor-col-100 elementor-top-column elementor-element elementor-element-6a894ce1\" data-id=\"6a894ce1\" data-element_type=\"column\" data-e-type=\"column\">\n\t\t\t<div class=\"elementor-widget-wrap elementor-element-populated\">\n\t\t\t\t\t\t<section class=\"elementor-section elementor-inner-section elementor-element elementor-element-2c3e12d2 elementor-section-boxed elementor-section-height-default elementor-section-height-default\" data-id=\"2c3e12d2\" data-element_type=\"section\" data-e-type=\"section\">\n\t\t\t\t\t\t<div class=\"elementor-container elementor-column-gap-default\">\n\t\t\t\t\t<div class=\"elementor-column elementor-col-50 elementor-inner-column elementor-element elementor-element-5ee05cd7 elementor-invisible\" data-id=\"5ee05cd7\" data-element_type=\"column\" data-e-type=\"column\" data-settings=\"{&quot;animation&quot;:&quot;fadeInUp&quot;,&quot;animation_delay&quot;:300}\">\n\t\t\t<div class=\"elementor-widget-wrap elementor-element-populated\">\n\t\t\t\t\t\t<div class=\"elementor-element elementor-element-c8e3f7a elementor-widget__width-initial elementor-widget-tablet__width-initial elementor-invisible elementor-widget elementor-widget-text-editor\" data-id=\"c8e3f7a\" data-element_type=\"widget\" data-e-type=\"widget\" data-settings=\"{&quot;_animation&quot;:&quot;fadeInDown&quot;}\" data-widget_type=\"text-editor.default\">\n\t\t\t\t<div class=\"elementor-widget-container\">\n\t\t\t\t\t\t\t\t\t<h2 style=\"text-align: justify;\">Remplacement des r\u00e9servoirs tampons du circuit de chauffage du b\u00e2timent des services du Campus de Tarongers.<\/h2>\n\t\t\t\t\t\t\t\t<\/div>\n\t\t\t\t<\/div>\n\t\t\t\t<div class=\"elementor-element elementor-element-5832cb7 elementor-widget elementor-widget-image\" data-id=\"5832cb7\" data-element_type=\"widget\" data-e-type=\"widget\" data-widget_type=\"image.default\">\n\t\t\t\t<div class=\"elementor-widget-container\">\n\t\t\t\t\t\t\t\t\t\t\t\t\t\t\t<img decoding=\"async\" width=\"768\" height=\"512\" src=\"https:\/\/cps.es\/wp-content\/uploads\/2023\/01\/instalaciones-universitat-valencia-depositos-inercia-circuito-calor-edificio-campus-taronger.webp\" class=\"attachment-large size-large wp-image-8062\" alt=\"\" srcset=\"https:\/\/cps.es\/wp-content\/uploads\/2023\/01\/instalaciones-universitat-valencia-depositos-inercia-circuito-calor-edificio-campus-taronger.webp 768w, https:\/\/cps.es\/wp-content\/uploads\/2023\/01\/instalaciones-universitat-valencia-depositos-inercia-circuito-calor-edificio-campus-taronger-300x200.webp 300w, https:\/\/cps.es\/wp-content\/uploads\/2023\/01\/instalaciones-universitat-valencia-depositos-inercia-circuito-calor-edificio-campus-taronger-650x433.webp 650w\" sizes=\"(max-width: 768px) 100vw, 768px\" \/>\t\t\t\t\t\t\t\t\t\t\t\t\t\t\t<\/div>\n\t\t\t\t<\/div>\n\t\t\t\t\t<\/div>\n\t\t<\/div>\n\t\t\t\t<div class=\"elementor-column elementor-col-50 elementor-inner-column elementor-element elementor-element-3e99a61d\" data-id=\"3e99a61d\" data-element_type=\"column\" data-e-type=\"column\">\n\t\t\t<div class=\"elementor-widget-wrap elementor-element-populated\">\n\t\t\t\t\t\t<div class=\"elementor-element elementor-element-b5482ef elementor-widget__width-initial elementor-widget-tablet__width-initial elementor-invisible elementor-widget elementor-widget-text-editor\" data-id=\"b5482ef\" data-element_type=\"widget\" data-e-type=\"widget\" data-settings=\"{&quot;_animation&quot;:&quot;fadeInDown&quot;}\" data-widget_type=\"text-editor.default\">\n\t\t\t\t<div class=\"elementor-widget-container\">\n\t\t\t\t\t\t\t\t\t<p style=\"text-align: justify;\">Le projet de construction pour le remplacement des r\u00e9servoirs d&#8217;inertie du circuit de chaleur dans le b\u00e2timent des services du Campus de Tarongers est en cours d&#8217;\u00e9laboration. L&#8217;installation dispose actuellement de deux r\u00e9servoirs tampons qui servent au syst\u00e8me de chauffage des b\u00e2timents du Campus. Au fil des ans, ils ont subi diverses pathologies, notamment l&#8217;implosion d&#8217;un des r\u00e9servoirs suite \u00e0 une panne. Cela n\u00e9cessite le remplacement des deux r\u00e9servoirs par de nouveaux, situ\u00e9s dans le m\u00eame espace.<\/p>\n<p style=\"text-align: justify;\">Les installations adjacentes aux r\u00e9servoirs rendent difficile \u00e0 la fois le d\u00e9mant\u00e8lement des r\u00e9servoirs existants et l&#8217;installation de nouveaux r\u00e9servoirs. Par cons\u00e9quent, dans une premi\u00e8re phase, les \u00e9quipements et les \u00e9l\u00e9ments situ\u00e9s autour des r\u00e9servoirs doivent \u00eatre d\u00e9mantel\u00e9s afin de d\u00e9gager une zone de travail appropri\u00e9e ; ensuite, les tuyaux qui se raccordent aux r\u00e9servoirs doivent \u00eatre d\u00e9mantel\u00e9s et enfin les r\u00e9servoirs eux-m\u00eames doivent \u00eatre d\u00e9mantel\u00e9s.<\/p>\n<p style=\"text-align: justify;\">Dans une deuxi\u00e8me phase, l&#8217;installation des nouveaux r\u00e9servoirs est pr\u00e9vue. Ceux-ci doivent \u00eatre adapt\u00e9s \u00e0 l&#8217;espace disponible. Deux r\u00e9servoirs tampons verticaux isol\u00e9s en acier au carbone avec pieds, d&#8217;une capacit\u00e9 de 10 000 litres, sont install\u00e9s. Ensuite, tous les \u00e9quipements et \u00e9l\u00e9ments d\u00e9mont\u00e9s doivent \u00eatre assembl\u00e9s et ceux qui n&#8217;ont pas pu \u00eatre r\u00e9cup\u00e9r\u00e9s doivent \u00eatre remplac\u00e9s.<\/p>\n\t\t\t\t\t\t\t\t<\/div>\n\t\t\t\t<\/div>\n\t\t\t\t\t<\/div>\n\t\t<\/div>\n\t\t\t\t\t<\/div>\n\t\t<\/section>\n\t\t\t\t<section class=\"elementor-section elementor-inner-section elementor-element elementor-element-b820ac6 elementor-section-boxed elementor-section-height-default elementor-section-height-default\" data-id=\"b820ac6\" data-element_type=\"section\" data-e-type=\"section\">\n\t\t\t\t\t\t<div class=\"elementor-container elementor-column-gap-default\">\n\t\t\t\t\t<div class=\"elementor-column elementor-col-50 elementor-inner-column elementor-element elementor-element-eaf2fbe\" data-id=\"eaf2fbe\" data-element_type=\"column\" data-e-type=\"column\">\n\t\t\t<div class=\"elementor-widget-wrap elementor-element-populated\">\n\t\t\t\t\t\t<div class=\"elementor-element elementor-element-66e8ba4 elementor-widget__width-initial elementor-widget-tablet__width-initial elementor-invisible elementor-widget elementor-widget-text-editor\" data-id=\"66e8ba4\" data-element_type=\"widget\" data-e-type=\"widget\" data-settings=\"{&quot;_animation&quot;:&quot;fadeInDown&quot;}\" data-widget_type=\"text-editor.default\">\n\t\t\t\t<div class=\"elementor-widget-container\">\n\t\t\t\t\t\t\t\t\t<p style=\"text-align: justify;\">Le projet de construction du nouveau poste de transformation et le transfert de l&#8217;existant vers le parc scientifique de Paterna sont \u00e9labor\u00e9s.<\/p>\n<p style=\"text-align: justify;\">L&#8217;universit\u00e9 de Valence est en phase de construction des nouveaux b\u00e2timents de l&#8217;incubateur d&#8217;innovation technologique et du centre national de dosim\u00e9trie. Afin d&#8217;alimenter ces b\u00e2timents en \u00e9lectricit\u00e9, un nouveau poste de transformation (CT) et une nouvelle ligne moyenne tension souterraine (M.V.M.L.) de 20 kV sont n\u00e9cessaires pour alimenter ce CT.<\/p>\n<p style=\"text-align: justify;\">Il est pr\u00e9vu de d\u00e9monter le TC existant de la serre, avec r\u00e9cup\u00e9ration du transformateur. Un nouveau TC est install\u00e9 pour alimenter les nouveaux b\u00e2timents et la serre. Ce TC est compos\u00e9 de deux transformateurs, un nouveau et le r\u00e9cup\u00e9rateur du TC existant. Les deux transformateurs seront aliment\u00e9s par le m\u00eame L.S.M.T.<\/p>\n<p style=\"text-align: justify;\">\u00c0 partir du nouveau CT, trois nouvelles lignes souterraines basse tension (L.S.B.T.) sont pr\u00e9vues, l&#8217;une pour la serre, une autre pour l&#8217;incubateur et la troisi\u00e8me pour le Centre national de dosim\u00e9trie.<\/p>\n\t\t\t\t\t\t\t\t<\/div>\n\t\t\t\t<\/div>\n\t\t\t\t\t<\/div>\n\t\t<\/div>\n\t\t\t\t<div class=\"elementor-column elementor-col-50 elementor-inner-column elementor-element elementor-element-98d1ec5 elementor-invisible\" data-id=\"98d1ec5\" data-element_type=\"column\" data-e-type=\"column\" data-settings=\"{&quot;animation&quot;:&quot;fadeInUp&quot;,&quot;animation_delay&quot;:300}\">\n\t\t\t<div class=\"elementor-widget-wrap elementor-element-populated\">\n\t\t\t\t\t\t<div class=\"elementor-element elementor-element-2be88d3 elementor-widget__width-initial elementor-widget-tablet__width-initial elementor-invisible elementor-widget elementor-widget-text-editor\" data-id=\"2be88d3\" data-element_type=\"widget\" data-e-type=\"widget\" data-settings=\"{&quot;_animation&quot;:&quot;fadeInDown&quot;}\" data-widget_type=\"text-editor.default\">\n\t\t\t\t<div class=\"elementor-widget-container\">\n\t\t\t\t\t\t\t\t\t<h2 style=\"text-align: left;\">Nouveau centre de transformation et transfert du centre existant au parc scientifique de Paterna.<\/h2>\n\t\t\t\t\t\t\t\t<\/div>\n\t\t\t\t<\/div>\n\t\t\t\t<div class=\"elementor-element elementor-element-42c538c elementor-widget elementor-widget-image\" data-id=\"42c538c\" data-element_type=\"widget\" data-e-type=\"widget\" data-widget_type=\"image.default\">\n\t\t\t\t<div class=\"elementor-widget-container\">\n\t\t\t\t\t\t\t\t\t\t\t\t\t\t\t<img loading=\"lazy\" decoding=\"async\" width=\"532\" height=\"292\" src=\"https:\/\/cps.es\/wp-content\/uploads\/2023\/01\/instalaciones-universitat-valencia-nuevo-centro-transformacion-parque-cientifico.webp\" class=\"attachment-large size-large wp-image-8064\" alt=\"\" srcset=\"https:\/\/cps.es\/wp-content\/uploads\/2023\/01\/instalaciones-universitat-valencia-nuevo-centro-transformacion-parque-cientifico.webp 532w, https:\/\/cps.es\/wp-content\/uploads\/2023\/01\/instalaciones-universitat-valencia-nuevo-centro-transformacion-parque-cientifico-300x165.webp 300w\" sizes=\"(max-width: 532px) 100vw, 532px\" \/>\t\t\t\t\t\t\t\t\t\t\t\t\t\t\t<\/div>\n\t\t\t\t<\/div>\n\t\t\t\t\t<\/div>\n\t\t<\/div>\n\t\t\t\t\t<\/div>\n\t\t<\/section>\n\t\t\t\t<section class=\"elementor-section elementor-inner-section elementor-element elementor-element-a086848 elementor-section-boxed elementor-section-height-default elementor-section-height-default\" data-id=\"a086848\" data-element_type=\"section\" data-e-type=\"section\">\n\t\t\t\t\t\t<div class=\"elementor-container elementor-column-gap-default\">\n\t\t\t\t\t<div class=\"elementor-column elementor-col-50 elementor-inner-column elementor-element elementor-element-31222be elementor-invisible\" data-id=\"31222be\" data-element_type=\"column\" data-e-type=\"column\" data-settings=\"{&quot;animation&quot;:&quot;fadeInUp&quot;,&quot;animation_delay&quot;:300}\">\n\t\t\t<div class=\"elementor-widget-wrap elementor-element-populated\">\n\t\t\t\t\t\t<div class=\"elementor-element elementor-element-ae229e7 elementor-widget__width-initial elementor-widget-tablet__width-initial elementor-invisible elementor-widget elementor-widget-text-editor\" data-id=\"ae229e7\" data-element_type=\"widget\" data-e-type=\"widget\" data-settings=\"{&quot;_animation&quot;:&quot;fadeInDown&quot;}\" data-widget_type=\"text-editor.default\">\n\t\t\t\t<div class=\"elementor-widget-container\">\n\t\t\t\t\t\t\t\t\t<h2 style=\"text-align: justify;\">R\u00e9novation de la climatisation de la salle Joan Pla\u00e7a et de l&#8217;herbier du jardin botanique de Valence.<\/h2>\n\t\t\t\t\t\t\t\t<\/div>\n\t\t\t\t<\/div>\n\t\t\t\t<div class=\"elementor-element elementor-element-91f3881 elementor-widget elementor-widget-image\" data-id=\"91f3881\" data-element_type=\"widget\" data-e-type=\"widget\" data-widget_type=\"image.default\">\n\t\t\t\t<div class=\"elementor-widget-container\">\n\t\t\t\t\t\t\t\t\t\t\t\t\t\t\t<img loading=\"lazy\" decoding=\"async\" width=\"1000\" height=\"750\" src=\"https:\/\/cps.es\/wp-content\/uploads\/2023\/01\/instalaciones-universitat-valencia-jardin-botanico-valencia.webp\" class=\"attachment-large size-large wp-image-8056\" alt=\"\" srcset=\"https:\/\/cps.es\/wp-content\/uploads\/2023\/01\/instalaciones-universitat-valencia-jardin-botanico-valencia.webp 1000w, https:\/\/cps.es\/wp-content\/uploads\/2023\/01\/instalaciones-universitat-valencia-jardin-botanico-valencia-300x225.webp 300w, https:\/\/cps.es\/wp-content\/uploads\/2023\/01\/instalaciones-universitat-valencia-jardin-botanico-valencia-768x576.webp 768w, https:\/\/cps.es\/wp-content\/uploads\/2023\/01\/instalaciones-universitat-valencia-jardin-botanico-valencia-650x488.webp 650w\" sizes=\"(max-width: 1000px) 100vw, 1000px\" \/>\t\t\t\t\t\t\t\t\t\t\t\t\t\t\t<\/div>\n\t\t\t\t<\/div>\n\t\t\t\t\t<\/div>\n\t\t<\/div>\n\t\t\t\t<div class=\"elementor-column elementor-col-50 elementor-inner-column elementor-element elementor-element-5d5958c\" data-id=\"5d5958c\" data-element_type=\"column\" data-e-type=\"column\">\n\t\t\t<div class=\"elementor-widget-wrap elementor-element-populated\">\n\t\t\t\t\t\t<div class=\"elementor-element elementor-element-f462987 elementor-widget__width-initial elementor-widget-tablet__width-initial elementor-invisible elementor-widget elementor-widget-text-editor\" data-id=\"f462987\" data-element_type=\"widget\" data-e-type=\"widget\" data-settings=\"{&quot;_animation&quot;:&quot;fadeInDown&quot;}\" data-widget_type=\"text-editor.default\">\n\t\t\t\t<div class=\"elementor-widget-container\">\n\t\t\t\t\t\t\t\t\t<p style=\"text-align: justify;\">Le projet de construction pour la r\u00e9forme de la climatisation de la salle Joan Pla\u00e7a et de l&#8217;Herbier dans le b\u00e2timent de recherche du Jardin botanique de Valence est \u00e9labor\u00e9.<\/p>\n<p style=\"text-align: justify;\">Le projet comprend le remplacement des toitures existantes sur le toit du b\u00e2timent par de nouvelles toitures conformes au r\u00e8glement sur les installations thermiques dans les b\u00e2timents. Les besoins particuliers de temp\u00e9rature et d&#8217;humidit\u00e9 requis \u00e0 l&#8217;int\u00e9rieur de l&#8217;herbier pour la conservation des plantes doivent \u00eatre pris en compte. Le nouvel \u00e9quipement est int\u00e9gr\u00e9 au syst\u00e8me de contr\u00f4le du b\u00e2timent.<\/p>\n<p style=\"text-align: justify;\">L&#8217;ensemble du r\u00e9seau de gaines est remplac\u00e9, adapt\u00e9 aux d\u00e9bits d&#8217;air des nouveaux \u00e9quipements, ainsi que le remplacement des \u00e9l\u00e9ments de diffusion et de reprise. Le nouvel \u00e9quipement est situ\u00e9 \u00e0 l&#8217;endroit o\u00f9 se trouve l&#8217;\u00e9quipement existant et est soutenu sur le toit par une sous-structure m\u00e9tallique, sans qu&#8217;il soit n\u00e9cessaire de percer des trous dans le toit.<\/p>\n<p style=\"text-align: justify;\">En outre, des mesures sont prises concernant l&#8217;installation \u00e9lectrique. Il est propos\u00e9 d&#8217;installer un nouveau panneau de climatisation secondaire sur le toit, \u00e0 partir duquel les nouveaux \u00e9quipements seront aliment\u00e9s. Le tableau de distribution est con\u00e7u avec suffisamment d&#8217;espace pour pouvoir alimenter \u00e0 l&#8217;avenir tous les \u00e9quipements existants sur le toit, ce qui n&#8217;est pas l&#8217;objet du projet.<\/p>\n\t\t\t\t\t\t\t\t<\/div>\n\t\t\t\t<\/div>\n\t\t\t\t\t<\/div>\n\t\t<\/div>\n\t\t\t\t\t<\/div>\n\t\t<\/section>\n\t\t\t\t\t<\/div>\n\t\t<\/div>\n\t\t\t\t\t<\/div>\n\t\t<\/div>\n\t\t\t\t<section class=\"elementor-section elementor-top-section elementor-element elementor-element-aacd914 elementor-section-boxed elementor-section-height-default elementor-section-height-default\" data-id=\"aacd914\" data-element_type=\"section\" data-e-type=\"section\">\n\t\t\t\t\t\t<div class=\"elementor-container elementor-column-gap-default\">\n\t\t\t\t\t<div class=\"elementor-column elementor-col-50 elementor-top-column elementor-element elementor-element-3354dc9 bdt-backdrop-filter-yes\" data-id=\"3354dc9\" data-element_type=\"column\" data-e-type=\"column\">\n\t\t\t<div class=\"elementor-widget-wrap elementor-element-populated\">\n\t\t\t\t\t\t<div class=\"elementor-element elementor-element-7ffa77c elementor-widget elementor-widget-heading\" data-id=\"7ffa77c\" data-element_type=\"widget\" data-e-type=\"widget\" data-widget_type=\"heading.default\">\n\t\t\t\t<div class=\"elementor-widget-container\">\n\t\t\t\t\t<h2 class=\"elementor-heading-title elementor-size-default\">Installations de l'Universit\u00e9 de Valence  <\/h2>\t\t\t\t<\/div>\n\t\t\t\t<\/div>\n\t\t\t\t\t<\/div>\n\t\t<\/div>\n\t\t\t\t<div class=\"elementor-column elementor-col-50 elementor-top-column elementor-element elementor-element-11fc32a\" data-id=\"11fc32a\" data-element_type=\"column\" data-e-type=\"column\">\n\t\t\t<div class=\"elementor-widget-wrap elementor-element-populated\">\n\t\t\t\t\t\t<div class=\"elementor-element elementor-element-f521bfb animated-slow elementor-invisible elementor-widget elementor-widget-bdt-timeline\" data-id=\"f521bfb\" data-element_type=\"widget\" data-e-type=\"widget\" data-settings=\"{&quot;_animation&quot;:&quot;fadeInUp&quot;}\" data-widget_type=\"bdt-timeline.default\">\n\t\t\t\t<div class=\"elementor-widget-container\">\n\t\t\t\t\t        <div id=\"bdt-timeline-f521bfb\" class=\"bdt-timeline bdt-timeline-skin-default bdt-timeline-left\">\n            <div class=\"bdt-grid bdt-grid-collapse\" bdt-grid>\n                \n\n                    <div class=\" bdt-timeline-item left-part\">\n\n                        <div class=\"bdt-timeline-item-main-wrapper\">\n                            <div class=\"bdt-timeline-line\">\n                                <span><\/span>\n                            <\/div>\n                            <div class=\"bdt-timeline-item-main-container\">\n                                \n                                <div class=\"bdt-timeline-icon\" >\n\n                                    <span>\n\n                                        \n                                    <\/span>\n\n                                <\/div>\n                                        <div class=\"bdt-timeline-item-main\" >\n            <span class=\"bdt-timeline-arrow\"><\/span>\n\n            \n            <div class=\"bdt-timeline-desc bdt-padding\">\n                        <h3 class=\"bdt-timeline-title\">\n                            <span>Localizaci\u00f3n<\/span>\n                    <\/h3>\n                                                <div class=\"bdt-timeline-excerpt\">\n                <p>Valencia, Espa\u00f1a<\/p>            <\/div>\n                                    <\/div>\n        <\/div>\n                                <\/div>\n                        <\/div>\n                    <\/div>\n\n                    \n                \n\n                    <div class=\" bdt-timeline-item right-part\">\n\n                        <div class=\"bdt-timeline-item-main-wrapper\">\n                            <div class=\"bdt-timeline-line\">\n                                <span><\/span>\n                            <\/div>\n                            <div class=\"bdt-timeline-item-main-container\">\n                                \n                                <div class=\"bdt-timeline-icon\" >\n\n                                    <span>\n\n                                        \n                                    <\/span>\n\n                                <\/div>\n                                        <div class=\"bdt-timeline-item-main\" >\n            <span class=\"bdt-timeline-arrow\"><\/span>\n\n            \n            <div class=\"bdt-timeline-desc bdt-padding\">\n                        <h3 class=\"bdt-timeline-title\">\n                            <span>Cliente<\/span>\n                    <\/h3>\n                                                <div class=\"bdt-timeline-excerpt\">\n                <p>Universitat de Val\u00e8ncia<\/p>            <\/div>\n                                    <\/div>\n        <\/div>\n                                <\/div>\n                        <\/div>\n                    <\/div>\n\n                    \n                \n                \n            <\/div>\n        <\/div>\n\t\t\t\t<\/div>\n\t\t\t\t<\/div>\n\t\t\t\t\t<\/div>\n\t\t<\/div>\n\t\t\t\t\t<\/div>\n\t\t<\/section>\n\t\t\t\t<section class=\"elementor-section elementor-top-section elementor-element elementor-element-1f7507c elementor-section-height-min-height elementor-section-stretched elementor-section-boxed elementor-section-height-default elementor-section-items-middle\" data-id=\"1f7507c\" data-element_type=\"section\" data-e-type=\"section\" data-settings=\"{&quot;stretch_section&quot;:&quot;section-stretched&quot;}\">\n\t\t\t\t\t\t<div class=\"elementor-container elementor-column-gap-custom\">\n\t\t\t\t\t<div class=\"elementor-column elementor-col-100 elementor-top-column elementor-element elementor-element-7784c0f\" data-id=\"7784c0f\" data-element_type=\"column\" data-e-type=\"column\">\n\t\t\t<div class=\"elementor-widget-wrap elementor-element-populated\">\n\t\t\t\t\t\t<div class=\"elementor-element elementor-element-3877aaa elementor-widget__width-initial elementor-widget-tablet__width-initial ui-e-a-animate elementor-invisible elementor-widget elementor-widget-highlighted-text\" data-id=\"3877aaa\" data-element_type=\"widget\" data-e-type=\"widget\" data-settings=\"{&quot;_animation&quot;:&quot;fadeInDown&quot;}\" data-widget_type=\"highlighted-text.default\">\n\t\t\t\t<div class=\"elementor-widget-container\">\n\t\t\t\t\t\t\t<h2 class=\"ui-e--highlighted-text\" >\n        <span class=\"ui-e-headline-text\">Proyectos relacionados<\/span>         <\/h2>\n        \t\t\t\t<\/div>\n\t\t\t\t<\/div>\n\t\t\t\t\t<\/div>\n\t\t<\/div>\n\t\t\t\t\t<\/div>\n\t\t<\/section>\n\t\t\t\t<\/div>\n\t\t","protected":false},"excerpt":{"rendered":"<p>Installations de l&#8217;Universit\u00e9 de Valence CPS, par le biais de l&#8217;accord-cadre avec l&#8217;Universit\u00e9 de Valence, a r\u00e9alis\u00e9 diff\u00e9rents projets dans les diff\u00e9rents [&hellip;]<\/p>\n","protected":false},"author":9,"featured_media":8050,"menu_order":0,"comment_status":"open","ping_status":"closed","template":"","meta":{"footnotes":""},"portfolio_category":[119],"class_list":["post-9309","portfolio","type-portfolio","status-publish","has-post-thumbnail","hentry","portfolio_category-instalaciones-fr"],"_links":{"self":[{"href":"https:\/\/cps.es\/fr\/wp-json\/wp\/v2\/portfolio\/9309","targetHints":{"allow":["GET"]}}],"collection":[{"href":"https:\/\/cps.es\/fr\/wp-json\/wp\/v2\/portfolio"}],"about":[{"href":"https:\/\/cps.es\/fr\/wp-json\/wp\/v2\/types\/portfolio"}],"author":[{"embeddable":true,"href":"https:\/\/cps.es\/fr\/wp-json\/wp\/v2\/users\/9"}],"replies":[{"embeddable":true,"href":"https:\/\/cps.es\/fr\/wp-json\/wp\/v2\/comments?post=9309"}],"version-history":[{"count":3,"href":"https:\/\/cps.es\/fr\/wp-json\/wp\/v2\/portfolio\/9309\/revisions"}],"predecessor-version":[{"id":9775,"href":"https:\/\/cps.es\/fr\/wp-json\/wp\/v2\/portfolio\/9309\/revisions\/9775"}],"wp:featuredmedia":[{"embeddable":true,"href":"https:\/\/cps.es\/fr\/wp-json\/wp\/v2\/media\/8050"}],"wp:attachment":[{"href":"https:\/\/cps.es\/fr\/wp-json\/wp\/v2\/media?parent=9309"}],"wp:term":[{"taxonomy":"portfolio_category","embeddable":true,"href":"https:\/\/cps.es\/fr\/wp-json\/wp\/v2\/portfolio_category?post=9309"}],"curies":[{"name":"wp","href":"https:\/\/api.w.org\/{rel}","templated":true}]}}