{"id":9441,"date":"2023-02-23T14:57:08","date_gmt":"2023-02-23T14:57:08","guid":{"rendered":"https:\/\/cps.es\/portfolio\/residence-pour-personnes-agees-dependantes-de-vall-duixo\/"},"modified":"2023-03-08T09:46:41","modified_gmt":"2023-03-08T09:46:41","slug":"residence-pour-personnes-agees-dependantes-de-vall-duixo","status":"publish","type":"portfolio","link":"https:\/\/cps.es\/fr\/portfolio\/residence-pour-personnes-agees-dependantes-de-vall-duixo\/","title":{"rendered":"R\u00e9sidence pour personnes \u00e2g\u00e9es d\u00e9pendantes de Vall D&#8217;Uixo"},"content":{"rendered":"\t\t<div data-elementor-type=\"wp-post\" data-elementor-id=\"9441\" class=\"elementor elementor-9441 elementor-6118\" data-elementor-post-type=\"portfolio\">\n\t\t\t\t\t\t<section class=\"elementor-section elementor-top-section elementor-element elementor-element-555ae3b3 elementor-section-boxed elementor-section-height-default elementor-section-height-default\" data-id=\"555ae3b3\" data-element_type=\"section\" data-e-type=\"section\">\n\t\t\t\t\t\t<div class=\"elementor-container elementor-column-gap-default\">\n\t\t\t\t\t<div class=\"elementor-column elementor-col-50 elementor-top-column elementor-element elementor-element-8014629\" data-id=\"8014629\" data-element_type=\"column\" data-e-type=\"column\">\n\t\t\t<div class=\"elementor-widget-wrap elementor-element-populated\">\n\t\t\t\t\t\t<div class=\"elementor-element elementor-element-634f2be6 elementor-widget__width-initial elementor-widget-tablet__width-initial elementor-widget elementor-widget-heading\" data-id=\"634f2be6\" data-element_type=\"widget\" data-e-type=\"widget\" data-widget_type=\"heading.default\">\n\t\t\t\t<div class=\"elementor-widget-container\">\n\t\t\t\t\t<h1 class=\"elementor-heading-title elementor-size-default\">R\u00e9sidence pour personnes \u00e2g\u00e9es d\u00e9pendantes de Vall D'Uixo<\/h1>\t\t\t\t<\/div>\n\t\t\t\t<\/div>\n\t\t\t\t<div class=\"elementor-element elementor-element-229af156 elementor-widget elementor-widget-spacer\" data-id=\"229af156\" data-element_type=\"widget\" data-e-type=\"widget\" data-widget_type=\"spacer.default\">\n\t\t\t\t<div class=\"elementor-widget-container\">\n\t\t\t\t\t\t\t<div class=\"elementor-spacer\">\n\t\t\t<div class=\"elementor-spacer-inner\"><\/div>\n\t\t<\/div>\n\t\t\t\t\t\t<\/div>\n\t\t\t\t<\/div>\n\t\t\t\t<div class=\"elementor-element elementor-element-59a45a40 elementor-widget__width-initial elementor-widget elementor-widget-text-editor\" data-id=\"59a45a40\" data-element_type=\"widget\" data-e-type=\"widget\" data-widget_type=\"text-editor.default\">\n\t\t\t\t<div class=\"elementor-widget-container\">\n\t\t\t\t\t\t\t\t\t<p style=\"text-align: justify;\">CPS r\u00e9alise l&#8217;\u00e9laboration du Projet de Construction et la Direction des Travaux du nouveau b\u00e2timent de la R\u00e9sidence pour Personnes Ag\u00e9es D\u00e9pendantes de Vall D&#8217;Uixo.<\/p>\n\t\t\t\t\t\t\t\t<\/div>\n\t\t\t\t<\/div>\n\t\t\t\t\t<\/div>\n\t\t<\/div>\n\t\t\t\t<div class=\"elementor-column elementor-col-50 elementor-top-column elementor-element elementor-element-2ee1fe9f animated-fast elementor-invisible\" data-id=\"2ee1fe9f\" data-element_type=\"column\" data-e-type=\"column\" data-settings=\"{&quot;animation&quot;:&quot;fadeInUp&quot;}\">\n\t\t\t<div class=\"elementor-widget-wrap elementor-element-populated\">\n\t\t\t\t\t\t<div class=\"elementor-element elementor-element-b71e898 elementor-widget elementor-widget-image\" data-id=\"b71e898\" data-element_type=\"widget\" data-e-type=\"widget\" data-widget_type=\"image.default\">\n\t\t\t\t<div class=\"elementor-widget-container\">\n\t\t\t\t\t\t\t\t\t\t\t\t\t\t\t<img fetchpriority=\"high\" decoding=\"async\" width=\"1000\" height=\"783\" src=\"https:\/\/cps.es\/wp-content\/uploads\/2023\/02\/01-residencia-mayores-vall-duixo-arquitectura.webp\" class=\"attachment-full size-full wp-image-8352\" alt=\"\" srcset=\"https:\/\/cps.es\/wp-content\/uploads\/2023\/02\/01-residencia-mayores-vall-duixo-arquitectura.webp 1000w, https:\/\/cps.es\/wp-content\/uploads\/2023\/02\/01-residencia-mayores-vall-duixo-arquitectura-300x235.webp 300w, https:\/\/cps.es\/wp-content\/uploads\/2023\/02\/01-residencia-mayores-vall-duixo-arquitectura-768x601.webp 768w, https:\/\/cps.es\/wp-content\/uploads\/2023\/02\/01-residencia-mayores-vall-duixo-arquitectura-650x509.webp 650w\" sizes=\"(max-width: 1000px) 100vw, 1000px\" \/>\t\t\t\t\t\t\t\t\t\t\t\t\t\t\t<\/div>\n\t\t\t\t<\/div>\n\t\t\t\t<div class=\"elementor-element elementor-element-6087b02d elementor-widget__width-initial elementor-absolute elementor-widget elementor-widget-spacer\" data-id=\"6087b02d\" data-element_type=\"widget\" data-e-type=\"widget\" data-settings=\"{&quot;_position&quot;:&quot;absolute&quot;}\" data-widget_type=\"spacer.default\">\n\t\t\t\t<div class=\"elementor-widget-container\">\n\t\t\t\t\t\t\t<div class=\"elementor-spacer\">\n\t\t\t<div class=\"elementor-spacer-inner\"><\/div>\n\t\t<\/div>\n\t\t\t\t\t\t<\/div>\n\t\t\t\t<\/div>\n\t\t\t\t<div class=\"elementor-element elementor-element-68683deb elementor-widget__width-auto elementor-absolute elementor-widget elementor-widget-image\" data-id=\"68683deb\" data-element_type=\"widget\" data-e-type=\"widget\" data-settings=\"{&quot;_position&quot;:&quot;absolute&quot;}\" data-widget_type=\"image.default\">\n\t\t\t\t<div class=\"elementor-widget-container\">\n\t\t\t\t\t\t\t\t\t\t\t\t\t\t\t<img decoding=\"async\" width=\"300\" height=\"544\" src=\"https:\/\/cps.es\/wp-content\/uploads\/2022\/09\/Team-Innovation-BG-Element.webp\" class=\"attachment-full size-full wp-image-7300\" alt=\"\" srcset=\"https:\/\/cps.es\/wp-content\/uploads\/2022\/09\/Team-Innovation-BG-Element.webp 300w, https:\/\/cps.es\/wp-content\/uploads\/2022\/09\/Team-Innovation-BG-Element-165x300.webp 165w\" sizes=\"(max-width: 300px) 100vw, 300px\" \/>\t\t\t\t\t\t\t\t\t\t\t\t\t\t\t<\/div>\n\t\t\t\t<\/div>\n\t\t\t\t\t<\/div>\n\t\t<\/div>\n\t\t\t\t\t<\/div>\n\t\t<\/section>\n\t\t\t\t<div class=\"elementor-section elementor-top-section elementor-element elementor-element-fc716d5 elementor-section-boxed elementor-section-height-default elementor-section-height-default\" data-id=\"fc716d5\" data-element_type=\"section\" data-e-type=\"section\" data-settings=\"{&quot;background_background&quot;:&quot;classic&quot;}\">\n\t\t\t\t\t\t<div class=\"elementor-container elementor-column-gap-default\">\n\t\t\t\t\t<div class=\"elementor-column elementor-col-100 elementor-top-column elementor-element elementor-element-5438a27\" data-id=\"5438a27\" data-element_type=\"column\" data-e-type=\"column\">\n\t\t\t<div class=\"elementor-widget-wrap elementor-element-populated\">\n\t\t\t\t\t\t<section class=\"elementor-section elementor-inner-section elementor-element elementor-element-ab4d3e0 elementor-section-boxed elementor-section-height-default elementor-section-height-default\" data-id=\"ab4d3e0\" data-element_type=\"section\" data-e-type=\"section\">\n\t\t\t\t\t\t<div class=\"elementor-container elementor-column-gap-default\">\n\t\t\t\t\t<div class=\"elementor-column elementor-col-50 elementor-inner-column elementor-element elementor-element-01a3d1f\" data-id=\"01a3d1f\" data-element_type=\"column\" data-e-type=\"column\">\n\t\t\t<div class=\"elementor-widget-wrap elementor-element-populated\">\n\t\t\t\t\t\t<div class=\"elementor-element elementor-element-41ba6f4 elementor-widget__width-initial elementor-widget-tablet__width-initial elementor-invisible elementor-widget elementor-widget-text-editor\" data-id=\"41ba6f4\" data-element_type=\"widget\" data-e-type=\"widget\" data-settings=\"{&quot;_animation&quot;:&quot;fadeInDown&quot;}\" data-widget_type=\"text-editor.default\">\n\t\t\t\t<div class=\"elementor-widget-container\">\n\t\t\t\t\t\t\t\t\t<p style=\"text-align: justify;\">Dans la municipalit\u00e9 de Vall D&#8217;Uixo, dans la province de Castell\u00f3n, un nouveau b\u00e2timent a \u00e9t\u00e9 con\u00e7u pour accueillir une r\u00e9sidence pour personnes \u00e2g\u00e9es d\u00e9pendantes. Il est situ\u00e9 sur un terrain urbain \u00e0 moins de 10 km de la c\u00f4te et \u00e0 une altitude d&#8217;environ 118 m\u00e8tres. Il s&#8217;agit d&#8217;un b\u00e2timent ind\u00e9pendant, entour\u00e9 d&#8217;espaces verts, de construction r\u00e9cente et pr\u00e9vu pour une capacit\u00e9 maximale de 120 lits.<\/p>\n\t\t\t\t\t\t\t\t<\/div>\n\t\t\t\t<\/div>\n\t\t\t\t\t<\/div>\n\t\t<\/div>\n\t\t\t\t<div class=\"elementor-column elementor-col-50 elementor-inner-column elementor-element elementor-element-811c1c4 elementor-invisible\" data-id=\"811c1c4\" data-element_type=\"column\" data-e-type=\"column\" data-settings=\"{&quot;animation&quot;:&quot;fadeInUp&quot;,&quot;animation_delay&quot;:300}\">\n\t\t\t<div class=\"elementor-widget-wrap elementor-element-populated\">\n\t\t\t\t\t\t<div class=\"elementor-element elementor-element-30e461e elementor-widget elementor-widget-image\" data-id=\"30e461e\" data-element_type=\"widget\" data-e-type=\"widget\" data-widget_type=\"image.default\">\n\t\t\t\t<div class=\"elementor-widget-container\">\n\t\t\t\t\t\t\t\t\t\t\t\t\t\t\t<img decoding=\"async\" width=\"906\" height=\"563\" src=\"https:\/\/cps.es\/wp-content\/uploads\/2023\/02\/02-residencia-mayores-vall-duixo-arquitectura.webp\" class=\"attachment-large size-large wp-image-8350\" alt=\"\" srcset=\"https:\/\/cps.es\/wp-content\/uploads\/2023\/02\/02-residencia-mayores-vall-duixo-arquitectura.webp 906w, https:\/\/cps.es\/wp-content\/uploads\/2023\/02\/02-residencia-mayores-vall-duixo-arquitectura-300x186.webp 300w, https:\/\/cps.es\/wp-content\/uploads\/2023\/02\/02-residencia-mayores-vall-duixo-arquitectura-768x477.webp 768w, https:\/\/cps.es\/wp-content\/uploads\/2023\/02\/02-residencia-mayores-vall-duixo-arquitectura-650x404.webp 650w\" sizes=\"(max-width: 906px) 100vw, 906px\" \/>\t\t\t\t\t\t\t\t\t\t\t\t\t\t\t<\/div>\n\t\t\t\t<\/div>\n\t\t\t\t\t<\/div>\n\t\t<\/div>\n\t\t\t\t\t<\/div>\n\t\t<\/section>\n\t\t\t\t<section class=\"elementor-section elementor-inner-section elementor-element elementor-element-4852704 elementor-section-boxed elementor-section-height-default elementor-section-height-default\" data-id=\"4852704\" data-element_type=\"section\" data-e-type=\"section\">\n\t\t\t\t\t\t<div class=\"elementor-container elementor-column-gap-default\">\n\t\t\t\t\t<div class=\"elementor-column elementor-col-50 elementor-inner-column elementor-element elementor-element-8be0d40 elementor-invisible\" data-id=\"8be0d40\" data-element_type=\"column\" data-e-type=\"column\" data-settings=\"{&quot;animation&quot;:&quot;fadeInUp&quot;,&quot;animation_delay&quot;:300}\">\n\t\t\t<div class=\"elementor-widget-wrap elementor-element-populated\">\n\t\t\t\t\t\t<div class=\"elementor-element elementor-element-c2f3c58 elementor-widget elementor-widget-image\" data-id=\"c2f3c58\" data-element_type=\"widget\" data-e-type=\"widget\" data-widget_type=\"image.default\">\n\t\t\t\t<div class=\"elementor-widget-container\">\n\t\t\t\t\t\t\t\t\t\t\t\t\t\t\t<img loading=\"lazy\" decoding=\"async\" width=\"1000\" height=\"673\" src=\"https:\/\/cps.es\/wp-content\/uploads\/2023\/02\/03-residencia-mayores-vall-duixo-arquitectura.webp\" class=\"attachment-large size-large wp-image-8354\" alt=\"\" srcset=\"https:\/\/cps.es\/wp-content\/uploads\/2023\/02\/03-residencia-mayores-vall-duixo-arquitectura.webp 1000w, https:\/\/cps.es\/wp-content\/uploads\/2023\/02\/03-residencia-mayores-vall-duixo-arquitectura-300x202.webp 300w, https:\/\/cps.es\/wp-content\/uploads\/2023\/02\/03-residencia-mayores-vall-duixo-arquitectura-768x517.webp 768w, https:\/\/cps.es\/wp-content\/uploads\/2023\/02\/03-residencia-mayores-vall-duixo-arquitectura-650x437.webp 650w\" sizes=\"(max-width: 1000px) 100vw, 1000px\" \/>\t\t\t\t\t\t\t\t\t\t\t\t\t\t\t<\/div>\n\t\t\t\t<\/div>\n\t\t\t\t\t<\/div>\n\t\t<\/div>\n\t\t\t\t<div class=\"elementor-column elementor-col-50 elementor-inner-column elementor-element elementor-element-48ae513\" data-id=\"48ae513\" data-element_type=\"column\" data-e-type=\"column\">\n\t\t\t<div class=\"elementor-widget-wrap elementor-element-populated\">\n\t\t\t\t\t\t<div class=\"elementor-element elementor-element-8b48938 elementor-widget__width-initial elementor-widget-tablet__width-initial elementor-invisible elementor-widget elementor-widget-text-editor\" data-id=\"8b48938\" data-element_type=\"widget\" data-e-type=\"widget\" data-settings=\"{&quot;_animation&quot;:&quot;fadeInDown&quot;}\" data-widget_type=\"text-editor.default\">\n\t\t\t\t<div class=\"elementor-widget-container\">\n\t\t\t\t\t\t\t\t\t<p style=\"text-align: justify;\">Il s&#8217;agit d&#8217;un centre de services sociaux sp\u00e9cialis\u00e9s dans la prise en charge des personnes \u00e2g\u00e9es, qui propose un h\u00e9bergement stable accompagn\u00e9 d&#8217;une assistance sociale, d&#8217;un soutien pour l&#8217;accomplissement des activit\u00e9s de la vie quotidienne, de soins de sant\u00e9, d&#8217;une r\u00e9habilitation des capacit\u00e9s et d&#8217;une prise en charge g\u00e9riatrique compl\u00e8te, en fonction du niveau de d\u00e9pendance des utilisateurs. Il est distribu\u00e9 en rez-de-chauss\u00e9e + 4 \u00e9tages, avec 1 \u00e9tage de parking. La surface totale construite est de 5.711 m\u00b2 et le terrain de 2.507 m\u00b2. Il dispose d&#8217;espaces paysagers d&#8217;une superficie de 754 m\u00b2.<\/p>\n<p style=\"text-align: justify;\">Le b\u00e2timent a \u00e9t\u00e9 con\u00e7u selon des crit\u00e8res environnementaux durables, qui seront certifi\u00e9s \u00e0 la fin des travaux, avec le niveau BREEAM &#8220;Very Good&#8221;.<\/p>\n\t\t\t\t\t\t\t\t<\/div>\n\t\t\t\t<\/div>\n\t\t\t\t\t<\/div>\n\t\t<\/div>\n\t\t\t\t\t<\/div>\n\t\t<\/section>\n\t\t\t\t\t<\/div>\n\t\t<\/div>\n\t\t\t\t\t<\/div>\n\t\t<\/div>\n\t\t\t\t<section class=\"elementor-section elementor-top-section elementor-element elementor-element-782f5d8 elementor-section-boxed elementor-section-height-default elementor-section-height-default\" data-id=\"782f5d8\" data-element_type=\"section\" data-e-type=\"section\">\n\t\t\t\t\t\t<div class=\"elementor-container elementor-column-gap-default\">\n\t\t\t\t\t<div class=\"elementor-column elementor-col-50 elementor-top-column elementor-element elementor-element-4db8acc6\" data-id=\"4db8acc6\" data-element_type=\"column\" data-e-type=\"column\">\n\t\t\t<div class=\"elementor-widget-wrap elementor-element-populated\">\n\t\t\t\t\t\t<div class=\"elementor-element elementor-element-269d6fc2 elementor-widget elementor-widget-heading\" data-id=\"269d6fc2\" data-element_type=\"widget\" data-e-type=\"widget\" data-widget_type=\"heading.default\">\n\t\t\t\t<div class=\"elementor-widget-container\">\n\t\t\t\t\t<h2 class=\"elementor-heading-title elementor-size-default\">R\u00e9sidence pour personnes \u00e2g\u00e9es d\u00e9pendantes de Vall D'Uixo<\/h2>\t\t\t\t<\/div>\n\t\t\t\t<\/div>\n\t\t\t\t\t<\/div>\n\t\t<\/div>\n\t\t\t\t<div class=\"elementor-column elementor-col-50 elementor-top-column elementor-element elementor-element-47a5dd43\" data-id=\"47a5dd43\" data-element_type=\"column\" data-e-type=\"column\">\n\t\t\t<div class=\"elementor-widget-wrap elementor-element-populated\">\n\t\t\t\t\t\t<div class=\"elementor-element elementor-element-fedaef7 animated-slow elementor-invisible elementor-widget elementor-widget-bdt-timeline\" data-id=\"fedaef7\" data-element_type=\"widget\" data-e-type=\"widget\" data-settings=\"{&quot;_animation&quot;:&quot;fadeInUp&quot;}\" data-widget_type=\"bdt-timeline.default\">\n\t\t\t\t<div class=\"elementor-widget-container\">\n\t\t\t\t\t        <div id=\"bdt-timeline-fedaef7\" class=\"bdt-timeline bdt-timeline-skin-default bdt-timeline-left\">\n            <div class=\"bdt-grid bdt-grid-collapse\" bdt-grid>\n                \n\n                    <div class=\" bdt-timeline-item left-part\">\n\n                        <div class=\"bdt-timeline-item-main-wrapper\">\n                            <div class=\"bdt-timeline-line\">\n                                <span><\/span>\n                            <\/div>\n                            <div class=\"bdt-timeline-item-main-container\">\n                                \n                                <div class=\"bdt-timeline-icon\" >\n\n                                    <span>\n\n                                                                                                                            \n                                    <\/span>\n\n                                <\/div>\n                                        <div class=\"bdt-timeline-item-main\" >\n            <span class=\"bdt-timeline-arrow\"><\/span>\n\n            \n            <div class=\"bdt-timeline-desc bdt-padding\">\n                        <h3 class=\"bdt-timeline-title\">\n                            <span>Localizaci\u00f3n<\/span>\n                    <\/h3>\n                                                <div class=\"bdt-timeline-excerpt\">\n                <p><span style=\"font-weight: 400;\">Vall D'Uixo, Espa\u00f1a<\/span><\/p>            <\/div>\n                                    <\/div>\n        <\/div>\n                                <\/div>\n                        <\/div>\n                    <\/div>\n\n                    \n                \n\n                    <div class=\" bdt-timeline-item right-part\">\n\n                        <div class=\"bdt-timeline-item-main-wrapper\">\n                            <div class=\"bdt-timeline-line\">\n                                <span><\/span>\n                            <\/div>\n                            <div class=\"bdt-timeline-item-main-container\">\n                                \n                                <div class=\"bdt-timeline-icon\" >\n\n                                    <span>\n\n                                                                                                                            \n                                    <\/span>\n\n                                <\/div>\n                                        <div class=\"bdt-timeline-item-main\" >\n            <span class=\"bdt-timeline-arrow\"><\/span>\n\n            \n            <div class=\"bdt-timeline-desc bdt-padding\">\n                        <h3 class=\"bdt-timeline-title\">\n                            <span>Fecha (inicio-fin)<\/span>\n                    <\/h3>\n                                                <div class=\"bdt-timeline-excerpt\">\n                <p><span style=\"font-weight: 400;\">Mayo 2022 - En ejecuci\u00f3n<\/span><\/p>            <\/div>\n                                    <\/div>\n        <\/div>\n                                <\/div>\n                        <\/div>\n                    <\/div>\n\n                    \n                \n                \n            <\/div>\n        <\/div>\n\t\t\t\t<\/div>\n\t\t\t\t<\/div>\n\t\t\t\t\t<\/div>\n\t\t<\/div>\n\t\t\t\t\t<\/div>\n\t\t<\/section>\n\t\t\t\t<section class=\"elementor-section elementor-top-section elementor-element elementor-element-db77ec4 elementor-section-height-min-height elementor-section-stretched elementor-section-boxed elementor-section-height-default elementor-section-items-middle\" data-id=\"db77ec4\" data-element_type=\"section\" data-e-type=\"section\" data-settings=\"{&quot;stretch_section&quot;:&quot;section-stretched&quot;}\">\n\t\t\t\t\t\t<div class=\"elementor-container elementor-column-gap-custom\">\n\t\t\t\t\t<div class=\"elementor-column elementor-col-100 elementor-top-column elementor-element elementor-element-78e3252\" data-id=\"78e3252\" data-element_type=\"column\" data-e-type=\"column\">\n\t\t\t<div class=\"elementor-widget-wrap elementor-element-populated\">\n\t\t\t\t\t\t<div class=\"elementor-element elementor-element-63a16f8 elementor-widget__width-initial elementor-widget-tablet__width-initial ui-e-a-animate elementor-invisible elementor-widget elementor-widget-highlighted-text\" data-id=\"63a16f8\" data-element_type=\"widget\" data-e-type=\"widget\" data-settings=\"{&quot;_animation&quot;:&quot;fadeInDown&quot;}\" data-widget_type=\"highlighted-text.default\">\n\t\t\t\t<div class=\"elementor-widget-container\">\n\t\t\t\t\t\t\t<h2 class=\"ui-e--highlighted-text\" >\n        <span class=\"ui-e-headline-text\">Proyectos relacionados<\/span>         <\/h2>\n        \t\t\t\t<\/div>\n\t\t\t\t<\/div>\n\t\t\t\t\t<\/div>\n\t\t<\/div>\n\t\t\t\t\t<\/div>\n\t\t<\/section>\n\t\t\t\t<\/div>\n\t\t","protected":false},"excerpt":{"rendered":"<p>R\u00e9sidence pour personnes \u00e2g\u00e9es d\u00e9pendantes de Vall D&#8217;Uixo CPS r\u00e9alise l&#8217;\u00e9laboration du Projet de Construction et la Direction des Travaux du nouveau [&hellip;]<\/p>\n","protected":false},"author":9,"featured_media":8350,"menu_order":0,"comment_status":"open","ping_status":"closed","template":"","meta":{"footnotes":""},"portfolio_category":[112],"class_list":["post-9441","portfolio","type-portfolio","status-publish","has-post-thumbnail","hentry","portfolio_category-arquitectura-fr"],"_links":{"self":[{"href":"https:\/\/cps.es\/fr\/wp-json\/wp\/v2\/portfolio\/9441","targetHints":{"allow":["GET"]}}],"collection":[{"href":"https:\/\/cps.es\/fr\/wp-json\/wp\/v2\/portfolio"}],"about":[{"href":"https:\/\/cps.es\/fr\/wp-json\/wp\/v2\/types\/portfolio"}],"author":[{"embeddable":true,"href":"https:\/\/cps.es\/fr\/wp-json\/wp\/v2\/users\/9"}],"replies":[{"embeddable":true,"href":"https:\/\/cps.es\/fr\/wp-json\/wp\/v2\/comments?post=9441"}],"version-history":[{"count":3,"href":"https:\/\/cps.es\/fr\/wp-json\/wp\/v2\/portfolio\/9441\/revisions"}],"predecessor-version":[{"id":9797,"href":"https:\/\/cps.es\/fr\/wp-json\/wp\/v2\/portfolio\/9441\/revisions\/9797"}],"wp:featuredmedia":[{"embeddable":true,"href":"https:\/\/cps.es\/fr\/wp-json\/wp\/v2\/media\/8350"}],"wp:attachment":[{"href":"https:\/\/cps.es\/fr\/wp-json\/wp\/v2\/media?parent=9441"}],"wp:term":[{"taxonomy":"portfolio_category","embeddable":true,"href":"https:\/\/cps.es\/fr\/wp-json\/wp\/v2\/portfolio_category?post=9441"}],"curies":[{"name":"wp","href":"https:\/\/api.w.org\/{rel}","templated":true}]}}